{"id":6183,"date":"2024-11-27T17:03:20","date_gmt":"2024-11-27T17:03:20","guid":{"rendered":"https:\/\/www.bnz.energy\/team\/"},"modified":"2025-11-21T10:51:28","modified_gmt":"2025-11-21T10:51:28","slug":"equip","status":"publish","type":"page","link":"https:\/\/www.bnz.energy\/ca\/qui-som\/equip\/","title":{"rendered":"Equip"},"content":{"rendered":"<p>[et_pb_section fb_built=&#8221;1&#8243; _builder_version=&#8221;4.27.2&#8243; _module_preset=&#8221;default&#8221; custom_padding=&#8221;40px||20px||false|false&#8221; animation_style=&#8221;flip&#8221; locked=&#8221;off&#8221; global_colors_info=&#8221;{}&#8221;][et_pb_row _builder_version=&#8221;4.27.2&#8243; _module_preset=&#8221;default&#8221; custom_margin=&#8221;0px||0px||false|false&#8221; custom_padding=&#8221;0px||0px||false|false&#8221; global_colors_info=&#8221;{}&#8221;][et_pb_column type=&#8221;4_4&#8243; _builder_version=&#8221;4.27.2&#8243; _module_preset=&#8221;default&#8221; global_colors_info=&#8221;{}&#8221;][dsm_breadcrumbs show_home_icon=&#8221;off&#8221; _builder_version=&#8221;4.27.2&#8243; _module_preset=&#8221;default&#8221; items_text_color=&#8221;#81868b&#8221; current_text_color=&#8221;#F88303&#8243; global_colors_info=&#8221;{}&#8221;][\/dsm_breadcrumbs][\/et_pb_column][\/et_pb_row][\/et_pb_section][et_pb_section fb_built=&#8221;1&#8243; _builder_version=&#8221;4.27.2&#8243; _module_preset=&#8221;default&#8221; background_image=&#8221;https:\/\/www.bnz.energy\/wp-content\/uploads\/2025\/01\/about-us.png&#8221; custom_margin=&#8221;0px||0px||false|false&#8221; custom_padding=&#8221;0px||0px||false|false&#8221; locked=&#8221;off&#8221; global_colors_info=&#8221;{}&#8221;][et_pb_row module_class=&#8221;vend&#8221; _builder_version=&#8221;4.27.2&#8243; _module_preset=&#8221;default&#8221; min_height=&#8221;212px&#8221; custom_margin=&#8221;0px||0px||false|false&#8221; custom_padding=&#8221;40px||40px||false|false&#8221; global_colors_info=&#8221;{}&#8221;][et_pb_column type=&#8221;4_4&#8243; _builder_version=&#8221;4.27.2&#8243; _module_preset=&#8221;default&#8221; global_colors_info=&#8221;{}&#8221;][et_pb_heading title=&#8221;@ET-DC@eyJkeW5hbWljIjp0cnVlLCJjb250ZW50IjoicG9zdF90aXRsZSIsInNldHRpbmdzIjp7ImJlZm9yZSI6IiIsImFmdGVyIjoiIn19@&#8221; _builder_version=&#8221;4.27.2&#8243; _dynamic_attributes=&#8221;title&#8221; _module_preset=&#8221;default&#8221; title_font=&#8221;Poppins|500|||||||&#8221; title_text_color=&#8221;#FFFFFF&#8221; title_font_size=&#8221;40px&#8221; animation_direction=&#8221;left&#8221; global_colors_info=&#8221;{}&#8221;][\/et_pb_heading][\/et_pb_column][\/et_pb_row][\/et_pb_section][et_pb_section fb_built=&#8221;1&#8243; _builder_version=&#8221;4.27.2&#8243; _module_preset=&#8221;default&#8221; global_colors_info=&#8221;{}&#8221;][et_pb_row _builder_version=&#8221;4.27.2&#8243; _module_preset=&#8221;default&#8221; custom_padding=&#8221;0px||0px||false|false&#8221; global_colors_info=&#8221;{}&#8221;][et_pb_column type=&#8221;4_4&#8243; _builder_version=&#8221;4.27.2&#8243; _module_preset=&#8221;default&#8221; global_colors_info=&#8221;{}&#8221;][et_pb_divider divider_weight=&#8221;2px&#8221; _builder_version=&#8221;4.27.2&#8243; _module_preset=&#8221;default&#8221; width=&#8221;40%&#8221; custom_margin=&#8221;10px||15px||false|false&#8221; custom_margin_tablet=&#8221;10px||15px||false|false&#8221; custom_margin_phone=&#8221;10px||0px||false|false&#8221; custom_margin_last_edited=&#8221;on|phone&#8221; custom_padding=&#8221;0px||0px||false|false&#8221; locked=&#8221;off&#8221; global_colors_info=&#8221;{}&#8221;][\/et_pb_divider][et_pb_heading title=&#8221;Un equip inclusiu i eficient de m\u00e9s de quaranta persones amb experi\u00e8ncia en tota la ind\u00fastria de l&#8217;energia renovable.&#8221; _builder_version=&#8221;4.27.2&#8243; _module_preset=&#8221;default&#8221; title_level=&#8221;h2&#8243; title_font=&#8221;Poppins|500|||||||&#8221; title_text_align=&#8221;left&#8221; title_text_color=&#8221;#44505D&#8221; title_font_size=&#8221;28px&#8221; title_line_height=&#8221;181.2%&#8221; width=&#8221;75%&#8221; width_tablet=&#8221;75%&#8221; width_phone=&#8221;100%&#8221; width_last_edited=&#8221;on|phone&#8221; custom_margin=&#8221;||30px||false|false&#8221; custom_padding=&#8221;||0px|0px|false|false&#8221; animation_style=&#8221;zoom&#8221; animation_direction=&#8221;left&#8221; title_font_size_tablet=&#8221;28px&#8221; title_font_size_phone=&#8221;22px&#8221; title_font_size_last_edited=&#8221;on|phone&#8221; locked=&#8221;off&#8221; global_colors_info=&#8221;{}&#8221;][\/et_pb_heading][\/et_pb_column][\/et_pb_row][\/et_pb_section][et_pb_section fb_built=&#8221;1&#8243; _builder_version=&#8221;4.27.2&#8243; _module_preset=&#8221;default&#8221; custom_padding=&#8221;0px||0px||false|false&#8221; locked=&#8221;off&#8221; collapsed=&#8221;off&#8221; global_colors_info=&#8221;{}&#8221;][et_pb_row _builder_version=&#8221;4.27.2&#8243; _module_preset=&#8221;default&#8221; custom_padding=&#8221;0px||0px||false|false&#8221; global_colors_info=&#8221;{}&#8221;][et_pb_column type=&#8221;4_4&#8243; _builder_version=&#8221;4.27.2&#8243; _module_preset=&#8221;default&#8221; global_colors_info=&#8221;{}&#8221;][et_pb_heading title=&#8221;Membres del Consell Executiu BNZ BV&#8221; admin_label=&#8221;Board Members&#8221; _builder_version=&#8221;4.27.2&#8243; _module_preset=&#8221;default&#8221; title_level=&#8221;h2&#8243; title_font=&#8221;Poppins|600|||||||&#8221; title_text_align=&#8221;left&#8221; title_text_color=&#8221;#44505D&#8221; title_font_size=&#8221;28px&#8221; title_line_height=&#8221;181.2%&#8221; custom_margin=&#8221;0px||0px||false|false&#8221; custom_padding=&#8221;13px||0px|28px|false|false&#8221; animation_direction=&#8221;left&#8221; title_font_size_tablet=&#8221;28px&#8221; title_font_size_phone=&#8221;22px&#8221; title_font_size_last_edited=&#8221;on|phone&#8221; border_width_left=&#8221;2px&#8221; border_color_left=&#8221;#F88303&#8243; global_colors_info=&#8221;{}&#8221;][\/et_pb_heading][\/et_pb_column][\/et_pb_row][\/et_pb_section][et_pb_section fb_built=&#8221;1&#8243; _builder_version=&#8221;4.27.2&#8243; _module_preset=&#8221;default&#8221; background_color=&#8221;RGBA(255,255,255,0)&#8221; locked=&#8221;off&#8221; collapsed=&#8221;off&#8221; global_colors_info=&#8221;{}&#8221;][et_pb_row _builder_version=&#8221;4.27.2&#8243; _module_preset=&#8221;default&#8221; custom_padding=&#8221;0px||0px||false|false&#8221; global_colors_info=&#8221;{}&#8221;][et_pb_column type=&#8221;4_4&#8243; _builder_version=&#8221;4.27.2&#8243; _module_preset=&#8221;default&#8221; global_colors_info=&#8221;{}&#8221;][et_pb_text admin_label=&#8221;Text&#8221; _builder_version=&#8221;4.27.2&#8243; _module_preset=&#8221;default&#8221; custom_css_free_form=&#8221;@media only screen and (max-width: 600px){||  .team-grid{||    display:block;||  }||  div.team-item{||    width: 100%;||  }||}&#8221; global_colors_info=&#8221;{}&#8221;]<\/p>\n<div class=\"team-grid\"><div class=\"team-item col span_4\" style=\"cursor:pointer;\" data-post-id=\"\" data-popup-open=\"3121\" data-content=\"\n\t\t&lt;div class=&quot;modal-content&quot;&gt;\n\t\t\t&lt;div class=&quot;modal-left&quot;&gt;\n\t\t\t\t&lt;div class=&quot;team-image-listado&quot;&gt;&lt;img src=&quot;https:\/\/www.bnz.energy\/wp-content\/uploads\/2024\/11\/jordi-3-e1742223735821.jpg&quot; alt=&quot;Imagen listado&quot;&gt;&lt;\/div&gt;\n\t\t\t&lt;\/div&gt;\n\t\t\t&lt;div class=&quot;modal-right&quot;&gt;\n\t\t\t\t&lt;h2 class=&quot;team-name-modal&quot;&gt;Jordi Francesch&lt;\/h2&gt;\n\t\t\t\t&lt;p class=&quot;team-cargo-modal&quot;&gt;Board Member&lt;\/p&gt;\n\t\t\t\t&lt;div class=&quot;team-bio&quot;&gt;&lt;p&gt;Jordi \u00e9s &lt;em&gt;Board Member&lt;\/em&gt; de BNZ. Tamb\u00e9 \u00e9s el director general de gesti\u00f3 d\u2019actius de Nuveen Infrastructure. Comptant amb m\u00e9s de 18 anys d\u2019experi\u00e8ncia en el sector energ\u00e8tic, 11 dels quals els ha dedicat a les energies renovables, espec\u00edficament en el desenvolupament, operaci\u00f3, manteniment, due diligence, assessorament i gesti\u00f3 d\u2019actius.&lt;\/p&gt;\n&lt;p&gt;Jordi proporciona direcci\u00f3 estrat\u00e8gica al portafoli; liderant els desafiaments contractuals m\u00e9s importants, assistint en adquisicions i integraci\u00f3 de projectes, i supervisant la governan\u00e7a dels projectes en els quals t\u00e9 participaci\u00f3.&lt;\/p&gt;\n&lt;p&gt;\u00c9s llicenciat en Economia i disposa tant d\u2019un MBA de la Universitat Pompeu Fabra com d\u2019un MSc en Economia Ambiental per la Universitat de Londres.&lt;\/p&gt;\n&lt;\/div&gt;\n\t\t\t\t&lt;div class=&quot;team-linkedin&quot;&gt;\n\t\t\t\t\t&lt;a href=&quot;https:\/\/www.linkedin.com\/in\/jordifrancesch\/&quot; target=&quot;_blank&quot; rel=&quot;noopener noreferrer&quot;&gt;\n\t\t\t\t\t\t&lt;img src=&quot;\/wp-content\/uploads\/2024\/12\/akar-icons_linkedin-box-fill.svg&quot; alt=&quot;LinkedIn&quot; class=&quot;linkedin-icon&quot;&gt;\n\t\t\t\t\t&lt;\/a&gt;\n\t\t\t\t&lt;\/div&gt;\n\t\t\t&lt;\/div&gt;\n\t\t&lt;\/div&gt;\n\t\"><div class=\"team-image\" style=\"background-image:url(https:\/\/www.bnz.energy\/wp-content\/uploads\/2024\/11\/jordi-3-e1742223735821.jpg);\"><div class=\"team-info\"><h3 class=\"team-name\">Jordi Francesch<\/h3><p class=\"team-cargo\">Board Member<\/p><\/div><\/div><\/div><div class=\"team-item col span_4\" style=\"cursor:pointer;\" data-post-id=\"\" data-popup-open=\"3121\" data-content=\"\n\t\t&lt;div class=&quot;modal-content&quot;&gt;\n\t\t\t&lt;div class=&quot;modal-left&quot;&gt;\n\t\t\t\t&lt;div class=&quot;team-image-listado&quot;&gt;&lt;img src=&quot;https:\/\/www.bnz.energy\/wp-content\/uploads\/2025\/03\/IMG_Joost-Bergsma-1.png&quot; alt=&quot;Imagen listado&quot;&gt;&lt;\/div&gt;\n\t\t\t&lt;\/div&gt;\n\t\t\t&lt;div class=&quot;modal-right&quot;&gt;\n\t\t\t\t&lt;h2 class=&quot;team-name-modal&quot;&gt;Joost Bergsma&lt;\/h2&gt;\n\t\t\t\t&lt;p class=&quot;team-cargo-modal&quot;&gt;Board Member&lt;\/p&gt;\n\t\t\t\t&lt;div class=&quot;team-bio&quot;&gt;&lt;p&gt;Joost \u00e9s &lt;em&gt;Board Member&lt;\/em&gt; de BNZ. Tamb\u00e9 exerceix com a Cap Global d\u2019Energia Neta a Nuveen Infrastructure, anteriorment Glennmont Partners, on va ser CEO i Soci Director. Ha convertit la plataforma d\u2019inversi\u00f3 en infraestructura d\u2019energia neta de Nuveen en una de les m\u00e9s grans d\u2019Europa, aconseguint aixecar m\u00e9s de 4.700 milions d\u2019euros de grans inversors institucionals a trav\u00e9s de productes d\u2019equitat i deute en infraestructura.&lt;\/p&gt;\n&lt;p&gt;Sota el seu lideratge, l\u2019equip d\u2019infraestructura d\u2019energia neta de Nuveen ha invertit en projectes clau d\u2019energies renovables a Europa, els Estats Units i la regi\u00f3 APAC, incloent-hi energia e\u00f2lica marina, solar, e\u00f2lica terrestre i bioenergia. Joost lidera l\u2019estrat\u00e8gia corporativa d\u2019Infraestructura d\u2019Energia Neta de Nuveen i forma part del consell d\u2019algunes de les inversions m\u00e9s grans de l\u2019organitzaci\u00f3.&lt;\/p&gt;\n&lt;p&gt;Amb m\u00e9s de 25 anys d\u2019experi\u00e8ncia en banca de serveis p\u00fablics i gesti\u00f3 de fons, Joost ha dissenyat i implementat estrat\u00e8gies d\u2019inversi\u00f3 i desinversi\u00f3, aconseguint aixecar m\u00e9s de 10.000 milions d\u2019euros en ingressos per vendes per a clients del sector energ\u00e8tic.&lt;\/p&gt;\n&lt;p&gt;Anteriorment, Joost va treballar a SG Warburg &amp;amp; Co., ABN AMRO i BNP Paribas. Va estudiar Dret a la Universitat de Leiden (Pa\u00efsos Baixos) i t\u00e9 un MBA per INSEAD (Fran\u00e7a).&lt;\/p&gt;\n&lt;\/div&gt;\n\t\t\t\t&lt;div class=&quot;team-linkedin&quot;&gt;\n\t\t\t\t\t&lt;a href=&quot;https:\/\/uk.linkedin.com\/in\/joost-bergsma-joost&quot; target=&quot;_blank&quot; rel=&quot;noopener noreferrer&quot;&gt;\n\t\t\t\t\t\t&lt;img src=&quot;\/wp-content\/uploads\/2024\/12\/akar-icons_linkedin-box-fill.svg&quot; alt=&quot;LinkedIn&quot; class=&quot;linkedin-icon&quot;&gt;\n\t\t\t\t\t&lt;\/a&gt;\n\t\t\t\t&lt;\/div&gt;\n\t\t\t&lt;\/div&gt;\n\t\t&lt;\/div&gt;\n\t\"><div class=\"team-image\" style=\"background-image:url(https:\/\/www.bnz.energy\/wp-content\/uploads\/2025\/03\/IMG_Joost-Bergsma-1.png);\"><div class=\"team-info\"><h3 class=\"team-name\">Joost Bergsma<\/h3><p class=\"team-cargo\">Board Member<\/p><\/div><\/div><\/div><div class=\"team-item col span_4\" style=\"cursor:pointer;\" data-post-id=\"\" data-popup-open=\"3121\" data-content=\"\n\t\t&lt;div class=&quot;modal-content&quot;&gt;\n\t\t\t&lt;div class=&quot;modal-left&quot;&gt;\n\t\t\t\t&lt;div class=&quot;team-image-listado&quot;&gt;&lt;img src=&quot;https:\/\/www.bnz.energy\/wp-content\/uploads\/2025\/03\/IMG_Maria-Johanna-Vroom.png&quot; alt=&quot;Imagen listado&quot;&gt;&lt;\/div&gt;\n\t\t\t&lt;\/div&gt;\n\t\t\t&lt;div class=&quot;modal-right&quot;&gt;\n\t\t\t\t&lt;h2 class=&quot;team-name-modal&quot;&gt;Maria Johanna Vroom&lt;\/h2&gt;\n\t\t\t\t&lt;p class=&quot;team-cargo-modal&quot;&gt;Board Member&lt;\/p&gt;\n\t\t\t\t&lt;div class=&quot;team-bio&quot;&gt;&lt;p&gt;Marike Vroom aporta m\u00e9s de 30 anys d\u2019experi\u00e8ncia a la seva funci\u00f3 com a Gerent de Serveis al Client a IQEQ, un prove\u00efdor global l\u00edder de serveis per a inversors, i com a &lt;em&gt;Board Member&lt;\/em&gt; de BNZ.&lt;\/p&gt;\n&lt;p&gt;Especialitzada en relacions amb clients, temes legals, compliment normatiu i capital privat, Marike ha desenvolupat un conjunt de compet\u00e8ncies molt complet que inclou la gesti\u00f3 de carteres, l\u2019efici\u00e8ncia operativa, el govern corporatiu i la creaci\u00f3 d\u2019aliances estrat\u00e8giques.&lt;\/p&gt;\n&lt;p&gt;Des de l\u2019any 2011, ha supervisat amb \u00e8xit la gesti\u00f3 de carteres de Nuveen, impulsant constantment el creixement i millorant la satisfacci\u00f3 dels clients.&lt;\/p&gt;\n&lt;p&gt;Parla amb flu\u00efdesa holand\u00e8s i angl\u00e8s, i t\u00e9 una llicenciatura en Gesti\u00f3 d\u2019Instal\u00b7lacions per Saxion, Universitat de Ci\u00e8ncies Aplicades.&lt;\/p&gt;\n&lt;\/div&gt;\n\t\t\t\t&lt;div class=&quot;team-linkedin&quot;&gt;\n\t\t\t\t&lt;\/div&gt;\n\t\t\t&lt;\/div&gt;\n\t\t&lt;\/div&gt;\n\t\"><div class=\"team-image\" style=\"background-image:url(https:\/\/www.bnz.energy\/wp-content\/uploads\/2025\/03\/IMG_Maria-Johanna-Vroom.png);\"><div class=\"team-info\"><h3 class=\"team-name\">Maria Johanna Vroom<\/h3><p class=\"team-cargo\">Board Member<\/p><\/div><\/div><\/div><div class=\"team-item col span_4\" style=\"cursor:pointer;\" data-post-id=\"\" data-popup-open=\"3121\" data-content=\"\n\t\t&lt;div class=&quot;modal-content&quot;&gt;\n\t\t\t&lt;div class=&quot;modal-left&quot;&gt;\n\t\t\t\t&lt;div class=&quot;team-image-listado&quot;&gt;&lt;img src=&quot;https:\/\/www.bnz.energy\/wp-content\/uploads\/2025\/03\/Diseno-sin-titulo-5-e1742229981123.png&quot; alt=&quot;Imagen listado&quot;&gt;&lt;\/div&gt;\n\t\t\t&lt;\/div&gt;\n\t\t\t&lt;div class=&quot;modal-right&quot;&gt;\n\t\t\t\t&lt;h2 class=&quot;team-name-modal&quot;&gt;Youssef Ouirrhli&lt;\/h2&gt;\n\t\t\t\t&lt;p class=&quot;team-cargo-modal&quot;&gt;Board Member&lt;\/p&gt;\n\t\t\t\t&lt;div class=&quot;team-bio&quot;&gt;&lt;p data-start=&quot;1078&quot; data-end=&quot;1278&quot;&gt;En Youssef \u00e9s &lt;em&gt;Board Member&lt;\/em&gt; de BNZ. A m\u00e9s, treballa com a gestor del servei al client a IQ EQ Netherlands N.V., on ocupa altres c\u00e0rrecs diversos.&lt;\/p&gt;\n&lt;p&gt;Compta amb m\u00e9s de 20 anys d\u2019experi\u00e8ncia en el sector dels serveis financers, especialment en els camps de la comptabilitat, l&amp;#8217;auditoria i els serveis fiscals.&lt;\/p&gt;\n&lt;p&gt;En Youssef \u00e9s llicenciat en Economia Empresarial i t\u00e9 un m\u00e0ster en Comptabilitat i Control.&lt;\/p&gt;\n&lt;\/div&gt;\n\t\t\t\t&lt;div class=&quot;team-linkedin&quot;&gt;\n\t\t\t\t&lt;\/div&gt;\n\t\t\t&lt;\/div&gt;\n\t\t&lt;\/div&gt;\n\t\"><div class=\"team-image\" style=\"background-image:url(https:\/\/www.bnz.energy\/wp-content\/uploads\/2025\/03\/Diseno-sin-titulo-5-e1742229981123.png);\"><div class=\"team-info\"><h3 class=\"team-name\">Youssef Ouirrhli<\/h3><p class=\"team-cargo\">Board Member<\/p><\/div><\/div><\/div><div class=\"team-item col span_4\" style=\"cursor:pointer;\" data-post-id=\"\" data-popup-open=\"3121\" data-content=\"\n\t\t&lt;div class=&quot;modal-content&quot;&gt;\n\t\t\t&lt;div class=&quot;modal-left&quot;&gt;\n\t\t\t\t&lt;div class=&quot;team-image-listado&quot;&gt;&lt;img src=&quot;https:\/\/www.bnz.energy\/wp-content\/uploads\/2026\/02\/PeterPaulWeeda_SinFondo-2.png&quot; alt=&quot;Imagen listado&quot;&gt;&lt;\/div&gt;\n\t\t\t&lt;\/div&gt;\n\t\t\t&lt;div class=&quot;modal-right&quot;&gt;\n\t\t\t\t&lt;h2 class=&quot;team-name-modal&quot;&gt;Peter Paul Weeda&lt;\/h2&gt;\n\t\t\t\t&lt;p class=&quot;team-cargo-modal&quot;&gt;Non-Executive Director&lt;\/p&gt;\n\t\t\t\t&lt;div class=&quot;team-bio&quot;&gt;&lt;p&gt;&lt;span data-sheets-root=&quot;1&quot;&gt;Peter Paul Weeda \u00e9s Director No Executiu al Consell d&amp;#8217;Administraci\u00f3 de BNZ. Amb m\u00e9s de dues d\u00e8cades d&amp;#8217;experi\u00e8ncia en energies renovables i infraestructures a Europa, aporta una visi\u00f3 estrat\u00e8gica en la presa de decisions d&amp;#8217;inversi\u00f3, la gesti\u00f3 de riscos i el compliment normatiu. En el seu rol, contribueix a la supervisi\u00f3 de l&amp;#8217;estrat\u00e8gia de creixement i al rendiment de la cartera d&amp;#8217;actius de la companyia.&lt;\/p&gt;\n&lt;p&gt;Al llarg de la seva traject\u00f2ria professional, ha ocupat c\u00e0rrecs d&amp;#8217;alta direcci\u00f3 com a CEO i COO en empreses del sector, liderant l&amp;#8217;expansi\u00f3 de plataformes d&amp;#8217;energia solar i emmagatzematge en mercats com els Pa\u00efsos Baixos i el Regne Unit. Compta amb una \u00e0mplia experi\u00e8ncia en l&amp;#8217;estructuraci\u00f3 de projectes renovables i en la integraci\u00f3 de criteris de governan\u00e7a i sostenibilitat en entorns corporatius internacionals.&lt;\/p&gt;\n&lt;p&gt;\u00c9s graduat en Enginyeria Mec\u00e0nica per la Universitat Tecnol\u00f2gica de Delft i t\u00e9 un MBA per la Universitat Erasmus de Rotterdam. Aix\u00ed mateix, ha completat el programa per a consellers i directors no executius de l&amp;#8217;Erasmus Governance Institute.&lt;\/span&gt;&lt;\/p&gt;\n&lt;\/div&gt;\n\t\t\t\t&lt;div class=&quot;team-linkedin&quot;&gt;\n\t\t\t\t\t&lt;a href=&quot;https:\/\/www.linkedin.com\/in\/peter-paul-weeda-7913791\/?originalSubdomain=nl&quot; target=&quot;_blank&quot; rel=&quot;noopener noreferrer&quot;&gt;\n\t\t\t\t\t\t&lt;img src=&quot;\/wp-content\/uploads\/2024\/12\/akar-icons_linkedin-box-fill.svg&quot; alt=&quot;LinkedIn&quot; class=&quot;linkedin-icon&quot;&gt;\n\t\t\t\t\t&lt;\/a&gt;\n\t\t\t\t&lt;\/div&gt;\n\t\t\t&lt;\/div&gt;\n\t\t&lt;\/div&gt;\n\t\"><div class=\"team-image\" style=\"background-image:url(https:\/\/www.bnz.energy\/wp-content\/uploads\/2026\/02\/PeterPaulWeeda_SinFondo-2.png);\"><div class=\"team-info\"><h3 class=\"team-name\">Peter Paul Weeda<\/h3><p class=\"team-cargo\">Non-Executive Director<\/p><\/div><\/div><\/div><\/div>\n<p>[\/et_pb_text][\/et_pb_column][\/et_pb_row][\/et_pb_section][et_pb_section fb_built=&#8221;1&#8243; _builder_version=&#8221;4.27.2&#8243; _module_preset=&#8221;default&#8221; custom_padding=&#8221;0px||0px||false|false&#8221; locked=&#8221;off&#8221; collapsed=&#8221;off&#8221; global_colors_info=&#8221;{}&#8221;][et_pb_row _builder_version=&#8221;4.27.2&#8243; _module_preset=&#8221;default&#8221; custom_padding=&#8221;0px||0px||false|false&#8221; global_colors_info=&#8221;{}&#8221;][et_pb_column type=&#8221;4_4&#8243; _builder_version=&#8221;4.27.2&#8243; _module_preset=&#8221;default&#8221; global_colors_info=&#8221;{}&#8221;][et_pb_heading title=&#8221;Membres del Consell d&#8217;Empreses BNZ&#8221; admin_label=&#8221;Board Members BNZ Companies&#8221; _builder_version=&#8221;4.27.2&#8243; _module_preset=&#8221;default&#8221; title_level=&#8221;h2&#8243; title_font=&#8221;Poppins|600|||||||&#8221; title_text_align=&#8221;left&#8221; title_text_color=&#8221;#44505D&#8221; title_font_size=&#8221;28px&#8221; title_line_height=&#8221;181.2%&#8221; custom_margin=&#8221;0px||0px||false|false&#8221; custom_padding=&#8221;13px||0px|28px|false|false&#8221; animation_direction=&#8221;left&#8221; title_font_size_tablet=&#8221;28px&#8221; title_font_size_phone=&#8221;22px&#8221; title_font_size_last_edited=&#8221;on|phone&#8221; border_width_left=&#8221;2px&#8221; border_color_left=&#8221;#F88303&#8243; global_colors_info=&#8221;{}&#8221;][\/et_pb_heading][\/et_pb_column][\/et_pb_row][\/et_pb_section][et_pb_section fb_built=&#8221;1&#8243; _builder_version=&#8221;4.27.2&#8243; _module_preset=&#8221;default&#8221; background_color=&#8221;RGBA(255,255,255,0)&#8221; locked=&#8221;off&#8221; collapsed=&#8221;off&#8221; global_colors_info=&#8221;{}&#8221;][et_pb_row _builder_version=&#8221;4.27.2&#8243; _module_preset=&#8221;default&#8221; custom_padding=&#8221;0px||0px||false|false&#8221; global_colors_info=&#8221;{}&#8221;][et_pb_column type=&#8221;4_4&#8243; _builder_version=&#8221;4.27.2&#8243; _module_preset=&#8221;default&#8221; global_colors_info=&#8221;{}&#8221;][et_pb_text admin_label=&#8221;Text&#8221; _builder_version=&#8221;4.27.2&#8243; _module_preset=&#8221;default&#8221; custom_css_free_form=&#8221;@media only screen and (max-width: 600px){||  .team-grid{||    display:block;||  }||  div.team-item{||    width: 100%;||  }||}&#8221; global_colors_info=&#8221;{}&#8221;]<\/p>\n<div class=\"team-grid\"><div class=\"team-item col span_4\" style=\"cursor:pointer;\" data-post-id=\"\" data-popup-open=\"3121\" data-content=\"\n\t\t&lt;div class=&quot;modal-content&quot;&gt;\n\t\t\t&lt;div class=&quot;modal-left&quot;&gt;\n\t\t\t\t&lt;div class=&quot;team-image-listado&quot;&gt;&lt;img src=&quot;https:\/\/www.bnz.energy\/wp-content\/uploads\/2024\/11\/jordi-3-e1742223735821.jpg&quot; alt=&quot;Imagen listado&quot;&gt;&lt;\/div&gt;\n\t\t\t&lt;\/div&gt;\n\t\t\t&lt;div class=&quot;modal-right&quot;&gt;\n\t\t\t\t&lt;h2 class=&quot;team-name-modal&quot;&gt;Jordi Francesch&lt;\/h2&gt;\n\t\t\t\t&lt;p class=&quot;team-cargo-modal&quot;&gt;Board Member&lt;\/p&gt;\n\t\t\t\t&lt;div class=&quot;team-bio&quot;&gt;&lt;p&gt;Jordi \u00e9s &lt;em&gt;Board Member&lt;\/em&gt; de BNZ. Tamb\u00e9 \u00e9s el director general de gesti\u00f3 d\u2019actius de Nuveen Infrastructure. Comptant amb m\u00e9s de 18 anys d\u2019experi\u00e8ncia en el sector energ\u00e8tic, 11 dels quals els ha dedicat a les energies renovables, espec\u00edficament en el desenvolupament, operaci\u00f3, manteniment, due diligence, assessorament i gesti\u00f3 d\u2019actius.&lt;\/p&gt;\n&lt;p&gt;Jordi proporciona direcci\u00f3 estrat\u00e8gica al portafoli; liderant els desafiaments contractuals m\u00e9s importants, assistint en adquisicions i integraci\u00f3 de projectes, i supervisant la governan\u00e7a dels projectes en els quals t\u00e9 participaci\u00f3.&lt;\/p&gt;\n&lt;p&gt;\u00c9s llicenciat en Economia i disposa tant d\u2019un MBA de la Universitat Pompeu Fabra com d\u2019un MSc en Economia Ambiental per la Universitat de Londres.&lt;\/p&gt;\n&lt;\/div&gt;\n\t\t\t\t&lt;div class=&quot;team-linkedin&quot;&gt;\n\t\t\t\t\t&lt;a href=&quot;https:\/\/www.linkedin.com\/in\/jordifrancesch\/&quot; target=&quot;_blank&quot; rel=&quot;noopener noreferrer&quot;&gt;\n\t\t\t\t\t\t&lt;img src=&quot;\/wp-content\/uploads\/2024\/12\/akar-icons_linkedin-box-fill.svg&quot; alt=&quot;LinkedIn&quot; class=&quot;linkedin-icon&quot;&gt;\n\t\t\t\t\t&lt;\/a&gt;\n\t\t\t\t&lt;\/div&gt;\n\t\t\t&lt;\/div&gt;\n\t\t&lt;\/div&gt;\n\t\"><div class=\"team-image\" style=\"background-image:url(https:\/\/www.bnz.energy\/wp-content\/uploads\/2024\/11\/jordi-3-e1742223735821.jpg);\"><div class=\"team-info\"><h3 class=\"team-name\">Jordi Francesch<\/h3><p class=\"team-cargo\">Board Member<\/p><\/div><\/div><\/div><div class=\"team-item col span_4\" style=\"cursor:pointer;\" data-post-id=\"\" data-popup-open=\"3121\" data-content=\"\n\t\t&lt;div class=&quot;modal-content&quot;&gt;\n\t\t\t&lt;div class=&quot;modal-left&quot;&gt;\n\t\t\t\t&lt;div class=&quot;team-image-listado&quot;&gt;&lt;img src=&quot;https:\/\/www.bnz.energy\/wp-content\/uploads\/2024\/11\/IMG_Luis-Selva-1.png&quot; alt=&quot;Imagen listado&quot;&gt;&lt;\/div&gt;\n\t\t\t&lt;\/div&gt;\n\t\t\t&lt;div class=&quot;modal-right&quot;&gt;\n\t\t\t\t&lt;h2 class=&quot;team-name-modal&quot;&gt;Luis Selva&lt;\/h2&gt;\n\t\t\t\t&lt;p class=&quot;team-cargo-modal&quot;&gt;CEO&lt;\/p&gt;\n\t\t\t\t&lt;div class=&quot;team-bio&quot;&gt;&lt;p&gt;Luis \u00e9s el CEO de BNZ, on lidera l\u2019equip i supervisa totes les activitats per aconseguir la missi\u00f3 de l\u2019empresa de transformar el paisatge de les energies renovables. El seu lideratge es basa en m\u00e9s de 16 anys d\u2019experi\u00e8ncia en el sector de les energies renovables a Espanya, la qual cosa li ha perm\u00e8s adquirir una \u00e0mplia experi\u00e8ncia en la gesti\u00f3 de serveis, solucions O&amp;amp;M, serveis postvenda i posada en marxa d\u2019actius renovables en 22 pa\u00efsos.&lt;\/p&gt;\n&lt;p&gt;Abans d\u2019arribar a BNZ, en Luis va desempe\u00f1ar un paper clau com a director comercial a QBI Solutions, proporcionant programari de gesti\u00f3 d\u2019actius per a la ind\u00fastria de les energies renovables. La seva extensa experi\u00e8ncia tamb\u00e9 inclou un paper significatiu a Ingeteam, on va ser part fonamental en el sector privat de generaci\u00f3 solar fotovoltaica d\u2019Espanya.&lt;\/p&gt;\n&lt;p&gt;T\u00e9 un BSc en Enginyeria Industrial per la UCLM, un MBA per l\u2019IEN Madrid, i dos m\u00e0sters en Energies Renovables i Efici\u00e8ncia Energ\u00e8tica per la UCLM i en Coordinaci\u00f3 Operativa Internacional per l\u2019ICEX.&lt;\/p&gt;\n&lt;\/div&gt;\n\t\t\t\t&lt;div class=&quot;team-linkedin&quot;&gt;\n\t\t\t\t\t&lt;a href=&quot;https:\/\/www.linkedin.com\/in\/luisselva\/&quot; target=&quot;_blank&quot; rel=&quot;noopener noreferrer&quot;&gt;\n\t\t\t\t\t\t&lt;img src=&quot;\/wp-content\/uploads\/2024\/12\/akar-icons_linkedin-box-fill.svg&quot; alt=&quot;LinkedIn&quot; class=&quot;linkedin-icon&quot;&gt;\n\t\t\t\t\t&lt;\/a&gt;\n\t\t\t\t&lt;\/div&gt;\n\t\t\t&lt;\/div&gt;\n\t\t&lt;\/div&gt;\n\t\"><div class=\"team-image\" style=\"background-image:url(https:\/\/www.bnz.energy\/wp-content\/uploads\/2024\/11\/IMG_Luis-Selva-1.png);\"><div class=\"team-info\"><h3 class=\"team-name\">Luis Selva<\/h3><p class=\"team-cargo\">CEO<\/p><\/div><\/div><\/div><\/div>\n<p>[\/et_pb_text][\/et_pb_column][\/et_pb_row][\/et_pb_section][et_pb_section fb_built=&#8221;1&#8243; _builder_version=&#8221;4.27.2&#8243; _module_preset=&#8221;default&#8221; custom_padding=&#8221;0px||0px||false|false&#8221; locked=&#8221;off&#8221; collapsed=&#8221;off&#8221; global_colors_info=&#8221;{}&#8221;][et_pb_row _builder_version=&#8221;4.27.2&#8243; _module_preset=&#8221;default&#8221; custom_padding=&#8221;0px||0px||false|false&#8221; global_colors_info=&#8221;{}&#8221;][et_pb_column type=&#8221;4_4&#8243; _builder_version=&#8221;4.27.2&#8243; _module_preset=&#8221;default&#8221; global_colors_info=&#8221;{}&#8221;][et_pb_heading title=&#8221;Equip Directiu&#8221; admin_label=&#8221;Leadership Team&#8221; _builder_version=&#8221;4.27.2&#8243; _module_preset=&#8221;default&#8221; title_level=&#8221;h2&#8243; title_font=&#8221;Poppins|600|||||||&#8221; title_text_align=&#8221;left&#8221; title_text_color=&#8221;#44505D&#8221; title_font_size=&#8221;28px&#8221; title_line_height=&#8221;181.2%&#8221; custom_margin=&#8221;0px||0px||false|false&#8221; custom_padding=&#8221;13px||0px|28px|false|false&#8221; animation_direction=&#8221;left&#8221; title_font_size_tablet=&#8221;28px&#8221; title_font_size_phone=&#8221;22px&#8221; title_font_size_last_edited=&#8221;on|phone&#8221; border_width_left=&#8221;2px&#8221; border_color_left=&#8221;#F88303&#8243; global_colors_info=&#8221;{}&#8221;][\/et_pb_heading][\/et_pb_column][\/et_pb_row][\/et_pb_section][et_pb_section fb_built=&#8221;1&#8243; _builder_version=&#8221;4.27.2&#8243; _module_preset=&#8221;default&#8221; background_color=&#8221;RGBA(255,255,255,0)&#8221; locked=&#8221;off&#8221; collapsed=&#8221;off&#8221; global_colors_info=&#8221;{}&#8221;][et_pb_row _builder_version=&#8221;4.27.2&#8243; _module_preset=&#8221;default&#8221; custom_padding=&#8221;0px||0px||false|false&#8221; global_colors_info=&#8221;{}&#8221;][et_pb_column type=&#8221;4_4&#8243; _builder_version=&#8221;4.27.2&#8243; _module_preset=&#8221;default&#8221; global_colors_info=&#8221;{}&#8221;][et_pb_text admin_label=&#8221;Text&#8221; _builder_version=&#8221;4.27.2&#8243; _module_preset=&#8221;default&#8221; custom_css_free_form=&#8221;@media only screen and (max-width: 600px){||  .team-grid{||    display:block;||  }||  div.team-item{||    width: 100%;||  }||}&#8221; global_colors_info=&#8221;{}&#8221;]<\/p>\n<div class=\"team-grid\"><div class=\"team-item col span_4\" style=\"cursor:pointer;\" data-post-id=\"\" data-popup-open=\"3121\" data-content=\"\n\t\t&lt;div class=&quot;modal-content&quot;&gt;\n\t\t\t&lt;div class=&quot;modal-left&quot;&gt;\n\t\t\t\t&lt;div class=&quot;team-image-listado&quot;&gt;&lt;img src=&quot;https:\/\/www.bnz.energy\/wp-content\/uploads\/2024\/11\/IMG_Luis-Selva-1.png&quot; alt=&quot;Imagen listado&quot;&gt;&lt;\/div&gt;\n\t\t\t&lt;\/div&gt;\n\t\t\t&lt;div class=&quot;modal-right&quot;&gt;\n\t\t\t\t&lt;h2 class=&quot;team-name-modal&quot;&gt;Luis Selva&lt;\/h2&gt;\n\t\t\t\t&lt;p class=&quot;team-cargo-modal&quot;&gt;CEO&lt;\/p&gt;\n\t\t\t\t&lt;div class=&quot;team-bio&quot;&gt;&lt;p&gt;Luis \u00e9s el CEO de BNZ, on lidera l\u2019equip i supervisa totes les activitats per aconseguir la missi\u00f3 de l\u2019empresa de transformar el paisatge de les energies renovables. El seu lideratge es basa en m\u00e9s de 16 anys d\u2019experi\u00e8ncia en el sector de les energies renovables a Espanya, la qual cosa li ha perm\u00e8s adquirir una \u00e0mplia experi\u00e8ncia en la gesti\u00f3 de serveis, solucions O&amp;amp;M, serveis postvenda i posada en marxa d\u2019actius renovables en 22 pa\u00efsos.&lt;\/p&gt;\n&lt;p&gt;Abans d\u2019arribar a BNZ, en Luis va desempe\u00f1ar un paper clau com a director comercial a QBI Solutions, proporcionant programari de gesti\u00f3 d\u2019actius per a la ind\u00fastria de les energies renovables. La seva extensa experi\u00e8ncia tamb\u00e9 inclou un paper significatiu a Ingeteam, on va ser part fonamental en el sector privat de generaci\u00f3 solar fotovoltaica d\u2019Espanya.&lt;\/p&gt;\n&lt;p&gt;T\u00e9 un BSc en Enginyeria Industrial per la UCLM, un MBA per l\u2019IEN Madrid, i dos m\u00e0sters en Energies Renovables i Efici\u00e8ncia Energ\u00e8tica per la UCLM i en Coordinaci\u00f3 Operativa Internacional per l\u2019ICEX.&lt;\/p&gt;\n&lt;\/div&gt;\n\t\t\t\t&lt;div class=&quot;team-linkedin&quot;&gt;\n\t\t\t\t\t&lt;a href=&quot;https:\/\/www.linkedin.com\/in\/luisselva\/&quot; target=&quot;_blank&quot; rel=&quot;noopener noreferrer&quot;&gt;\n\t\t\t\t\t\t&lt;img src=&quot;\/wp-content\/uploads\/2024\/12\/akar-icons_linkedin-box-fill.svg&quot; alt=&quot;LinkedIn&quot; class=&quot;linkedin-icon&quot;&gt;\n\t\t\t\t\t&lt;\/a&gt;\n\t\t\t\t&lt;\/div&gt;\n\t\t\t&lt;\/div&gt;\n\t\t&lt;\/div&gt;\n\t\"><div class=\"team-image\" style=\"background-image:url(https:\/\/www.bnz.energy\/wp-content\/uploads\/2024\/11\/IMG_Luis-Selva-1.png);\"><div class=\"team-info\"><h3 class=\"team-name\">Luis Selva<\/h3><p class=\"team-cargo\">CEO<\/p><\/div><\/div><\/div><div class=\"team-item col span_4\" style=\"cursor:pointer;\" data-post-id=\"\" data-popup-open=\"3121\" data-content=\"\n\t\t&lt;div class=&quot;modal-content&quot;&gt;\n\t\t\t&lt;div class=&quot;modal-left&quot;&gt;\n\t\t\t\t&lt;div class=&quot;team-image-listado&quot;&gt;&lt;img src=&quot;https:\/\/www.bnz.energy\/wp-content\/uploads\/2024\/11\/IMG_Maria-Puente.png&quot; alt=&quot;Imagen listado&quot;&gt;&lt;\/div&gt;\n\t\t\t&lt;\/div&gt;\n\t\t\t&lt;div class=&quot;modal-right&quot;&gt;\n\t\t\t\t&lt;h2 class=&quot;team-name-modal&quot;&gt;Mar\u00eda Puente&lt;\/h2&gt;\n\t\t\t\t&lt;p class=&quot;team-cargo-modal&quot;&gt;Directora de finances&lt;\/p&gt;\n\t\t\t\t&lt;div class=&quot;team-bio&quot;&gt;&lt;p&gt;Mar\u00eda \u00e9s la directora de finances de BNZ. Comptant amb m\u00e9s de quinze anys d&amp;#8217;experi\u00e8ncia en el sector financer, ha assessorat multinacionals en el sector energ\u00e8tic, incloent-hi empreses especialitzades en energies renovables, tant a nivell nacional com internacional.&lt;\/p&gt;\n&lt;p&gt;Abans de sumar-se a BNZ, Mar\u00eda va desenvolupar la seva carrera a PwC com a Senior Manager a l&amp;#8217;\u00e0rea d&amp;#8217;auditoria, dissenyant l&amp;#8217;estrat\u00e8gia de l&amp;#8217;equip, gestionant projectes i coordinant diversos grups de treball. T\u00e9 una \u00e0mplia experi\u00e8ncia en normes comptables locals i internacionals i ha treballat en auditories de grups rellevants del sector, aix\u00ed com en la preparaci\u00f3 de propostes internacionals.&lt;\/p&gt;\n&lt;p&gt;Mar\u00eda t\u00e9 una doble llicenciatura en Dret i Administraci\u00f3 d&amp;#8217;Empreses per la Universitat Aut\u00f2noma de Madrid (UAM) i un m\u00e0ster en Auditoria per la Universitat d&amp;#8217;Alcal\u00e1 de Henares (UAH). Tamb\u00e9 \u00e9s membre del Registre Oficial d&amp;#8217;Auditors (ROAC).&lt;\/p&gt;\n&lt;\/div&gt;\n\t\t\t\t&lt;div class=&quot;team-linkedin&quot;&gt;\n\t\t\t\t\t&lt;a href=&quot;https:\/\/www.linkedin.com\/in\/mar%C3%ADa-puente-rozal%C3%A9n-2a5bb251\/&quot; target=&quot;_blank&quot; rel=&quot;noopener noreferrer&quot;&gt;\n\t\t\t\t\t\t&lt;img src=&quot;\/wp-content\/uploads\/2024\/12\/akar-icons_linkedin-box-fill.svg&quot; alt=&quot;LinkedIn&quot; class=&quot;linkedin-icon&quot;&gt;\n\t\t\t\t\t&lt;\/a&gt;\n\t\t\t\t&lt;\/div&gt;\n\t\t\t&lt;\/div&gt;\n\t\t&lt;\/div&gt;\n\t\"><div class=\"team-image\" style=\"background-image:url(https:\/\/www.bnz.energy\/wp-content\/uploads\/2024\/11\/IMG_Maria-Puente.png);\"><div class=\"team-info\"><h3 class=\"team-name\">Mar\u00eda Puente<\/h3><p class=\"team-cargo\">Directora de finances<\/p><\/div><\/div><\/div><div class=\"team-item col span_4\" style=\"cursor:pointer;\" data-post-id=\"\" data-popup-open=\"3121\" data-content=\"\n\t\t&lt;div class=&quot;modal-content&quot;&gt;\n\t\t\t&lt;div class=&quot;modal-left&quot;&gt;\n\t\t\t\t&lt;div class=&quot;team-image-listado&quot;&gt;&lt;img src=&quot;https:\/\/www.bnz.energy\/wp-content\/uploads\/2024\/11\/IMG_Daniel-Sanchez.png&quot; alt=&quot;Imagen listado&quot;&gt;&lt;\/div&gt;\n\t\t\t&lt;\/div&gt;\n\t\t\t&lt;div class=&quot;modal-right&quot;&gt;\n\t\t\t\t&lt;h2 class=&quot;team-name-modal&quot;&gt;Daniel S\u00e1nchez L\u00f3pez-Tello&lt;\/h2&gt;\n\t\t\t\t&lt;p class=&quot;team-cargo-modal&quot;&gt;EPC Director&lt;\/p&gt;\n\t\t\t\t&lt;div class=&quot;team-bio&quot;&gt;&lt;p&gt;Daniel \u00e9s &lt;em&gt;EPC Director&lt;\/em&gt; a BNZ. T\u00e9 m\u00e9s de quinze anys d\u2019experi\u00e8ncia en el sector de l\u2019enginyeria, dotze dels quals dedicats a les energies renovables.&lt;\/p&gt;\n&lt;p&gt;Abans d\u2019incorporar-se a BNZ, va passar la major part de la seva carrera a Ingeteam com a responsable d\u2019O&amp;amp;M en projectes solars, gestionant comptes internacionals i contribuint a l\u2019expansi\u00f3 global de l\u2019empresa. Va administrar un portafoli de m\u00e9s de 3 GW en projectes solars a Europa, Am\u00e8rica, \u00c0frica i \u00c0sia.&lt;\/p&gt;\n&lt;p&gt;Daniel \u00e9s enginyer industrial per la Universitat de Castella-la Manxa (UCL-M) i va completar el seu projecte final a la Universitat de Waterford (Irlanda). Tamb\u00e9 t\u00e9 un m\u00e0ster en Prevenci\u00f3 de Riscos Laborals per la Universitat CEU \u2013 San Pablo.&lt;\/p&gt;\n&lt;\/div&gt;\n\t\t\t\t&lt;div class=&quot;team-linkedin&quot;&gt;\n\t\t\t\t\t&lt;a href=&quot;https:\/\/www.linkedin.com\/in\/danielsanchezlopeztello\/&quot; target=&quot;_blank&quot; rel=&quot;noopener noreferrer&quot;&gt;\n\t\t\t\t\t\t&lt;img src=&quot;\/wp-content\/uploads\/2024\/12\/akar-icons_linkedin-box-fill.svg&quot; alt=&quot;LinkedIn&quot; class=&quot;linkedin-icon&quot;&gt;\n\t\t\t\t\t&lt;\/a&gt;\n\t\t\t\t&lt;\/div&gt;\n\t\t\t&lt;\/div&gt;\n\t\t&lt;\/div&gt;\n\t\"><div class=\"team-image\" style=\"background-image:url(https:\/\/www.bnz.energy\/wp-content\/uploads\/2024\/11\/IMG_Daniel-Sanchez.png);\"><div class=\"team-info\"><h3 class=\"team-name\">Daniel S\u00e1nchez L\u00f3pez-Tello<\/h3><p class=\"team-cargo\">EPC Director<\/p><\/div><\/div><\/div><div class=\"team-item col span_4\" style=\"cursor:pointer;\" data-post-id=\"\" data-popup-open=\"3121\" data-content=\"\n\t\t&lt;div class=&quot;modal-content&quot;&gt;\n\t\t\t&lt;div class=&quot;modal-left&quot;&gt;\n\t\t\t\t&lt;div class=&quot;team-image-listado&quot;&gt;&lt;img src=&quot;https:\/\/www.bnz.energy\/wp-content\/uploads\/2024\/11\/IMG_Gabriele-Sommantico.png&quot; alt=&quot;Imagen listado&quot;&gt;&lt;\/div&gt;\n\t\t\t&lt;\/div&gt;\n\t\t\t&lt;div class=&quot;modal-right&quot;&gt;\n\t\t\t\t&lt;h2 class=&quot;team-name-modal&quot;&gt;Gabriele Sommantico&lt;\/h2&gt;\n\t\t\t\t&lt;p class=&quot;team-cargo-modal&quot;&gt;Head of Business Development&lt;\/p&gt;\n\t\t\t\t&lt;div class=&quot;team-bio&quot;&gt;&lt;p&gt;Gabriele \u00e9s &lt;em&gt;Head of Business Development&lt;\/em&gt; a BNZ. Porta m\u00e9s de 14 anys treballant en la transici\u00f3 energ\u00e8tica a la regi\u00f3 EMEA, especialitzat en planificaci\u00f3 d\u2019inversions, estrat\u00e8gia i desenvolupament de projectes i negocis. A BNZ, lidera el desenvolupament de la cartera actual i el creixement empresarial.&lt;\/p&gt;\n&lt;p&gt;Abans de BNZ, va ocupar c\u00e0rrecs directius en empreses destacades del sector, com Enel i OX2, gestionant projectes renovables i el desenvolupament de negocis. Tamb\u00e9 va treballar a Terna, el major operador independent de xarxes de transmissi\u00f3 d\u2019Europa, encarregant-se de la planificaci\u00f3 d\u2019inversions en infraestructures i la comercialitzaci\u00f3 d\u2019energia.&lt;\/p&gt;\n&lt;p&gt;Gabriele \u00e9s enginyer el\u00e8ctric i compta amb un m\u00e0ster per la Universitat de N\u00e0pols \u201cFederico II\u201d i un MBA per l\u2019IE Business School.&lt;\/p&gt;\n&lt;\/div&gt;\n\t\t\t\t&lt;div class=&quot;team-linkedin&quot;&gt;\n\t\t\t\t\t&lt;a href=&quot;https:\/\/www.linkedin.com\/in\/gabriele-sommantico\/&quot; target=&quot;_blank&quot; rel=&quot;noopener noreferrer&quot;&gt;\n\t\t\t\t\t\t&lt;img src=&quot;\/wp-content\/uploads\/2024\/12\/akar-icons_linkedin-box-fill.svg&quot; alt=&quot;LinkedIn&quot; class=&quot;linkedin-icon&quot;&gt;\n\t\t\t\t\t&lt;\/a&gt;\n\t\t\t\t&lt;\/div&gt;\n\t\t\t&lt;\/div&gt;\n\t\t&lt;\/div&gt;\n\t\"><div class=\"team-image\" style=\"background-image:url(https:\/\/www.bnz.energy\/wp-content\/uploads\/2024\/11\/IMG_Gabriele-Sommantico.png);\"><div class=\"team-info\"><h3 class=\"team-name\">Gabriele Sommantico<\/h3><p class=\"team-cargo\">Head of Business Development<\/p><\/div><\/div><\/div><div class=\"team-item col span_4\" style=\"cursor:pointer;\" data-post-id=\"\" data-popup-open=\"3121\" data-content=\"\n\t\t&lt;div class=&quot;modal-content&quot;&gt;\n\t\t\t&lt;div class=&quot;modal-left&quot;&gt;\n\t\t\t\t&lt;div class=&quot;team-image-listado&quot;&gt;&lt;img src=&quot;https:\/\/www.bnz.energy\/wp-content\/uploads\/2025\/03\/Rodrigo.jpg&quot; alt=&quot;Imagen listado&quot;&gt;&lt;\/div&gt;\n\t\t\t&lt;\/div&gt;\n\t\t\t&lt;div class=&quot;modal-right&quot;&gt;\n\t\t\t\t&lt;h2 class=&quot;team-name-modal&quot;&gt;Rodrigo L\u00f3pez&lt;\/h2&gt;\n\t\t\t\t&lt;p class=&quot;team-cargo-modal&quot;&gt;Head of Revenues&lt;\/p&gt;\n\t\t\t\t&lt;div class=&quot;team-bio&quot;&gt;&lt;p&gt;Rodrigo \u00e9s &lt;em&gt;Head of Revenues&lt;\/em&gt; a BNZ. Amb una s\u00f2lida traject\u00f2ria de m\u00e9s de 14 anys en el sector energ\u00e8tic, lidera \u00e0rees clau com l\u2019originaci\u00f3 de contractes PPA, trading en mercats majoristes, gesti\u00f3 del risc, optimitzaci\u00f3 d\u2019actius energ\u00e8tics i estrat\u00e8gies de venda d\u2019energia en m\u00faltiples mercats internacionals, dins del marc de gesti\u00f3 de l\u2019energia i originaci\u00f3 de la companyia.&lt;\/p&gt;\n&lt;p&gt;Abans d\u2019incorporar-se a BNZ, Rodrigo va ocupar rols de direcci\u00f3 en destacades empreses del sector, com Solaria Energia i Medi Ambient, Vodafone Energia, Hanwha Energy Retail i Fenie Energia. En aquests llocs, va assumir la responsabilitat directa sobre la planificaci\u00f3 estrat\u00e8gica, la gesti\u00f3 de P&amp;amp;L i la posada en marxa de nous negocis, consolidant-se com un expert en la implementaci\u00f3 de pol\u00edtiques energ\u00e8tiques i procediments operatius en companyies l\u00edders.&lt;\/p&gt;\n&lt;p&gt;Rodrigo \u00e9s Enginyer Industrial per ICAI, Universidad Pontificia de Comillas, i compta amb un Executive MBA per IESE Business School. A m\u00e9s, posseeix un M\u00e0ster en Efici\u00e8ncia Energ\u00e8tica i Gesti\u00f3 de Projectes Energ\u00e8tics atorgat per la Compa\u00f1\u00eda de Formaci\u00f3n Empresarial (CFE).&lt;\/p&gt;\n&lt;\/div&gt;\n\t\t\t\t&lt;div class=&quot;team-linkedin&quot;&gt;\n\t\t\t\t\t&lt;a href=&quot;https:\/\/www.linkedin.com\/in\/rodrigo-lopez-blazquez\/?original_referer=https%3A%2F%2Fwww%2Egoogle%2Ecom%2F&amp;#038;originalSubdomain=es&quot; target=&quot;_blank&quot; rel=&quot;noopener noreferrer&quot;&gt;\n\t\t\t\t\t\t&lt;img src=&quot;\/wp-content\/uploads\/2024\/12\/akar-icons_linkedin-box-fill.svg&quot; alt=&quot;LinkedIn&quot; class=&quot;linkedin-icon&quot;&gt;\n\t\t\t\t\t&lt;\/a&gt;\n\t\t\t\t&lt;\/div&gt;\n\t\t\t&lt;\/div&gt;\n\t\t&lt;\/div&gt;\n\t\"><div class=\"team-image\" style=\"background-image:url(https:\/\/www.bnz.energy\/wp-content\/uploads\/2025\/03\/Rodrigo.jpg);\"><div class=\"team-info\"><h3 class=\"team-name\">Rodrigo L\u00f3pez<\/h3><p class=\"team-cargo\">Head of Revenues<\/p><\/div><\/div><\/div><div class=\"team-item col span_4\" style=\"cursor:pointer;\" data-post-id=\"\" data-popup-open=\"3121\" data-content=\"\n\t\t&lt;div class=&quot;modal-content&quot;&gt;\n\t\t\t&lt;div class=&quot;modal-left&quot;&gt;\n\t\t\t\t&lt;div class=&quot;team-image-listado&quot;&gt;&lt;img src=&quot;https:\/\/www.bnz.energy\/wp-content\/uploads\/2025\/03\/1711184192583.jpg&quot; alt=&quot;Imagen listado&quot;&gt;&lt;\/div&gt;\n\t\t\t&lt;\/div&gt;\n\t\t\t&lt;div class=&quot;modal-right&quot;&gt;\n\t\t\t\t&lt;h2 class=&quot;team-name-modal&quot;&gt;Esther Garc\u00eda&lt;\/h2&gt;\n\t\t\t\t&lt;p class=&quot;team-cargo-modal&quot;&gt;Operations Director&lt;\/p&gt;\n\t\t\t\t&lt;div class=&quot;team-bio&quot;&gt;&lt;p data-sourcepos=&quot;1:1-1:327&quot;&gt;L&amp;#8217;Esther \u00e9s &lt;em&gt;Head of Asset Management&lt;\/em&gt; a BNZ. Amb uns 20 anys d&amp;#8217;experi\u00e8ncia en el sector energ\u00e8tic, ha exercit un paper clau en la gesti\u00f3 d&amp;#8217;actius d&amp;#8217;energies renovables, l&amp;#8217;optimitzaci\u00f3 de carteres solars i e\u00f2liques, aix\u00ed com en el desenvolupament d&amp;#8217;estrat\u00e8gies comercials i operatives per maximitzar el rendiment dels actius.&lt;\/p&gt;\n&lt;p data-sourcepos=&quot;3:1-3:275&quot;&gt;Abans d&amp;#8217;unir-se a BNZ, l&amp;#8217;Esther va ocupar c\u00e0rrecs de lideratge en empreses de refer\u00e8ncia com QBi Solutions, Aquila Capital, Forestalia i Lightsource BP, on va ser responsable de la gesti\u00f3 de carteres de generaci\u00f3 renovable a Espanya, Portugal, It\u00e0lia, Gr\u00e8cia i el Regne Unit.&lt;\/p&gt;\n&lt;p data-sourcepos=&quot;5:1-5:306&quot;&gt;L&amp;#8217;Esther \u00e9s Enginyera Agr\u00f2noma per la Universitat Polit\u00e8cnica de Madrid i ha complementat la seva formaci\u00f3 amb estudis en Enginyeria Ambiental per la Universitat Nacional d&amp;#8217;Educaci\u00f3 a Dist\u00e0ncia (UNED). A m\u00e9s, compta amb certificacions en finan\u00e7ament de projectes renovables i gesti\u00f3 de l&amp;#8217;impacte ambiental.&lt;\/p&gt;\n&lt;\/div&gt;\n\t\t\t\t&lt;div class=&quot;team-linkedin&quot;&gt;\n\t\t\t\t\t&lt;a href=&quot;https:\/\/www.linkedin.com\/in\/esther-garc%C3%ADa-cabrero-41623728\/?originalSubdomain=es&quot; target=&quot;_blank&quot; rel=&quot;noopener noreferrer&quot;&gt;\n\t\t\t\t\t\t&lt;img src=&quot;\/wp-content\/uploads\/2024\/12\/akar-icons_linkedin-box-fill.svg&quot; alt=&quot;LinkedIn&quot; class=&quot;linkedin-icon&quot;&gt;\n\t\t\t\t\t&lt;\/a&gt;\n\t\t\t\t&lt;\/div&gt;\n\t\t\t&lt;\/div&gt;\n\t\t&lt;\/div&gt;\n\t\"><div class=\"team-image\" style=\"background-image:url(https:\/\/www.bnz.energy\/wp-content\/uploads\/2025\/03\/1711184192583.jpg);\"><div class=\"team-info\"><h3 class=\"team-name\">Esther Garc\u00eda<\/h3><p class=\"team-cargo\">Operations Director<\/p><\/div><\/div><\/div><div class=\"team-item col span_4\" style=\"cursor:pointer;\" data-post-id=\"\" data-popup-open=\"3121\" data-content=\"\n\t\t&lt;div class=&quot;modal-content&quot;&gt;\n\t\t\t&lt;div class=&quot;modal-left&quot;&gt;\n\t\t\t\t&lt;div class=&quot;team-image-listado&quot;&gt;&lt;img src=&quot;https:\/\/www.bnz.energy\/wp-content\/uploads\/2024\/11\/IMG_Monica-Garrido.png&quot; alt=&quot;Imagen listado&quot;&gt;&lt;\/div&gt;\n\t\t\t&lt;\/div&gt;\n\t\t\t&lt;div class=&quot;modal-right&quot;&gt;\n\t\t\t\t&lt;h2 class=&quot;team-name-modal&quot;&gt;M\u00f3nica Garrido&lt;\/h2&gt;\n\t\t\t\t&lt;p class=&quot;team-cargo-modal&quot;&gt;HSSEQ Manager&lt;\/p&gt;\n\t\t\t\t&lt;div class=&quot;team-bio&quot;&gt;&lt;p&gt;La M\u00f3nica \u00e9s &lt;em&gt;HSSEQ Manager&lt;\/em&gt; a BNZ. Compta amb m\u00e9s de 15 anys d\u2019experi\u00e8ncia en el sector de l\u2019energia, l\u2019enginyeria aplicada i la construcci\u00f3, exercint funcions com a responsable de seguretat i salut, qualitat i medi ambient.&lt;\/p&gt;\n&lt;p&gt;Abans d\u2019incorporar-se a BNZ, M\u00f3nica va desenvolupar la seva carrera professional com HSSEQ Manager en diferents empreses del sector com INITEC Energia, Grup STIN i Capital Energy. Entre les seves responsabilitats destacaven la realitzaci\u00f3 i coordinaci\u00f3 d\u2019inspeccions i auditories internes i externes; l\u2019avaluaci\u00f3 de riscos i implantaci\u00f3 de mesures preventives; la formaci\u00f3 de personal, aix\u00ed com el desenvolupament, la implementaci\u00f3 i el seguiment de plans i procediments relatius a l\u2019\u00e0rea de HSSEQ i la supervisi\u00f3 i control de diversos projectes realitzats a Espanya, Egipte, Uzbequist\u00e1n, M\u00e8xic, el Per\u00fa, el Marroc i Costa Rica.&lt;\/p&gt;\n&lt;p&gt;A m\u00e9s, t\u00e9 una \u00e0mplia experi\u00e8ncia en l\u2019organitzaci\u00f3 d\u2019empreses i estandarditzaci\u00f3 de processos, aix\u00ed com en la implantaci\u00f3 i desenvolupament de sistemes de gesti\u00f3 conforme a les normes ISO 9001, 14001 i 45001.&lt;\/p&gt;\n&lt;p&gt;M\u00f3nica \u00e9s llicenciada en Dret per la Universitat Complutense de Madrid i compta amb un m\u00e0ster en Direcci\u00f3 de Personal i Assessoria Laboral per l\u2019Institut de Formaci\u00f3 i Ocupaci\u00f3 i un m\u00e0ster en Prevenci\u00f3 de Riscos Laborals per la Universitat Camilo Jos\u00e9 Cela.&lt;\/p&gt;\n&lt;\/div&gt;\n\t\t\t\t&lt;div class=&quot;team-linkedin&quot;&gt;\n\t\t\t\t\t&lt;a href=&quot;https:\/\/www.linkedin.com\/in\/m%C3%B3nica-garrido-lav%C3%ADn-a7568871\/&quot; target=&quot;_blank&quot; rel=&quot;noopener noreferrer&quot;&gt;\n\t\t\t\t\t\t&lt;img src=&quot;\/wp-content\/uploads\/2024\/12\/akar-icons_linkedin-box-fill.svg&quot; alt=&quot;LinkedIn&quot; class=&quot;linkedin-icon&quot;&gt;\n\t\t\t\t\t&lt;\/a&gt;\n\t\t\t\t&lt;\/div&gt;\n\t\t\t&lt;\/div&gt;\n\t\t&lt;\/div&gt;\n\t\"><div class=\"team-image\" style=\"background-image:url(https:\/\/www.bnz.energy\/wp-content\/uploads\/2024\/11\/IMG_Monica-Garrido.png);\"><div class=\"team-info\"><h3 class=\"team-name\">M\u00f3nica Garrido<\/h3><p class=\"team-cargo\">HSSEQ Manager<\/p><\/div><\/div><\/div><div class=\"team-item col span_4\" style=\"cursor:pointer;\" data-post-id=\"\" data-popup-open=\"3121\" data-content=\"\n\t\t&lt;div class=&quot;modal-content&quot;&gt;\n\t\t\t&lt;div class=&quot;modal-left&quot;&gt;\n\t\t\t\t&lt;div class=&quot;team-image-listado&quot;&gt;&lt;img src=&quot;https:\/\/www.bnz.energy\/wp-content\/uploads\/2025\/03\/Foto-perfil-3-1.jpeg&quot; alt=&quot;Imagen listado&quot;&gt;&lt;\/div&gt;\n\t\t\t&lt;\/div&gt;\n\t\t\t&lt;div class=&quot;modal-right&quot;&gt;\n\t\t\t\t&lt;h2 class=&quot;team-name-modal&quot;&gt;Ram\u00f3n G\u00f3mez&lt;\/h2&gt;\n\t\t\t\t&lt;p class=&quot;team-cargo-modal&quot;&gt;Head of ESG&lt;\/p&gt;\n\t\t\t\t&lt;div class=&quot;team-bio&quot;&gt;&lt;p data-sourcepos=&quot;1:1-1:263&quot;&gt;En Ram\u00f3n \u00e9s &lt;em&gt;Head of ESG&lt;\/em&gt; a BNZ. Desempenya un paper clau en l&amp;#8217;alineaci\u00f3 dels projectes d&amp;#8217;energia renovable amb els est\u00e0ndards ESG m\u00e9s alts, garantint un impacte positiu en les comunitats locals, la conservaci\u00f3 de la biodiversitat i la responsabilitat ambiental.&lt;\/p&gt;\n&lt;p data-sourcepos=&quot;3:1-3:417&quot;&gt;Abans d&amp;#8217;unir-se a BNZ, en Ram\u00f3n va ocupar c\u00e0rrecs de lideratge a Soltec Power Holdings, Cosentino i Meli\u00e1 Hotels International, on va ser responsable del desenvolupament i la implementaci\u00f3 d&amp;#8217;estrat\u00e8gies de sostenibilitat, informes ESG i iniciatives d&amp;#8217;innovaci\u00f3. La seva experi\u00e8ncia compr\u00e8n planificaci\u00f3 estrat\u00e8gica, finances corporatives i gesti\u00f3 del canvi, i contribueix al creixement sostenible en diversos sectors.&lt;\/p&gt;\n&lt;p data-sourcepos=&quot;5:1-5:387&quot;&gt;En Ram\u00f3n \u00e9s Enginyer de Camins, Canals i Ports per la Universitat de Granada i posseeix un MBA per la Universitat Polit\u00e8cnica de Madrid. A m\u00e9s, ha completat programes especialitzats en Transici\u00f3 Verda (Universitat de Cambridge) i An\u00e0lisi Financera (IE Business School). Tamb\u00e9 est\u00e0 certificat com a Analista ESG (CESGA) per la Federaci\u00f3 Europea de Societats d&amp;#8217;Analistes Financers (EFFAS).&lt;\/p&gt;\n&lt;\/div&gt;\n\t\t\t\t&lt;div class=&quot;team-linkedin&quot;&gt;\n\t\t\t\t\t&lt;a href=&quot;https:\/\/www.linkedin.com\/in\/ram%C3%B3n-g%C3%B3mez-p%C3%A9rez-292069a7\/?originalSubdomain=es&quot; target=&quot;_blank&quot; rel=&quot;noopener noreferrer&quot;&gt;\n\t\t\t\t\t\t&lt;img src=&quot;\/wp-content\/uploads\/2024\/12\/akar-icons_linkedin-box-fill.svg&quot; alt=&quot;LinkedIn&quot; class=&quot;linkedin-icon&quot;&gt;\n\t\t\t\t\t&lt;\/a&gt;\n\t\t\t\t&lt;\/div&gt;\n\t\t\t&lt;\/div&gt;\n\t\t&lt;\/div&gt;\n\t\"><div class=\"team-image\" style=\"background-image:url(https:\/\/www.bnz.energy\/wp-content\/uploads\/2025\/03\/Foto-perfil-3-1.jpeg);\"><div class=\"team-info\"><h3 class=\"team-name\">Ram\u00f3n G\u00f3mez<\/h3><p class=\"team-cargo\">Head of ESG<\/p><\/div><\/div><\/div><div class=\"team-item col span_4\" style=\"cursor:pointer;\" data-post-id=\"\" data-popup-open=\"3121\" data-content=\"\n\t\t&lt;div class=&quot;modal-content&quot;&gt;\n\t\t\t&lt;div class=&quot;modal-left&quot;&gt;\n\t\t\t\t&lt;div class=&quot;team-image-listado&quot;&gt;&lt;img src=&quot;https:\/\/www.bnz.energy\/wp-content\/uploads\/2025\/06\/IMG_Alvaro-Fernandez.png&quot; alt=&quot;Imagen listado&quot;&gt;&lt;\/div&gt;\n\t\t\t&lt;\/div&gt;\n\t\t\t&lt;div class=&quot;modal-right&quot;&gt;\n\t\t\t\t&lt;h2 class=&quot;team-name-modal&quot;&gt;\u00c1lvaro Fern\u00e1ndez&lt;\/h2&gt;\n\t\t\t\t&lt;p class=&quot;team-cargo-modal&quot;&gt;Chief Strategy and Transformation Officer&lt;\/p&gt;\n\t\t\t\t&lt;div class=&quot;team-bio&quot;&gt;&lt;p&gt;\u00c1lvaro \u00e9s Chief Strategy and Transformation Officer a BNZ. Amb una \u00e0mplia traject\u00f2ria internacional al sector de les energies renovables, lidera la definici\u00f3 de l&amp;#8217;estrat\u00e8gia corporativa i l&amp;#8217;execuci\u00f3 d&amp;#8217;iniciatives clau per accelerar el creixement de la companyia.&lt;\/p&gt;\n&lt;p&gt;Abans d&amp;#8217;unir-se a BNZ, \u00c1lvaro va exercir funcions directives a RWE Renewables, on va ser responsable de l&amp;#8217;estrat\u00e8gia i la transformaci\u00f3 per a Europa i Austr\u00e0lia, aix\u00ed com de les \u00e0rees globals d&amp;#8217;anal\u00edtica, digitalitzaci\u00f3 i innovaci\u00f3. Pr\u00e8viament, va ser Associate Partner a McKinsey &amp;amp; Company, on va liderar programes de transformaci\u00f3 i optimitzaci\u00f3 de disseny\/costos per a empreses energ\u00e8tiques i industrials.&lt;\/p&gt;\n&lt;p&gt;\u00c1lvaro \u00e9s Enginyer Industrial per la Universitat Pontif\u00edcia Comillas (ICAI) i compta amb un MBA pel MIT Sloan School of Management.&lt;\/p&gt;\n&lt;\/div&gt;\n\t\t\t\t&lt;div class=&quot;team-linkedin&quot;&gt;\n\t\t\t\t\t&lt;a href=&quot;https:\/\/www.linkedin.com\/in\/afernandezperez\/&quot; target=&quot;_blank&quot; rel=&quot;noopener noreferrer&quot;&gt;\n\t\t\t\t\t\t&lt;img src=&quot;\/wp-content\/uploads\/2024\/12\/akar-icons_linkedin-box-fill.svg&quot; alt=&quot;LinkedIn&quot; class=&quot;linkedin-icon&quot;&gt;\n\t\t\t\t\t&lt;\/a&gt;\n\t\t\t\t&lt;\/div&gt;\n\t\t\t&lt;\/div&gt;\n\t\t&lt;\/div&gt;\n\t\"><div class=\"team-image\" style=\"background-image:url(https:\/\/www.bnz.energy\/wp-content\/uploads\/2025\/06\/IMG_Alvaro-Fernandez.png);\"><div class=\"team-info\"><h3 class=\"team-name\">\u00c1lvaro Fern\u00e1ndez<\/h3><p class=\"team-cargo\">Chief Strategy and Transformation Officer<\/p><\/div><\/div><\/div><div class=\"team-item col span_4\" style=\"cursor:pointer;\" data-post-id=\"\" data-popup-open=\"3121\" data-content=\"\n\t\t&lt;div class=&quot;modal-content&quot;&gt;\n\t\t\t&lt;div class=&quot;modal-left&quot;&gt;\n\t\t\t\t&lt;div class=&quot;team-image-listado&quot;&gt;&lt;\/div&gt;\n\t\t\t&lt;\/div&gt;\n\t\t\t&lt;div class=&quot;modal-right&quot;&gt;\n\t\t\t\t&lt;h2 class=&quot;team-name-modal&quot;&gt;Allison Brooks&lt;\/h2&gt;\n\t\t\t\t&lt;p class=&quot;team-cargo-modal&quot;&gt;Head of People&lt;\/p&gt;\n\t\t\t\t&lt;div class=&quot;team-bio&quot;&gt;&lt;p&gt;L&amp;#8217;Allison \u00e9s Head of People a BNZ, un rol de gran import\u00e0ncia amb un equip en constant creixement i evoluci\u00f3. Les seves funcions inclouen processos de contractaci\u00f3, incorporaci\u00f3, desenvolupament i compensaci\u00f3, aix\u00ed com fomentar la cultura de l&amp;#8217;empresa i l&amp;#8217;experi\u00e8ncia de cada empleat. Les seves responsabilitats inclouen combinar la visi\u00f3 estrat\u00e8gica amb la gesti\u00f3 di\u00e0ria, donar suport al creixement internacional i dissenyar pol\u00edtiques per atraure i retenir el talent.&lt;\/p&gt;\n&lt;p&gt;Anteriorment, l&amp;#8217;Allison va treballar en rols similars com a cap de persones en empreses del sector de les energies renovables com Abei Energy &amp;amp; Infrastructure, empreses tecnol\u00f2giques com Frenetic Electronics i empreses de capital risc com Eatable Adventures. Tamb\u00e9 va desenvolupar les seves habilitats en recursos humans a la consultora Robert Walters.&lt;\/p&gt;\n&lt;p&gt;Es va graduar a la Universitat de Delaware (EUA) amb una llicenciatura en Ci\u00e8ncies Cognitives i Psicologia, i tamb\u00e9 t\u00e9 un m\u00e0ster en Gesti\u00f3 de Recursos Humans del Centre d&amp;#8217;Estudis Financers (CEF UDIMA).&lt;\/p&gt;\n&lt;\/div&gt;\n\t\t\t\t&lt;div class=&quot;team-linkedin&quot;&gt;\n\t\t\t\t\t&lt;a href=&quot;https:\/\/www.linkedin.com\/in\/allison-brooks-71348012a\/&quot; target=&quot;_blank&quot; rel=&quot;noopener noreferrer&quot;&gt;\n\t\t\t\t\t\t&lt;img src=&quot;\/wp-content\/uploads\/2024\/12\/akar-icons_linkedin-box-fill.svg&quot; alt=&quot;LinkedIn&quot; class=&quot;linkedin-icon&quot;&gt;\n\t\t\t\t\t&lt;\/a&gt;\n\t\t\t\t&lt;\/div&gt;\n\t\t\t&lt;\/div&gt;\n\t\t&lt;\/div&gt;\n\t\"><div class=\"team-image\" style=\"background-image:url(https:\/\/www.bnz.energy\/wp-content\/uploads\/2025\/10\/ABpic1-1-1-scaled.jpeg);\"><div class=\"team-info\"><h3 class=\"team-name\">Allison Brooks<\/h3><p class=\"team-cargo\">Head of People<\/p><\/div><\/div><\/div><div class=\"team-item col span_4\" style=\"cursor:pointer;\" data-post-id=\"\" data-popup-open=\"3121\" data-content=\"\n\t\t&lt;div class=&quot;modal-content&quot;&gt;\n\t\t\t&lt;div class=&quot;modal-left&quot;&gt;\n\t\t\t\t&lt;div class=&quot;team-image-listado&quot;&gt;&lt;img src=&quot;https:\/\/www.bnz.energy\/wp-content\/uploads\/2025\/05\/IMG_Isabel-Vera.png&quot; alt=&quot;Imagen listado&quot;&gt;&lt;\/div&gt;\n\t\t\t&lt;\/div&gt;\n\t\t\t&lt;div class=&quot;modal-right&quot;&gt;\n\t\t\t\t&lt;h2 class=&quot;team-name-modal&quot;&gt;Isabel Vera&lt;\/h2&gt;\n\t\t\t\t&lt;p class=&quot;team-cargo-modal&quot;&gt;Head of Legal&lt;\/p&gt;\n\t\t\t\t&lt;div class=&quot;team-bio&quot;&gt;&lt;p class=&quot;&quot; data-start=&quot;0&quot; data-end=&quot;255&quot;&gt;Isabel \u00e9s Head of Legal a BNZ. Amb una s\u00f2lida traject\u00f2ria en dret corporatiu, fusions i adquisicions, Isabel desenvolupa un paper clau en l&amp;#8217;assessorament legal estrat\u00e8gic de l&amp;#8217;empresa, liderant la gesti\u00f3 d&amp;#8217;assumptes societaris, contractuals i regulatoris.&lt;\/p&gt;\n&lt;p class=&quot;&quot; data-start=&quot;257&quot; data-end=&quot;696&quot;&gt;Abans d&amp;#8217;incorporar-se a BNZ, Isabel va desenvolupar la seva carrera en reconegudes firmes com Andersen Tax &amp;amp; Legal i A. Bercovitz, Alvargonz\u00e1lez, Corcelles i Garc\u00eda-Cruces Abogados. En aquests despatxos, va assessorar a empreses nacionals i internacionals en operacions de M&amp;amp;A, capital risc i reestructuracions, participant en processos de due diligence, redacci\u00f3 i negociaci\u00f3 de contractes complexos, i disseny de estructures societ\u00e0ries.&lt;\/p&gt;\n&lt;p class=&quot;&quot; data-start=&quot;698&quot; data-end=&quot;940&quot;&gt;Isabel \u00e9s graduada en Dret i t\u00e9 un M\u00e0ster en l&amp;#8217;Exercici de l&amp;#8217;Advocacia per la Universitat Aut\u00f2noma de Madrid. A m\u00e9s, compta amb programes d&amp;#8217;especialitzaci\u00f3 en Dret de la Compet\u00e8ncia (IEB) i en Govern Corporatiu i Transaccions de M&amp;amp;A (UAM).&lt;\/p&gt;\n&lt;\/div&gt;\n\t\t\t\t&lt;div class=&quot;team-linkedin&quot;&gt;\n\t\t\t\t\t&lt;a href=&quot;https:\/\/www.linkedin.com\/in\/isabelverahervas\/&quot; target=&quot;_blank&quot; rel=&quot;noopener noreferrer&quot;&gt;\n\t\t\t\t\t\t&lt;img src=&quot;\/wp-content\/uploads\/2024\/12\/akar-icons_linkedin-box-fill.svg&quot; alt=&quot;LinkedIn&quot; class=&quot;linkedin-icon&quot;&gt;\n\t\t\t\t\t&lt;\/a&gt;\n\t\t\t\t&lt;\/div&gt;\n\t\t\t&lt;\/div&gt;\n\t\t&lt;\/div&gt;\n\t\"><div class=\"team-image\" style=\"background-image:url(https:\/\/www.bnz.energy\/wp-content\/uploads\/2025\/05\/IMG_Isabel-Vera.png);\"><div class=\"team-info\"><h3 class=\"team-name\">Isabel Vera<\/h3><p class=\"team-cargo\">Head of Legal<\/p><\/div><\/div><\/div><\/div>\n<p>[\/et_pb_text][\/et_pb_column][\/et_pb_row][\/et_pb_section][et_pb_section fb_built=&#8221;1&#8243; _builder_version=&#8221;4.27.2&#8243; _module_preset=&#8221;default&#8221; custom_padding=&#8221;0px||0px||false|false&#8221; locked=&#8221;off&#8221; collapsed=&#8221;off&#8221; global_colors_info=&#8221;{}&#8221;][et_pb_row _builder_version=&#8221;4.27.2&#8243; _module_preset=&#8221;default&#8221; custom_padding=&#8221;0px||0px||false|false&#8221; global_colors_info=&#8221;{}&#8221;][et_pb_column type=&#8221;4_4&#8243; _builder_version=&#8221;4.27.2&#8243; _module_preset=&#8221;default&#8221; global_colors_info=&#8221;{}&#8221;][et_pb_heading title=&#8221;Equip&#8221; admin_label=&#8221;Team&#8221; _builder_version=&#8221;4.27.2&#8243; _module_preset=&#8221;default&#8221; title_level=&#8221;h2&#8243; title_font=&#8221;Poppins|600|||||||&#8221; title_text_align=&#8221;left&#8221; title_text_color=&#8221;#44505D&#8221; title_font_size=&#8221;28px&#8221; title_line_height=&#8221;181.2%&#8221; custom_margin=&#8221;0px||0px||false|false&#8221; custom_padding=&#8221;13px||0px|28px|false|false&#8221; animation_direction=&#8221;left&#8221; title_font_size_tablet=&#8221;28px&#8221; title_font_size_phone=&#8221;22px&#8221; title_font_size_last_edited=&#8221;on|phone&#8221; border_width_left=&#8221;2px&#8221; border_color_left=&#8221;#F88303&#8243; global_colors_info=&#8221;{}&#8221;][\/et_pb_heading][\/et_pb_column][\/et_pb_row][\/et_pb_section][et_pb_section fb_built=&#8221;1&#8243; _builder_version=&#8221;4.27.2&#8243; _module_preset=&#8221;default&#8221; background_color=&#8221;RGBA(255,255,255,0)&#8221; locked=&#8221;off&#8221; collapsed=&#8221;off&#8221; global_colors_info=&#8221;{}&#8221;][et_pb_row _builder_version=&#8221;4.27.2&#8243; _module_preset=&#8221;default&#8221; custom_padding=&#8221;0px||0px||false|false&#8221; global_colors_info=&#8221;{}&#8221;][et_pb_column type=&#8221;4_4&#8243; _builder_version=&#8221;4.27.2&#8243; _module_preset=&#8221;default&#8221; global_colors_info=&#8221;{}&#8221;][et_pb_text admin_label=&#8221;Text&#8221; _builder_version=&#8221;4.27.2&#8243; _module_preset=&#8221;default&#8221; custom_css_free_form=&#8221;@media only screen and (max-width: 600px){||  .team-grid{||    display:block;||  }||  div.team-item{||    width: 100%;||  }||}&#8221; global_colors_info=&#8221;{}&#8221;]<\/p>\n<div class=\"team-grid\"><div class=\"team-item col span_4\" style=\"cursor:pointer;\" data-post-id=\"\" data-popup-open=\"3121\" data-content=\"\n\t\t&lt;div class=&quot;modal-content&quot;&gt;\n\t\t\t&lt;div class=&quot;modal-left&quot;&gt;\n\t\t\t\t&lt;div class=&quot;team-image-listado&quot;&gt;&lt;img src=&quot;https:\/\/www.bnz.energy\/wp-content\/uploads\/2024\/11\/IMG_Adrian-Perez.png&quot; alt=&quot;Imagen listado&quot;&gt;&lt;\/div&gt;\n\t\t\t&lt;\/div&gt;\n\t\t\t&lt;div class=&quot;modal-right&quot;&gt;\n\t\t\t\t&lt;h2 class=&quot;team-name-modal&quot;&gt;Adri\u00e1n P\u00e9rez&lt;\/h2&gt;\n\t\t\t\t&lt;p class=&quot;team-cargo-modal&quot;&gt;Head of Project Finance&lt;\/p&gt;\n\t\t\t\t&lt;div class=&quot;team-bio&quot;&gt;&lt;p&gt;L\u2019Adri\u00e1n \u00e9s &lt;em&gt;Head of Project Finance&lt;\/em&gt; a BNZ. Compta amb m\u00e9s de nou anys d\u2019experi\u00e8ncia en el sector financer, cinc dels quals plenament dedicats a gestionar la comptabilitat i les finances d\u2019empreses del sector fotovoltaic.&lt;\/p&gt;\n&lt;p&gt;Abans d\u2019incorporar-se a BNZ, ha desenvolupat la seva carrera professional en l\u2019\u00e0mbit de la consultoria financera i en empreses com a Grup La Paz o Plenium Partners, realitzant auditories, gestionant la tresoreria i controlant estocs i pressupostos, amb responsabilitats de reporting per a diferents geografies.&lt;\/p&gt;\n&lt;p&gt;L\u2019Adri\u00e1n est\u00e0 Llicenciat en Administraci\u00f3 i Direcci\u00f3 d\u2019Empreses per la Universitat de Huelva i compta amb formaci\u00f3 complement\u00e0ria en gesti\u00f3 economicofinancera, aix\u00ed com en comer\u00e7 electr\u00f2nic.&lt;\/p&gt;\n&lt;\/div&gt;\n\t\t\t\t&lt;div class=&quot;team-linkedin&quot;&gt;\n\t\t\t\t\t&lt;a href=&quot;https:\/\/www.linkedin.com\/in\/adri%C3%A1n-p%C3%A9rez-castilla-ab92b093\/&quot; target=&quot;_blank&quot; rel=&quot;noopener noreferrer&quot;&gt;\n\t\t\t\t\t\t&lt;img src=&quot;\/wp-content\/uploads\/2024\/12\/akar-icons_linkedin-box-fill.svg&quot; alt=&quot;LinkedIn&quot; class=&quot;linkedin-icon&quot;&gt;\n\t\t\t\t\t&lt;\/a&gt;\n\t\t\t\t&lt;\/div&gt;\n\t\t\t&lt;\/div&gt;\n\t\t&lt;\/div&gt;\n\t\"><div class=\"team-image\" style=\"background-image:url(https:\/\/www.bnz.energy\/wp-content\/uploads\/2024\/11\/IMG_Adrian-Perez.png);\"><div class=\"team-info\"><h3 class=\"team-name\">Adri\u00e1n P\u00e9rez<\/h3><p class=\"team-cargo\">Head of Project Finance<\/p><\/div><\/div><\/div><div class=\"team-item col span_4\" style=\"cursor:pointer;\" data-post-id=\"\" data-popup-open=\"3121\" data-content=\"\n\t\t&lt;div class=&quot;modal-content&quot;&gt;\n\t\t\t&lt;div class=&quot;modal-left&quot;&gt;\n\t\t\t\t&lt;div class=&quot;team-image-listado&quot;&gt;&lt;img src=&quot;https:\/\/www.bnz.energy\/wp-content\/uploads\/2025\/11\/foto-ACM-copia-1-1-1-1-1-1-1-1-scaled.png&quot; alt=&quot;Imagen listado&quot;&gt;&lt;\/div&gt;\n\t\t\t&lt;\/div&gt;\n\t\t\t&lt;div class=&quot;modal-right&quot;&gt;\n\t\t\t\t&lt;h2 class=&quot;team-name-modal&quot;&gt;Alejandro Chueca&lt;\/h2&gt;\n\t\t\t\t&lt;p class=&quot;team-cargo-modal&quot;&gt;Origination Manager&lt;\/p&gt;\n\t\t\t\t&lt;div class=&quot;team-bio&quot;&gt;&lt;p&gt;Alejandro \u00e9s Origination Manager a BNZ, on impulsa el desenvolupament d&amp;#8217;acords de compravenda d&amp;#8217;energia (PPA) i noves oportunitats de negoci que contribueixen a l&amp;#8217;estrat\u00e8gia de creixement de la companyia en energies renovables. El seu treball s&amp;#8217;orienta a la negociaci\u00f3 amb clients i utilities, l&amp;#8217;an\u00e0lisi de mercats el\u00e8ctrics i l&amp;#8217;estructuraci\u00f3 de contractes que reforcen la posici\u00f3 de BNZ al sector.&lt;\/p&gt;\n&lt;p&gt;Abans d&amp;#8217;incorporar-se a BNZ, va desenvolupar la seva carrera en companyies internacionals com Acciona Energ\u00eda, on va ser International Portfolio Manager gestionant contractes a Europa i Llatinoam\u00e8rica, i EDP Renewables, on va treballar com a Power Trader en diversos mercats europeus. Pr\u00e8viament va ocupar posicions a Brookfield Renewable, Deloitte i T\u00e9cnicas Reunidas, adquirint una s\u00f2lida experi\u00e8ncia en trading, consultoria energ\u00e8tica i gesti\u00f3 de projectes.&lt;\/p&gt;\n&lt;p&gt;Alejandro \u00e9s enginyer de Mines per la Universitat Polit\u00e8cnica de Madrid i compta amb un m\u00e0ster en Enginyeria de l&amp;#8217;Energia per la mateixa instituci\u00f3, aix\u00ed com un m\u00e0ster en Energy Management pel Dublin Institute of Technology. Actualment cursa estudis d&amp;#8217;administraci\u00f3 i direcci\u00f3 d&amp;#8217;empreses a la UNED.&lt;\/p&gt;\n&lt;\/div&gt;\n\t\t\t\t&lt;div class=&quot;team-linkedin&quot;&gt;\n\t\t\t\t\t&lt;a href=&quot;https:\/\/www.linkedin.com\/in\/alejandro-chueca-mateos-4569bb64\/&quot; target=&quot;_blank&quot; rel=&quot;noopener noreferrer&quot;&gt;\n\t\t\t\t\t\t&lt;img src=&quot;\/wp-content\/uploads\/2024\/12\/akar-icons_linkedin-box-fill.svg&quot; alt=&quot;LinkedIn&quot; class=&quot;linkedin-icon&quot;&gt;\n\t\t\t\t\t&lt;\/a&gt;\n\t\t\t\t&lt;\/div&gt;\n\t\t\t&lt;\/div&gt;\n\t\t&lt;\/div&gt;\n\t\"><div class=\"team-image\" style=\"background-image:url(https:\/\/www.bnz.energy\/wp-content\/uploads\/2025\/11\/foto-ACM-copia-1-1-1-1-1-1-1-1-scaled.png);\"><div class=\"team-info\"><h3 class=\"team-name\">Alejandro Chueca<\/h3><p class=\"team-cargo\">Origination Manager<\/p><\/div><\/div><\/div><div class=\"team-item col span_4\" style=\"cursor:pointer;\" data-post-id=\"\" data-popup-open=\"3121\" data-content=\"\n\t\t&lt;div class=&quot;modal-content&quot;&gt;\n\t\t\t&lt;div class=&quot;modal-left&quot;&gt;\n\t\t\t\t&lt;div class=&quot;team-image-listado&quot;&gt;&lt;\/div&gt;\n\t\t\t&lt;\/div&gt;\n\t\t\t&lt;div class=&quot;modal-right&quot;&gt;\n\t\t\t\t&lt;h2 class=&quot;team-name-modal&quot;&gt;Amanda Guerrero&lt;\/h2&gt;\n\t\t\t\t&lt;p class=&quot;team-cargo-modal&quot;&gt;HSEQ Specialist&lt;\/p&gt;\n\t\t\t\t&lt;div class=&quot;team-bio&quot;&gt;&lt;p&gt;Amanda \u00e9s HSEQ Specialist a BNZ, on s&amp;#8217;encarrega de coordinar i supervisar els aspectes de Prevenci\u00f3 de Riscos Laborals, Medi Ambient i Qualitat en els projectes que la companyia desenvolupa a Espanya, Portugal i It\u00e0lia. Des de la gesti\u00f3 amb contractistes i EPCs fins al manteniment dels sistemes integrats de gesti\u00f3 i el seguiment d&amp;#8217;auditories i indicadors, contribueix al compliment normatiu i refor\u00e7a el comprom\u00eds de BNZ amb la seguretat, la sostenibilitat i el benestar de les persones.&lt;\/p&gt;\n&lt;p&gt;Abans d&amp;#8217;incorporar-se a BNZ, va exercir funcions d&amp;#8217;especialista en companyies internacionals com Schneider Electric, Atlantica Sustainable Infrastructure i Airbus Defence and Space, acumulant m\u00e9s de sis anys d&amp;#8217;experi\u00e8ncia en projectes d&amp;#8217;energies renovables, especialment en plantes fotovoltaiques.&lt;\/p&gt;\n&lt;p&gt;Amanda \u00e9s llicenciada en Ci\u00e8ncies Ambientals per la Universitat Pablo d&amp;#8217;Olavide de Sevilla i compta amb un m\u00e0ster en Prevenci\u00f3 de Riscos Laborals per la Universitat Nebrija i IMF Business School.&lt;\/p&gt;\n&lt;\/div&gt;\n\t\t\t\t&lt;div class=&quot;team-linkedin&quot;&gt;\n\t\t\t\t\t&lt;a href=&quot;https:\/\/www.linkedin.com\/in\/amanda-guerrero-rodriguez\/&quot; target=&quot;_blank&quot; rel=&quot;noopener noreferrer&quot;&gt;\n\t\t\t\t\t\t&lt;img src=&quot;\/wp-content\/uploads\/2024\/12\/akar-icons_linkedin-box-fill.svg&quot; alt=&quot;LinkedIn&quot; class=&quot;linkedin-icon&quot;&gt;\n\t\t\t\t\t&lt;\/a&gt;\n\t\t\t\t&lt;\/div&gt;\n\t\t\t&lt;\/div&gt;\n\t\t&lt;\/div&gt;\n\t\"><div class=\"team-image\" style=\"background-image:url(https:\/\/www.bnz.energy\/wp-content\/uploads\/2025\/10\/AMANDA-GUERRERO-copia.png);\"><div class=\"team-info\"><h3 class=\"team-name\">Amanda Guerrero<\/h3><p class=\"team-cargo\">HSEQ Specialist<\/p><\/div><\/div><\/div><div class=\"team-item col span_4\" style=\"cursor:pointer;\" data-post-id=\"\" data-popup-open=\"3121\" data-content=\"\n\t\t&lt;div class=&quot;modal-content&quot;&gt;\n\t\t\t&lt;div class=&quot;modal-left&quot;&gt;\n\t\t\t\t&lt;div class=&quot;team-image-listado&quot;&gt;&lt;img src=&quot;https:\/\/www.bnz.energy\/wp-content\/uploads\/2025\/11\/ADB-copia-2-1-1-scaled.png&quot; alt=&quot;Imagen listado&quot;&gt;&lt;\/div&gt;\n\t\t\t&lt;\/div&gt;\n\t\t\t&lt;div class=&quot;modal-right&quot;&gt;\n\t\t\t\t&lt;h2 class=&quot;team-name-modal&quot;&gt;Andr\u00e9s Delgado&lt;\/h2&gt;\n\t\t\t\t&lt;p class=&quot;team-cargo-modal&quot;&gt;Global IT Manager&lt;\/p&gt;\n\t\t\t\t&lt;div class=&quot;team-bio&quot;&gt;&lt;p&gt;Andr\u00e9s \u00e9s Global IT Manager a BNZ. Amb una traject\u00f2ria s\u00f2lida en entorns multinacionals, lidera l&amp;#8217;estrat\u00e8gia tecnol\u00f2gica global de la companyia, impulsant la transformaci\u00f3 digital, el compliment normatiu en ciberseguretat (NIS 2) i la innovaci\u00f3 en entorns d&amp;#8217;energies renovables.&lt;\/p&gt;\n&lt;p&gt;Abans d&amp;#8217;incorporar-se a BNZ, Andr\u00e9s va ocupar posicions directives a empreses com Pers\u00e1n i Abengoa. En aquests rols, va ser responsable de la digitalitzaci\u00f3 de processos, gesti\u00f3 de talent, govern de serveis IT i adopci\u00f3 de tecnologies emergents com a intel\u00b7lig\u00e8ncia artificial, IoT i anal\u00edtica avan\u00e7ada. La seva experi\u00e8ncia tamb\u00e9 inclou responsabilitats en projectes de tecnologia i administraci\u00f3 electr\u00f2nica a Telvent i Elimco Sistemas.&lt;\/p&gt;\n&lt;p&gt;Andr\u00e9s \u00e9s enginyer t\u00e8cnic en Inform\u00e0tica de Gesti\u00f3 per la Universitat de Sevilla i compta amb un Executive MBA per l&amp;#8217;Escola d&amp;#8217;Organitzaci\u00f3 Industrial (EOI), a m\u00e9s d&amp;#8217;un programa executiu en Direcci\u00f3 de Projectes per la mateixa instituci\u00f3.&lt;\/p&gt;\n&lt;\/div&gt;\n\t\t\t\t&lt;div class=&quot;team-linkedin&quot;&gt;\n\t\t\t\t\t&lt;a href=&quot;https:\/\/www.linkedin.com\/in\/andres-delgado-bernal\/&quot; target=&quot;_blank&quot; rel=&quot;noopener noreferrer&quot;&gt;\n\t\t\t\t\t\t&lt;img src=&quot;\/wp-content\/uploads\/2024\/12\/akar-icons_linkedin-box-fill.svg&quot; alt=&quot;LinkedIn&quot; class=&quot;linkedin-icon&quot;&gt;\n\t\t\t\t\t&lt;\/a&gt;\n\t\t\t\t&lt;\/div&gt;\n\t\t\t&lt;\/div&gt;\n\t\t&lt;\/div&gt;\n\t\"><div class=\"team-image\" style=\"background-image:url(https:\/\/www.bnz.energy\/wp-content\/uploads\/2025\/11\/ADB-copia-2-1-1-scaled.png);\"><div class=\"team-info\"><h3 class=\"team-name\">Andr\u00e9s Delgado<\/h3><p class=\"team-cargo\">Global IT Manager<\/p><\/div><\/div><\/div><div class=\"team-item col span_4\" style=\"cursor:pointer;\" data-post-id=\"\" data-popup-open=\"3121\" data-content=\"\n\t\t&lt;div class=&quot;modal-content&quot;&gt;\n\t\t\t&lt;div class=&quot;modal-left&quot;&gt;\n\t\t\t\t&lt;div class=&quot;team-image-listado&quot;&gt;&lt;\/div&gt;\n\t\t\t&lt;\/div&gt;\n\t\t\t&lt;div class=&quot;modal-right&quot;&gt;\n\t\t\t\t&lt;h2 class=&quot;team-name-modal&quot;&gt;Antonio Ballester&lt;\/h2&gt;\n\t\t\t\t&lt;p class=&quot;team-cargo-modal&quot;&gt;Business Analyst - Strategy &amp; Transformation&lt;\/p&gt;\n\t\t\t\t&lt;div class=&quot;team-bio&quot;&gt;&lt;p&gt;Antonio \u00e9s Business Analyst a l&amp;#8217;\u00e0rea de Strategy &amp;amp;amp; Transformation de BNZ, contribuint al desenvolupament i seguiment de plans estrat\u00e8gics i financers que donen suport al creixement de la companyia a tot Europa. La seva tasca se centra en l&amp;#8217;avaluaci\u00f3 d&amp;#8217;oportunitats de negoci, optimitzaci\u00f3 de processos i iniciatives de transformaci\u00f3 que reforcen el comprom\u00eds de BNZ amb la sostenibilitat i la creaci\u00f3 de valor.&lt;\/p&gt;\n&lt;p&gt;Abans d&amp;#8217;incorporar-se a BNZ, va treballar com a Financial Project Manager a Aquila Capital \u2013 Aquila Clean Energy, gestionant un portfoli de +2GW de projectes d&amp;#8217;energies renovables, coordinant la planificaci\u00f3 financera i l&amp;#8217;estrat\u00e8gia de cartera, i recolzant en adquisicions, desinversions i estructuraci\u00f3 financera. Tamb\u00e9 va adquirir experi\u00e8ncia a Iberdrola i-DE com a Project Engineer, centrat en el manteniment i l&amp;#8217;estandarditzaci\u00f3 de transformadors de pot\u00e8ncia.&lt;\/p&gt;\n&lt;p&gt;Antonio compta amb el M\u00e0ster en Enginyeria Industrial i el doble grau en Enginyeria Industrial i Administraci\u00f3 i Direcci\u00f3 d&amp;#8217;Empreses per la Universitat Pontif\u00edcia Comillas (ICAI).&lt;\/p&gt;\n&lt;\/div&gt;\n\t\t\t\t&lt;div class=&quot;team-linkedin&quot;&gt;\n\t\t\t\t\t&lt;a href=&quot;https:\/\/www.linkedin.com\/in\/antonioballestermirete\/&quot; target=&quot;_blank&quot; rel=&quot;noopener noreferrer&quot;&gt;\n\t\t\t\t\t\t&lt;img src=&quot;\/wp-content\/uploads\/2024\/12\/akar-icons_linkedin-box-fill.svg&quot; alt=&quot;LinkedIn&quot; class=&quot;linkedin-icon&quot;&gt;\n\t\t\t\t\t&lt;\/a&gt;\n\t\t\t\t&lt;\/div&gt;\n\t\t\t&lt;\/div&gt;\n\t\t&lt;\/div&gt;\n\t\"><div class=\"team-image\" style=\"background-image:url(https:\/\/www.bnz.energy\/wp-content\/uploads\/2025\/10\/Ballester_Antonio-foto-1-copia-1-1-scaled.png);\"><div class=\"team-info\"><h3 class=\"team-name\">Antonio Ballester<\/h3><p class=\"team-cargo\">Business Analyst - Strategy &amp; Transformation<\/p><\/div><\/div><\/div><div class=\"team-item col span_4\" style=\"cursor:pointer;\" data-post-id=\"\" data-popup-open=\"3121\" data-content=\"\n\t\t&lt;div class=&quot;modal-content&quot;&gt;\n\t\t\t&lt;div class=&quot;modal-left&quot;&gt;\n\t\t\t\t&lt;div class=&quot;team-image-listado&quot;&gt;&lt;img src=&quot;https:\/\/www.bnz.energy\/wp-content\/uploads\/2024\/11\/IMG_Aranu-Girona.png&quot; alt=&quot;Imagen listado&quot;&gt;&lt;\/div&gt;\n\t\t\t&lt;\/div&gt;\n\t\t\t&lt;div class=&quot;modal-right&quot;&gt;\n\t\t\t\t&lt;h2 class=&quot;team-name-modal&quot;&gt;Arnau Girona&lt;\/h2&gt;\n\t\t\t\t&lt;p class=&quot;team-cargo-modal&quot;&gt;Senior Engineer&lt;\/p&gt;\n\t\t\t\t&lt;div class=&quot;team-bio&quot;&gt;&lt;p&gt;Arnau \u00e9s &lt;em&gt;Senior Engineer&lt;\/em&gt; a BNZ. T\u00e9 m\u00e9s de 7 anys d\u2019experi\u00e8ncia en energies renovables, amb s\u00f2lids coneixements t\u00e8cnics en disseny, construcci\u00f3 i aspectes contractuals de projectes fotovoltaics a gran escala.&lt;\/p&gt;\n&lt;p&gt;Abans de BNZ, va treballar en consultories internacionals especialitzades en renovables, oferint suport t\u00e8cnic a inversors de capital i deute, incloent-hi avaluacions de rendiment, inspeccions de llocs i revisions de disseny. Ha contribu\u00eft a la redacci\u00f3 i negociaci\u00f3 de contractes EPC i a noves metodologies de proves de rendiment.&lt;\/p&gt;\n&lt;p&gt;Arnau t\u00e9 un MEng en Enginyeria Industrial per la Universitat Polit\u00e8cnica de Catalunya i un MSc en Sistemes d\u2019Energia Renovable per la Universitat de Strathclyde a Glasgow.&lt;\/p&gt;\n&lt;\/div&gt;\n\t\t\t\t&lt;div class=&quot;team-linkedin&quot;&gt;\n\t\t\t\t\t&lt;a href=&quot;https:\/\/www.linkedin.com\/in\/arnaugirona\/&quot; target=&quot;_blank&quot; rel=&quot;noopener noreferrer&quot;&gt;\n\t\t\t\t\t\t&lt;img src=&quot;\/wp-content\/uploads\/2024\/12\/akar-icons_linkedin-box-fill.svg&quot; alt=&quot;LinkedIn&quot; class=&quot;linkedin-icon&quot;&gt;\n\t\t\t\t\t&lt;\/a&gt;\n\t\t\t\t&lt;\/div&gt;\n\t\t\t&lt;\/div&gt;\n\t\t&lt;\/div&gt;\n\t\"><div class=\"team-image\" style=\"background-image:url(https:\/\/www.bnz.energy\/wp-content\/uploads\/2024\/11\/IMG_Aranu-Girona.png);\"><div class=\"team-info\"><h3 class=\"team-name\">Arnau Girona<\/h3><p class=\"team-cargo\">Senior Engineer<\/p><\/div><\/div><\/div><div class=\"team-item col span_4\" style=\"cursor:pointer;\" data-post-id=\"\" data-popup-open=\"3121\" data-content=\"\n\t\t&lt;div class=&quot;modal-content&quot;&gt;\n\t\t\t&lt;div class=&quot;modal-left&quot;&gt;\n\t\t\t\t&lt;div class=&quot;team-image-listado&quot;&gt;&lt;img src=&quot;https:\/\/www.bnz.energy\/wp-content\/uploads\/2026\/04\/Talento_Joven_3-removebg-preview.png&quot; alt=&quot;Imagen listado&quot;&gt;&lt;\/div&gt;\n\t\t\t&lt;\/div&gt;\n\t\t\t&lt;div class=&quot;modal-right&quot;&gt;\n\t\t\t\t&lt;h2 class=&quot;team-name-modal&quot;&gt;Beatriz D\u00edaz Norris&lt;\/h2&gt;\n\t\t\t\t&lt;p class=&quot;team-cargo-modal&quot;&gt;Junior Financial Controller&lt;\/p&gt;\n\t\t\t\t&lt;div class=&quot;team-bio&quot;&gt;&lt;p&gt;&lt;span data-sheets-root=&quot;1&quot;&gt;Beatriz D\u00edaz Norris \u00e9s Junior Financial Controller a BNZ, posici\u00f3 a la qual ha promocionat despr\u00e9s de la seva etapa com a intern a la companyia. En la seva posici\u00f3 actual, dona suport en la supervisi\u00f3 financera i el control de gesti\u00f3 dels projectes, col\u00b7laborant en l\u2019an\u00e0lisi de resultats, el seguiment de KPIs i l\u2019optimitzaci\u00f3 de processos interns per enfortir l\u2019efici\u00e8ncia operativa de la companyia.&lt;\/p&gt;\n&lt;p&gt;Beatriz \u00e9s graduada en Economia per la UNED. Va completar la seva formaci\u00f3 acad\u00e8mica pr\u00e8via a St. Anne\u2019s School Madrid, on va obtenir les certificacions IGCSE i EvAU.&lt;\/p&gt;\n&lt;p&gt;Ha compaginat la seva formaci\u00f3 exercint diversos rols en l\u2019\u00e0mbit de l\u2019ensenyament i la comunicaci\u00f3, treballant com a professora d\u2019idiomes a Chester School of English i prestant serveis de traducci\u00f3 i assist\u00e8ncia en esdeveniments per a Traducciones y Congresos Canarios.&lt;\/span&gt;&lt;\/p&gt;\n&lt;\/div&gt;\n\t\t\t\t&lt;div class=&quot;team-linkedin&quot;&gt;\n\t\t\t\t\t&lt;a href=&quot;https:\/\/www.linkedin.com\/in\/beatriz-d%C3%ADaz-norris-48b5b6176\/&quot; target=&quot;_blank&quot; rel=&quot;noopener noreferrer&quot;&gt;\n\t\t\t\t\t\t&lt;img src=&quot;\/wp-content\/uploads\/2024\/12\/akar-icons_linkedin-box-fill.svg&quot; alt=&quot;LinkedIn&quot; class=&quot;linkedin-icon&quot;&gt;\n\t\t\t\t\t&lt;\/a&gt;\n\t\t\t\t&lt;\/div&gt;\n\t\t\t&lt;\/div&gt;\n\t\t&lt;\/div&gt;\n\t\"><div class=\"team-image\" style=\"background-image:url(https:\/\/www.bnz.energy\/wp-content\/uploads\/2026\/04\/Talento_Joven_3-removebg-preview.png);\"><div class=\"team-info\"><h3 class=\"team-name\">Beatriz D\u00edaz Norris<\/h3><p class=\"team-cargo\">Junior Financial Controller<\/p><\/div><\/div><\/div><div class=\"team-item col span_4\" style=\"cursor:pointer;\" data-post-id=\"\" data-popup-open=\"3121\" data-content=\"\n\t\t&lt;div class=&quot;modal-content&quot;&gt;\n\t\t\t&lt;div class=&quot;modal-left&quot;&gt;\n\t\t\t\t&lt;div class=&quot;team-image-listado&quot;&gt;&lt;img src=&quot;https:\/\/www.bnz.energy\/wp-content\/uploads\/2025\/12\/Captura-de-pantalla-2025-12-18-174821-1-1-1.png&quot; alt=&quot;Imagen listado&quot;&gt;&lt;\/div&gt;\n\t\t\t&lt;\/div&gt;\n\t\t\t&lt;div class=&quot;modal-right&quot;&gt;\n\t\t\t\t&lt;h2 class=&quot;team-name-modal&quot;&gt;Carlos Jerez&lt;\/h2&gt;\n\t\t\t\t&lt;p class=&quot;team-cargo-modal&quot;&gt;Head of Structured Finance&lt;\/p&gt;\n\t\t\t\t&lt;div class=&quot;team-bio&quot;&gt;&lt;p&gt;&lt;span data-sheets-root=&quot;1&quot;&gt;Carlos \u00e9s Head of Structured Finance en BNZ, on lidera l&amp;#8217;estructuraci\u00f3 financera dels projectes de la companyia, abastant deute sense recurs i operacions corporatives vinculades al creixement de la cartera d&amp;#8217;actius d&amp;#8217;energies renovables. Des de la seva posici\u00f3, contribueix activament a la presa de decisions estrat\u00e8giques i a l&amp;#8217;optimitzaci\u00f3 de les estructures d&amp;#8217;inversi\u00f3.&lt;\/p&gt;\n&lt;p&gt;Abans d&amp;#8217;incorporar-se a BNZ, Carlos va acumular m\u00e9s de quinze anys d&amp;#8217;experi\u00e8ncia internacional en finan\u00e7ament d&amp;#8217;energia i infraestructures. Durant set anys va ocupar posicions de responsabilitat en productors independents d&amp;#8217;energia renovable, on va liderar inversions de capital en projectes solars fotovoltaics i d&amp;#8217;emmagatzematge energ\u00e8tic a Europa i en mercats emergents. Pr\u00e8viament, va treballar com Project Finance Banker en el Banc Europeu d&amp;#8217;Inversions i en CAF, centrant-se en operacions de desenvolupament sostenible amb el sector privat.&lt;\/p&gt;\n&lt;p&gt;Carlos posseeix dos m\u00e0sters per universitats de prestigi internacional: un m\u00e0ster en Finances Internacionals per Columbia University (els EUA) i un m\u00e0ster en Economia pel College of Europe. Pr\u00e8viament, va completar llicenciatures en Economia i Administraci\u00f3 d&amp;#8217;Empreses en la Universitat Carles III de Madrid i \u00e9s CFA Charterholder.&lt;\/span&gt;&lt;\/p&gt;\n&lt;\/div&gt;\n\t\t\t\t&lt;div class=&quot;team-linkedin&quot;&gt;\n\t\t\t\t\t&lt;a href=&quot;https:\/\/www.linkedin.com\/in\/carlosjerezbernal\/&quot; target=&quot;_blank&quot; rel=&quot;noopener noreferrer&quot;&gt;\n\t\t\t\t\t\t&lt;img src=&quot;\/wp-content\/uploads\/2024\/12\/akar-icons_linkedin-box-fill.svg&quot; alt=&quot;LinkedIn&quot; class=&quot;linkedin-icon&quot;&gt;\n\t\t\t\t\t&lt;\/a&gt;\n\t\t\t\t&lt;\/div&gt;\n\t\t\t&lt;\/div&gt;\n\t\t&lt;\/div&gt;\n\t\"><div class=\"team-image\" style=\"background-image:url(https:\/\/www.bnz.energy\/wp-content\/uploads\/2025\/12\/Captura-de-pantalla-2025-12-18-174821-1-1-1.png);\"><div class=\"team-info\"><h3 class=\"team-name\">Carlos Jerez<\/h3><p class=\"team-cargo\">Head of Structured Finance<\/p><\/div><\/div><\/div><div class=\"team-item col span_4\" style=\"cursor:pointer;\" data-post-id=\"\" data-popup-open=\"3121\" data-content=\"\n\t\t&lt;div class=&quot;modal-content&quot;&gt;\n\t\t\t&lt;div class=&quot;modal-left&quot;&gt;\n\t\t\t\t&lt;div class=&quot;team-image-listado&quot;&gt;&lt;\/div&gt;\n\t\t\t&lt;\/div&gt;\n\t\t\t&lt;div class=&quot;modal-right&quot;&gt;\n\t\t\t\t&lt;h2 class=&quot;team-name-modal&quot;&gt;Carlota de la C\u00e1mara&lt;\/h2&gt;\n\t\t\t\t&lt;p class=&quot;team-cargo-modal&quot;&gt;Finance Controller&lt;\/p&gt;\n\t\t\t\t&lt;div class=&quot;team-bio&quot;&gt;&lt;p&gt;Carlota \u00e9s Finance Controller a BNZ, on s&amp;#8217;encarrega de la supervisi\u00f3 comptable i financera dels projectes de la companyia, aix\u00ed com de l&amp;#8217;an\u00e0lisi de resultats, reporting i seguiment pressupostari. Des de la seva posici\u00f3 contribueix a garantir el control financer i l&amp;#8217;efici\u00e8ncia operativa en un entorn internacional en creixement.&lt;\/p&gt;\n&lt;p&gt;Abans d&amp;#8217;incorporar-se a BNZ, va treballar a Deloitte, dins l&amp;#8217;\u00e0rea de Business Process Solutions (BPS \u2013 Tax &amp;amp; Legal), on va liderar projectes de tancament comptable i consolidaci\u00f3 financera per a companyies del sector energ\u00e8tic i de grans corporacions internacionals. Pr\u00e8viament, va formar part de l&amp;#8217;equip financer de Babyliss Ib\u00e9rica, col\u00b7laborant en la gesti\u00f3 de cobraments i pagaments, cashflow i reporting al CFO.&lt;\/p&gt;\n&lt;p&gt;Carlota \u00e9s graduada en Economia i Negocis Internacionals per la Universitat d&amp;#8217;Alcal\u00e1, on va cursar un programa biling\u00fce, i va fer part dels seus estudis a l&amp;#8217;\u00c9cole de Management d&amp;#8217;Estrasburg.&lt;\/p&gt;\n&lt;\/div&gt;\n\t\t\t\t&lt;div class=&quot;team-linkedin&quot;&gt;\n\t\t\t\t\t&lt;a href=&quot;https:\/\/www.linkedin.com\/in\/carlotadelac%C3%A1mara\/&quot; target=&quot;_blank&quot; rel=&quot;noopener noreferrer&quot;&gt;\n\t\t\t\t\t\t&lt;img src=&quot;\/wp-content\/uploads\/2024\/12\/akar-icons_linkedin-box-fill.svg&quot; alt=&quot;LinkedIn&quot; class=&quot;linkedin-icon&quot;&gt;\n\t\t\t\t\t&lt;\/a&gt;\n\t\t\t\t&lt;\/div&gt;\n\t\t\t&lt;\/div&gt;\n\t\t&lt;\/div&gt;\n\t\"><div class=\"team-image\" style=\"background-image:url(https:\/\/www.bnz.energy\/wp-content\/uploads\/2025\/11\/Carlota-de-la-Camara-scaled.png);\"><div class=\"team-info\"><h3 class=\"team-name\">Carlota de la C\u00e1mara<\/h3><p class=\"team-cargo\">Finance Controller<\/p><\/div><\/div><\/div><div class=\"team-item col span_4\" style=\"cursor:pointer;\" data-post-id=\"\" data-popup-open=\"3121\" data-content=\"\n\t\t&lt;div class=&quot;modal-content&quot;&gt;\n\t\t\t&lt;div class=&quot;modal-left&quot;&gt;\n\t\t\t\t&lt;div class=&quot;team-image-listado&quot;&gt;&lt;img src=&quot;https:\/\/www.bnz.energy\/wp-content\/uploads\/2024\/11\/IMG_Carolina-Bravo.png&quot; alt=&quot;Imagen listado&quot;&gt;&lt;\/div&gt;\n\t\t\t&lt;\/div&gt;\n\t\t\t&lt;div class=&quot;modal-right&quot;&gt;\n\t\t\t\t&lt;h2 class=&quot;team-name-modal&quot;&gt;Carolina Bravo&lt;\/h2&gt;\n\t\t\t\t&lt;p class=&quot;team-cargo-modal&quot;&gt;Head of Controlling&lt;\/p&gt;\n\t\t\t\t&lt;div class=&quot;team-bio&quot;&gt;&lt;p&gt;Carolina \u00e9s &lt;em&gt;Head of Controlling&lt;\/em&gt; a BNZ. T\u00e9 m\u00e9s de 15 anys d\u2019experi\u00e8ncia en el sector financer, gestionant relacions amb advocats i altres actors de la ind\u00fastria a nivell nacional i internacional.&lt;\/p&gt;\n&lt;p&gt;Abans d\u2019unir-se a BNZ, va treballar a PwC com a Senior Manager en Auditoria, liderant equips per a clients del sector energ\u00e8tic. Les seves responsabilitats inclo\u00efen la gesti\u00f3 de projectes, planificaci\u00f3 de recursos i revisi\u00f3 d\u2019estats financers. Tamb\u00e9 ha avaluat el control intern d\u2019entitats cotitzades, emetent informes sobre Control Intern de la Informaci\u00f3 Financera (ICFR).&lt;\/p&gt;\n&lt;p&gt;Carolina \u00e9s llicenciada en Dret i Administraci\u00f3 d\u2019Empreses per la Universitat Aut\u00f2noma de Madrid (UAM) i t\u00e9 un MBA Executiu en Fashion Business per la ISEM Fashion Business School de la Universitat de Navarra.&lt;\/p&gt;\n&lt;\/div&gt;\n\t\t\t\t&lt;div class=&quot;team-linkedin&quot;&gt;\n\t\t\t\t\t&lt;a href=&quot;https:\/\/www.linkedin.com\/in\/carolinabravomimoso\/&quot; target=&quot;_blank&quot; rel=&quot;noopener noreferrer&quot;&gt;\n\t\t\t\t\t\t&lt;img src=&quot;\/wp-content\/uploads\/2024\/12\/akar-icons_linkedin-box-fill.svg&quot; alt=&quot;LinkedIn&quot; class=&quot;linkedin-icon&quot;&gt;\n\t\t\t\t\t&lt;\/a&gt;\n\t\t\t\t&lt;\/div&gt;\n\t\t\t&lt;\/div&gt;\n\t\t&lt;\/div&gt;\n\t\"><div class=\"team-image\" style=\"background-image:url(https:\/\/www.bnz.energy\/wp-content\/uploads\/2024\/11\/IMG_Carolina-Bravo.png);\"><div class=\"team-info\"><h3 class=\"team-name\">Carolina Bravo<\/h3><p class=\"team-cargo\">Head of Controlling<\/p><\/div><\/div><\/div><div class=\"team-item col span_4\" style=\"cursor:pointer;\" data-post-id=\"\" data-popup-open=\"3121\" data-content=\"\n\t\t&lt;div class=&quot;modal-content&quot;&gt;\n\t\t\t&lt;div class=&quot;modal-left&quot;&gt;\n\t\t\t\t&lt;div class=&quot;team-image-listado&quot;&gt;&lt;img src=&quot;https:\/\/www.bnz.energy\/wp-content\/uploads\/2026\/02\/666403db-6bfb-4c1f-a62e-39ecf3aa839b_removalai_preview.png&quot; alt=&quot;Imagen listado&quot;&gt;&lt;\/div&gt;\n\t\t\t&lt;\/div&gt;\n\t\t\t&lt;div class=&quot;modal-right&quot;&gt;\n\t\t\t\t&lt;h2 class=&quot;team-name-modal&quot;&gt;Clara Serrano&lt;\/h2&gt;\n\t\t\t\t&lt;p class=&quot;team-cargo-modal&quot;&gt;Asset Manager&lt;\/p&gt;\n\t\t\t\t&lt;div class=&quot;team-bio&quot;&gt;&lt;p&gt;&lt;span data-sheets-root=&quot;1&quot;&gt;Clara \u00e9s Asset Manager a BNZ. Amb una traject\u00f2ria enfocada en la gesti\u00f3 d&amp;#8217;actius d&amp;#8217;energies renovables, exerceix un paper clau en la supervisi\u00f3 t\u00e8cnica, contractual i operativa de plantes fotovoltaiques, contribuint a maximitzar-ne el rendiment i l&amp;#8217;efici\u00e8ncia al llarg de tot el cicle de vida de l&amp;#8217;actiu.&lt;\/p&gt;\n&lt;p&gt;Abans d&amp;#8217;unir-se a BNZ, la Clara va ocupar c\u00e0rrecs de responsabilitat en companyies del sector energ\u00e8tic com ara GALP i FRV, gestionant projectes solars a Espanya, Portugal i M\u00e8xic amb una pot\u00e8ncia conjunta superior als 350 MW. En aquests llocs, va liderar tasques de gesti\u00f3 contractual, supervisi\u00f3 operativa, estrat\u00e8gia de trading, control de costos i resoluci\u00f3 de garanties postconstrucci\u00f3. Tamb\u00e9 va participar activament en el desenvolupament de centres de control i sistemes de monitoritzaci\u00f3, definint KPIs, validant eines SCADA i millorant la qualitat de les dades operatives.&lt;\/p&gt;\n&lt;p&gt;Clara \u00e9s Enginyera Industrial per la Universitat de Sevilla i compta amb un M\u00e0ster en Energies Renovables i Mercat Energ\u00e8tic per l&amp;#8217;Escola d&amp;#8217;Organitzaci\u00f3 Industrial (EOI).&lt;\/span&gt;&lt;\/p&gt;\n&lt;\/div&gt;\n\t\t\t\t&lt;div class=&quot;team-linkedin&quot;&gt;\n\t\t\t\t\t&lt;a href=&quot;https:\/\/www.linkedin.com\/in\/claraserranoruizingeniero\/?originalSubdomain=es&quot; target=&quot;_blank&quot; rel=&quot;noopener noreferrer&quot;&gt;\n\t\t\t\t\t\t&lt;img src=&quot;\/wp-content\/uploads\/2024\/12\/akar-icons_linkedin-box-fill.svg&quot; alt=&quot;LinkedIn&quot; class=&quot;linkedin-icon&quot;&gt;\n\t\t\t\t\t&lt;\/a&gt;\n\t\t\t\t&lt;\/div&gt;\n\t\t\t&lt;\/div&gt;\n\t\t&lt;\/div&gt;\n\t\"><div class=\"team-image\" style=\"background-image:url(https:\/\/www.bnz.energy\/wp-content\/uploads\/2026\/02\/666403db-6bfb-4c1f-a62e-39ecf3aa839b_removalai_preview.png);\"><div class=\"team-info\"><h3 class=\"team-name\">Clara Serrano<\/h3><p class=\"team-cargo\">Asset Manager<\/p><\/div><\/div><\/div><div class=\"team-item col span_4\" style=\"cursor:pointer;\" data-post-id=\"\" data-popup-open=\"3121\" data-content=\"\n\t\t&lt;div class=&quot;modal-content&quot;&gt;\n\t\t\t&lt;div class=&quot;modal-left&quot;&gt;\n\t\t\t\t&lt;div class=&quot;team-image-listado&quot;&gt;&lt;img src=&quot;https:\/\/www.bnz.energy\/wp-content\/uploads\/2026\/03\/sjhbjsbd-1.png&quot; alt=&quot;Imagen listado&quot;&gt;&lt;\/div&gt;\n\t\t\t&lt;\/div&gt;\n\t\t\t&lt;div class=&quot;modal-right&quot;&gt;\n\t\t\t\t&lt;h2 class=&quot;team-name-modal&quot;&gt;Eleonora Fiorito&lt;\/h2&gt;\n\t\t\t\t&lt;p class=&quot;team-cargo-modal&quot;&gt;Team Assistant \/ Office Manager&lt;\/p&gt;\n\t\t\t\t&lt;div class=&quot;team-bio&quot;&gt;&lt;p&gt;L&amp;#8217;Eleonora \u00e9s Team Assistant i Office Manager a BNZ. Amb una s\u00f2lida experi\u00e8ncia en suport executiu i operacions, exerceix un paper clau en la gesti\u00f3 integral de l&amp;#8217;oficina, l&amp;#8217;optimitzaci\u00f3 de processos interns i la coordinaci\u00f3 de projectes complexos amb equips internacionals.&lt;\/p&gt;\n&lt;p&gt;Abans d&amp;#8217;incorporar-se a BNZ, l&amp;#8217;Eleonora va treballar com a Executive Assistant a Deloitte, on va donar suport directe a l&amp;#8217;alta direcci\u00f3 i va gestionar agendes complexes en un entorn din\u00e0mic i multinacional. Pr\u00e8viament, va desenvolupar la seva carrera en \u00e0rees d&amp;#8217;administraci\u00f3, log\u00edstica i suport a projectes en entitats com SCL Special Courier &amp;amp; Logistics i la Compagnia di San Paolo.&lt;\/p&gt;\n&lt;p&gt;L&amp;#8217;Eleonora \u00e9s graduada en Ci\u00e8ncies de la Comunicaci\u00f3 per la Universitat de Tor\u00ed (It\u00e0lia).&lt;\/p&gt;\n&lt;\/div&gt;\n\t\t\t\t&lt;div class=&quot;team-linkedin&quot;&gt;\n\t\t\t\t\t&lt;a href=&quot;https:\/\/www.linkedin.com\/in\/eleonora-fiorito-13187193\/?originalSubdomain=es&quot; target=&quot;_blank&quot; rel=&quot;noopener noreferrer&quot;&gt;\n\t\t\t\t\t\t&lt;img src=&quot;\/wp-content\/uploads\/2024\/12\/akar-icons_linkedin-box-fill.svg&quot; alt=&quot;LinkedIn&quot; class=&quot;linkedin-icon&quot;&gt;\n\t\t\t\t\t&lt;\/a&gt;\n\t\t\t\t&lt;\/div&gt;\n\t\t\t&lt;\/div&gt;\n\t\t&lt;\/div&gt;\n\t\"><div class=\"team-image\" style=\"background-image:url(https:\/\/www.bnz.energy\/wp-content\/uploads\/2026\/03\/sjhbjsbd-1.png);\"><div class=\"team-info\"><h3 class=\"team-name\">Eleonora Fiorito<\/h3><p class=\"team-cargo\">Team Assistant \/ Office Manager<\/p><\/div><\/div><\/div><div class=\"team-item col span_4\" style=\"cursor:pointer;\" data-post-id=\"\" data-popup-open=\"3121\" data-content=\"\n\t\t&lt;div class=&quot;modal-content&quot;&gt;\n\t\t\t&lt;div class=&quot;modal-left&quot;&gt;\n\t\t\t\t&lt;div class=&quot;team-image-listado&quot;&gt;&lt;img src=&quot;https:\/\/www.bnz.energy\/wp-content\/uploads\/2025\/12\/EGM_photo-1.png&quot; alt=&quot;Imagen listado&quot;&gt;&lt;\/div&gt;\n\t\t\t&lt;\/div&gt;\n\t\t\t&lt;div class=&quot;modal-right&quot;&gt;\n\t\t\t\t&lt;h2 class=&quot;team-name-modal&quot;&gt;Enrique Garc\u00eda&lt;\/h2&gt;\n\t\t\t\t&lt;p class=&quot;team-cargo-modal&quot;&gt;Monitoring and Reporting Manager&lt;\/p&gt;\n\t\t\t\t&lt;div class=&quot;team-bio&quot;&gt;&lt;p&gt;Enrique \u00e9s Monitoring and Reporting Manager a BNZ, on coordina el seguiment t\u00e8cnic i l&amp;#8217;an\u00e0lisi del rendiment dels actius renovables de la companyia. El seu treball se centra a implantar i optimitzar sistemes de monitoritzaci\u00f3 i de reporting.&lt;\/p&gt;\n&lt;p&gt;Abans d&amp;#8217;unir-se a BNZ, va treballar a OHLA Industrial com a responsable de l&amp;#8217;\u00e0rea de Performance O&amp;amp;M, liderant el desenvolupament de sistemes digitals d&amp;#8217;adquisici\u00f3 i an\u00e0lisi de dades per a plantes fotovoltaiques i el responsable del centre de control d&amp;#8217;O&amp;amp;M. Pr\u00e8viament va formar part d&amp;#8217;Ignis Energia, on va participar en la construcci\u00f3 del centre de control d&amp;#8217;O&amp;amp;M, la implantaci\u00f3 del sistema GMAO, la gesti\u00f3 de projectes SCADA i activitats d&amp;#8217;operaci\u00f3 i manteniment. Va comen\u00e7ar la seva traject\u00f2ria professional a Encerta Assist\u00e8ncia com a cap de servei de manteniment.&lt;\/p&gt;\n&lt;p&gt;Enric \u00e9s graduat en Enginyeria Electr\u00f2nica Industrial i Autom\u00e0tica per la Universitat Polit\u00e8cnica de Madrid.&lt;\/p&gt;\n&lt;\/div&gt;\n\t\t\t\t&lt;div class=&quot;team-linkedin&quot;&gt;\n\t\t\t\t\t&lt;a href=&quot;https:\/\/www.linkedin.com\/in\/enrique-garc%C3%ADa-m%C3%A1rquez-1407b2181\/&quot; target=&quot;_blank&quot; rel=&quot;noopener noreferrer&quot;&gt;\n\t\t\t\t\t\t&lt;img src=&quot;\/wp-content\/uploads\/2024\/12\/akar-icons_linkedin-box-fill.svg&quot; alt=&quot;LinkedIn&quot; class=&quot;linkedin-icon&quot;&gt;\n\t\t\t\t\t&lt;\/a&gt;\n\t\t\t\t&lt;\/div&gt;\n\t\t\t&lt;\/div&gt;\n\t\t&lt;\/div&gt;\n\t\"><div class=\"team-image\" style=\"background-image:url(https:\/\/www.bnz.energy\/wp-content\/uploads\/2025\/12\/EGM_photo-1.png);\"><div class=\"team-info\"><h3 class=\"team-name\">Enrique Garc\u00eda<\/h3><p class=\"team-cargo\">Monitoring and Reporting Manager<\/p><\/div><\/div><\/div><div class=\"team-item col span_4\" style=\"cursor:pointer;\" data-post-id=\"\" data-popup-open=\"3121\" data-content=\"\n\t\t&lt;div class=&quot;modal-content&quot;&gt;\n\t\t\t&lt;div class=&quot;modal-left&quot;&gt;\n\t\t\t\t&lt;div class=&quot;team-image-listado&quot;&gt;&lt;\/div&gt;\n\t\t\t&lt;\/div&gt;\n\t\t\t&lt;div class=&quot;modal-right&quot;&gt;\n\t\t\t\t&lt;h2 class=&quot;team-name-modal&quot;&gt;Fabio Di Ninno&lt;\/h2&gt;\n\t\t\t\t&lt;p class=&quot;team-cargo-modal&quot;&gt;Senior Development Manager&lt;\/p&gt;\n\t\t\t\t&lt;div class=&quot;team-bio&quot;&gt;&lt;p&gt;Fabio \u00e9s Senior Development Manager a BNZ, on dirigeix \u200b\u200bel desenvolupament de projectes d&amp;#8217;energia renovable a gran escala fins a la fase RTB, supervisant l&amp;#8217;estructuraci\u00f3 inicial, l&amp;#8217;obtenci\u00f3 de permisos i la participaci\u00f3 de les parts interessades.&lt;\/p&gt;\n&lt;p&gt;Abans d&amp;#8217;incorporar-se a BNZ, va ser director de Desenvolupament per a It\u00e0lia a Hanwha Energy Europe, on gestionava projectes d&amp;#8217;energia solar i emmagatzematge, i director de Desenvolupament de Projectes a Enfinity Global, on impulsava projectes fotovoltaics i agrofotovoltaics a It\u00e0lia. Anteriorment, va treballar durant m\u00e9s de deu anys a Terna, l&amp;#8217;operador del sistema de transmissi\u00f3 itali\u00e0, en els \u00e0mbits d&amp;#8217;estrat\u00e8gia, desenvolupament empresarial i programes d&amp;#8217;emmagatzematge d&amp;#8217;energia.&lt;\/p&gt;\n&lt;p&gt;Fabio \u00e9s llicenciat i m\u00e0ster en Qu\u00edmica Industrial per la Universitat de Bolonya, m\u00e0ster en Gesti\u00f3 de Recursos Energ\u00e8tics per la SAFE de Roma i ha rebut formaci\u00f3 executiva en lideratge i gesti\u00f3 de projectes a la LUISS i la SAFE.&lt;\/p&gt;\n&lt;\/div&gt;\n\t\t\t\t&lt;div class=&quot;team-linkedin&quot;&gt;\n\t\t\t\t\t&lt;a href=&quot;https:\/\/www.linkedin.com\/in\/fabio-di-ninno-83b39722\/&quot; target=&quot;_blank&quot; rel=&quot;noopener noreferrer&quot;&gt;\n\t\t\t\t\t\t&lt;img src=&quot;\/wp-content\/uploads\/2024\/12\/akar-icons_linkedin-box-fill.svg&quot; alt=&quot;LinkedIn&quot; class=&quot;linkedin-icon&quot;&gt;\n\t\t\t\t\t&lt;\/a&gt;\n\t\t\t\t&lt;\/div&gt;\n\t\t\t&lt;\/div&gt;\n\t\t&lt;\/div&gt;\n\t\"><div class=\"team-image\" style=\"background-image:url(https:\/\/www.bnz.energy\/wp-content\/uploads\/2025\/10\/WhatsApp-Image-2025-10-15-at-16.10-copia.png);\"><div class=\"team-info\"><h3 class=\"team-name\">Fabio Di Ninno<\/h3><p class=\"team-cargo\">Senior Development Manager<\/p><\/div><\/div><\/div><div class=\"team-item col span_4\" style=\"cursor:pointer;\" data-post-id=\"\" data-popup-open=\"3121\" data-content=\"\n\t\t&lt;div class=&quot;modal-content&quot;&gt;\n\t\t\t&lt;div class=&quot;modal-left&quot;&gt;\n\t\t\t\t&lt;div class=&quot;team-image-listado&quot;&gt;&lt;img src=&quot;https:\/\/www.bnz.energy\/wp-content\/uploads\/2024\/11\/IMG_Francisco-Munoz.png&quot; alt=&quot;Imagen listado&quot;&gt;&lt;\/div&gt;\n\t\t\t&lt;\/div&gt;\n\t\t\t&lt;div class=&quot;modal-right&quot;&gt;\n\t\t\t\t&lt;h2 class=&quot;team-name-modal&quot;&gt;Francisco Mu\u00f1oz&lt;\/h2&gt;\n\t\t\t\t&lt;p class=&quot;team-cargo-modal&quot;&gt;Project Manager&lt;\/p&gt;\n\t\t\t\t&lt;div class=&quot;team-bio&quot;&gt;&lt;p&gt;En Francisco \u00e9s &lt;em&gt;Project Manager&lt;\/em&gt; a BNZ. Amb m\u00e9s de 17 anys d\u2019experi\u00e8ncia en el sector de l\u2019energia solar, ha exercit com a consultor s\u00e8nior, enginyer de projectes i project manager. Entre les seves tasques destaquen disseny, gesti\u00f3 i coordinaci\u00f3 de projectes, l\u2019administraci\u00f3 i gesti\u00f3 de contractes, a m\u00e9s de la identificaci\u00f3, mitigaci\u00f3 i gesti\u00f3 de riscos.&lt;\/p&gt;\n&lt;p&gt;Abans de formar part de l\u2019equip de BNZ, Francisco va ocupar diverses posicions de responsabilitat en companyies del sector de l\u2019energia renovable, entre les quals es destaquen Tecno Solar Systems, COMSA EMTE, SMA Solar Technology i Siconia, posteriorment integrada per la tecnol\u00f2gica 3E. Les seves funcions contemplaven el disseny,planificaci\u00f3, la gesti\u00f3 i supervisi\u00f3 de projectes; l\u2019avaluaci\u00f3 de riscos, la revisi\u00f3 de contractes i la supervisi\u00f3 de la construcci\u00f3 en camp dels projectes.&lt;\/p&gt;\n&lt;p&gt;En Francisco \u00e9s llicenciat en Enginyeria Qu\u00edmica (Enginyeria Industrial) per la Universitat de Cadis.&lt;\/p&gt;\n&lt;\/div&gt;\n\t\t\t\t&lt;div class=&quot;team-linkedin&quot;&gt;\n\t\t\t\t\t&lt;a href=&quot;https:\/\/www.linkedin.com\/in\/franciscojmunoz1\/&quot; target=&quot;_blank&quot; rel=&quot;noopener noreferrer&quot;&gt;\n\t\t\t\t\t\t&lt;img src=&quot;\/wp-content\/uploads\/2024\/12\/akar-icons_linkedin-box-fill.svg&quot; alt=&quot;LinkedIn&quot; class=&quot;linkedin-icon&quot;&gt;\n\t\t\t\t\t&lt;\/a&gt;\n\t\t\t\t&lt;\/div&gt;\n\t\t\t&lt;\/div&gt;\n\t\t&lt;\/div&gt;\n\t\"><div class=\"team-image\" style=\"background-image:url(https:\/\/www.bnz.energy\/wp-content\/uploads\/2024\/11\/IMG_Francisco-Munoz.png);\"><div class=\"team-info\"><h3 class=\"team-name\">Francisco Mu\u00f1oz<\/h3><p class=\"team-cargo\">Project Manager<\/p><\/div><\/div><\/div><div class=\"team-item col span_4\" style=\"cursor:pointer;\" data-post-id=\"\" data-popup-open=\"3121\" data-content=\"\n\t\t&lt;div class=&quot;modal-content&quot;&gt;\n\t\t\t&lt;div class=&quot;modal-left&quot;&gt;\n\t\t\t\t&lt;div class=&quot;team-image-listado&quot;&gt;&lt;img src=&quot;https:\/\/www.bnz.energy\/wp-content\/uploads\/2025\/03\/1741164389026.jpg&quot; alt=&quot;Imagen listado&quot;&gt;&lt;\/div&gt;\n\t\t\t&lt;\/div&gt;\n\t\t\t&lt;div class=&quot;modal-right&quot;&gt;\n\t\t\t\t&lt;h2 class=&quot;team-name-modal&quot;&gt;Giulia Rinaldi&lt;\/h2&gt;\n\t\t\t\t&lt;p class=&quot;team-cargo-modal&quot;&gt;Project Development Manager&lt;\/p&gt;\n\t\t\t\t&lt;div class=&quot;team-bio&quot;&gt;&lt;p class=&quot;&quot; data-start=&quot;0&quot; data-end=&quot;387&quot;&gt;La Giulia \u00e9s &lt;em&gt;Project Development Manager&lt;\/em&gt; a BNZ. Amb una \u00e0mplia experi\u00e8ncia en el sector de les energies renovables, t\u00e9 un paper clau en el desenvolupament i l&amp;#8217;execuci\u00f3 de projectes, gestionant totes les fases des dels primers tr\u00e0mits fins a l&amp;#8217;estat de &lt;em&gt;ready-to-build,&lt;\/em&gt; garantint que cada projecte compleixi els est\u00e0ndards t\u00e8cnics, ambientals i financers m\u00e9s exigents.&lt;\/p&gt;\n&lt;p class=&quot;&quot; data-start=&quot;389&quot; data-end=&quot;865&quot;&gt;Abans d\u2019incorporar-se a BNZ, la Giulia va ocupar c\u00e0rrecs clau a Greencells Group, on va liderar el desenvolupament de projectes solars a It\u00e0lia i Espanya, i a Bax &amp;amp; Company, on va gestionar projectes internacionals d\u2019innovaci\u00f3 centrats en energies renovables i efici\u00e8ncia energ\u00e8tica. Tamb\u00e9 va adquirir experi\u00e8ncia a EDF Energy al Regne Unit, on va treballar en solucions energ\u00e8tiques intel\u00b7ligents per donar suport a la transici\u00f3 cap a un model baix en emissions de carboni.&lt;\/p&gt;\n&lt;p class=&quot;&quot; data-start=&quot;867&quot; data-end=&quot;1205&quot;&gt;La Giulia t\u00e9 un M\u00e0ster en Enginyeria Energ\u00e8tica pel Politecnico di Torino i s\u2019ha especialitzat en Fusions i Adquisicions a trav\u00e9s d\u2019un programa executiu a l\u2019Imperial College Business School. La seva formaci\u00f3 acad\u00e8mica tamb\u00e9 inclou un programa d\u2019intercanvi a la Universitat d\u2019Aalto, a Finl\u00e0ndia, centrat en tecnologies d\u2019energia renovable.&lt;\/p&gt;\n&lt;\/div&gt;\n\t\t\t\t&lt;div class=&quot;team-linkedin&quot;&gt;\n\t\t\t\t\t&lt;a href=&quot;https:\/\/www.linkedin.com\/in\/giuliarinaldi91\/?originalSubdomain=es&quot; target=&quot;_blank&quot; rel=&quot;noopener noreferrer&quot;&gt;\n\t\t\t\t\t\t&lt;img src=&quot;\/wp-content\/uploads\/2024\/12\/akar-icons_linkedin-box-fill.svg&quot; alt=&quot;LinkedIn&quot; class=&quot;linkedin-icon&quot;&gt;\n\t\t\t\t\t&lt;\/a&gt;\n\t\t\t\t&lt;\/div&gt;\n\t\t\t&lt;\/div&gt;\n\t\t&lt;\/div&gt;\n\t\"><div class=\"team-image\" style=\"background-image:url(https:\/\/www.bnz.energy\/wp-content\/uploads\/2025\/03\/1741164389026.jpg);\"><div class=\"team-info\"><h3 class=\"team-name\">Giulia Rinaldi<\/h3><p class=\"team-cargo\">Project Development Manager<\/p><\/div><\/div><\/div><div class=\"team-item col span_4\" style=\"cursor:pointer;\" data-post-id=\"\" data-popup-open=\"3121\" data-content=\"\n\t\t&lt;div class=&quot;modal-content&quot;&gt;\n\t\t\t&lt;div class=&quot;modal-left&quot;&gt;\n\t\t\t\t&lt;div class=&quot;team-image-listado&quot;&gt;&lt;img src=&quot;https:\/\/www.bnz.energy\/wp-content\/uploads\/2024\/11\/IMG_Irene-Alonso.png&quot; alt=&quot;Imagen listado&quot;&gt;&lt;\/div&gt;\n\t\t\t&lt;\/div&gt;\n\t\t\t&lt;div class=&quot;modal-right&quot;&gt;\n\t\t\t\t&lt;h2 class=&quot;team-name-modal&quot;&gt;Irene Alonso&lt;\/h2&gt;\n\t\t\t\t&lt;p class=&quot;team-cargo-modal&quot;&gt;Back Office Manager&lt;\/p&gt;\n\t\t\t\t&lt;div class=&quot;team-bio&quot;&gt;&lt;p&gt;La Irene \u00e9s &lt;em&gt;Revenue Lead&lt;\/em&gt; a BNZ. Contribueix als esfor\u00e7os de l\u2019equip amb m\u00e9s de 18 anys d\u2019experi\u00e8ncia en el sector energ\u00e8tic, dissenyant i implementat estrat\u00e8gies comercials i gestionant activament PPA i negociant contractes de venda d\u2019energia.&lt;\/p&gt;\n&lt;p&gt;Abans d\u2019incorporar-se a l\u2019equip de BNZ, Irene ha treballat per a reconegudes companyies del sector com a Xarxa El\u00e8ctrica o Iberdrola. A BNZ, actualment s\u2019encarrega d\u2019optimitzar l\u2019estrat\u00e8gia comercial de BNZ, contribueix a la recerca del mercat i al desenvolupament de negoci, aix\u00ed com a la captaci\u00f3 de clients potencials.&lt;\/p&gt;\n&lt;p&gt;Irene compta amb una llicenciatura en Enginyeria Industrial per la Universitat Polit\u00e8cnica de Madrid i \u00e9s m\u00e0ster en enginyeria en automatitzaci\u00f3 i tecnologia per la mateixa universitat. Tamb\u00e9 compta amb un m\u00e0ster en Economia Industrial per la Universitat Carles III de Madrid, \u00e9s m\u00e0ster en Negocis Energ\u00e8tics pel Club Espanyol de l\u2019Energia i s\u2019ha especialitzat en Energies Renovables en l\u2019Institut d\u2019Estudis Borsaris (IEB).&lt;\/p&gt;\n&lt;\/div&gt;\n\t\t\t\t&lt;div class=&quot;team-linkedin&quot;&gt;\n\t\t\t\t\t&lt;a href=&quot;https:\/\/www.linkedin.com\/in\/irenealonsocanal\/&quot; target=&quot;_blank&quot; rel=&quot;noopener noreferrer&quot;&gt;\n\t\t\t\t\t\t&lt;img src=&quot;\/wp-content\/uploads\/2024\/12\/akar-icons_linkedin-box-fill.svg&quot; alt=&quot;LinkedIn&quot; class=&quot;linkedin-icon&quot;&gt;\n\t\t\t\t\t&lt;\/a&gt;\n\t\t\t\t&lt;\/div&gt;\n\t\t\t&lt;\/div&gt;\n\t\t&lt;\/div&gt;\n\t\"><div class=\"team-image\" style=\"background-image:url(https:\/\/www.bnz.energy\/wp-content\/uploads\/2024\/11\/IMG_Irene-Alonso.png);\"><div class=\"team-info\"><h3 class=\"team-name\">Irene Alonso<\/h3><p class=\"team-cargo\">Back Office Manager<\/p><\/div><\/div><\/div><div class=\"team-item col span_4\" style=\"cursor:pointer;\" data-post-id=\"\" data-popup-open=\"3121\" data-content=\"\n\t\t&lt;div class=&quot;modal-content&quot;&gt;\n\t\t\t&lt;div class=&quot;modal-left&quot;&gt;\n\t\t\t\t&lt;div class=&quot;team-image-listado&quot;&gt;&lt;img src=&quot;https:\/\/www.bnz.energy\/wp-content\/uploads\/2025\/03\/1672849088243.jpg&quot; alt=&quot;Imagen listado&quot;&gt;&lt;\/div&gt;\n\t\t\t&lt;\/div&gt;\n\t\t\t&lt;div class=&quot;modal-right&quot;&gt;\n\t\t\t\t&lt;h2 class=&quot;team-name-modal&quot;&gt;Jaime Noguera&lt;\/h2&gt;\n\t\t\t\t&lt;p class=&quot;team-cargo-modal&quot;&gt;Procurement Manager&lt;\/p&gt;\n\t\t\t\t&lt;div class=&quot;team-bio&quot;&gt;&lt;p class=&quot;&quot; data-start=&quot;0&quot; data-end=&quot;391&quot;&gt;En Jaume \u00e9s &lt;em&gt;Procurement Manager&lt;\/em&gt; a BNZ. Amb m\u00e9s de 15 anys d&amp;#8217;experi\u00e8ncia en el sector de les energies renovables, t\u00e9 un paper clau en el desenvolupament i la implementaci\u00f3 d&amp;#8217;estrat\u00e8gies de compres per a projectes d\u2019energia solar fotovoltaica, garantint la selecci\u00f3 de les millors solucions tecnol\u00f2giques i optimitzant la cadena de subministrament per maximitzar el valor del projecte.&lt;\/p&gt;\n&lt;p class=&quot;&quot; data-start=&quot;393&quot; data-end=&quot;884&quot;&gt;Abans d\u2019incorporar-se a BNZ, en Jaume va ocupar c\u00e0rrecs clau en empreses com EDP Renov\u00e1veis, Huawei Technologies i AEG Power Solutions. En aquests rols, va liderar processos estrat\u00e8gics de compres, va oferir suport t\u00e8cnic a clients i equips de vendes, i va gestionar departaments de servei. La seva traject\u00f2ria professional abasta des de l\u2019avaluaci\u00f3 t\u00e8cnica i comercial de solucions fins a la negociaci\u00f3 amb prove\u00efdors i la definici\u00f3 de pol\u00edtiques de compres per a projectes a gran escala.&lt;\/p&gt;\n&lt;p class=&quot;&quot; data-start=&quot;886&quot; data-end=&quot;997&quot;&gt;En Jaume \u00e9s Enginyer Industrial per la Universitat de Salamanca, amb especialitzaci\u00f3 en Electr\u00f2nica Industrial.&lt;\/p&gt;\n&lt;\/div&gt;\n\t\t\t\t&lt;div class=&quot;team-linkedin&quot;&gt;\n\t\t\t\t\t&lt;a href=&quot;https:\/\/www.linkedin.com\/in\/jnoguerah\/?originalSubdomain=es&quot; target=&quot;_blank&quot; rel=&quot;noopener noreferrer&quot;&gt;\n\t\t\t\t\t\t&lt;img src=&quot;\/wp-content\/uploads\/2024\/12\/akar-icons_linkedin-box-fill.svg&quot; alt=&quot;LinkedIn&quot; class=&quot;linkedin-icon&quot;&gt;\n\t\t\t\t\t&lt;\/a&gt;\n\t\t\t\t&lt;\/div&gt;\n\t\t\t&lt;\/div&gt;\n\t\t&lt;\/div&gt;\n\t\"><div class=\"team-image\" style=\"background-image:url(https:\/\/www.bnz.energy\/wp-content\/uploads\/2025\/03\/1672849088243.jpg);\"><div class=\"team-info\"><h3 class=\"team-name\">Jaime Noguera<\/h3><p class=\"team-cargo\">Procurement Manager<\/p><\/div><\/div><\/div><div class=\"team-item col span_4\" style=\"cursor:pointer;\" data-post-id=\"\" data-popup-open=\"3121\" data-content=\"\n\t\t&lt;div class=&quot;modal-content&quot;&gt;\n\t\t\t&lt;div class=&quot;modal-left&quot;&gt;\n\t\t\t\t&lt;div class=&quot;team-image-listado&quot;&gt;&lt;img src=&quot;https:\/\/www.bnz.energy\/wp-content\/uploads\/2025\/12\/JavierDiaz.png&quot; alt=&quot;Imagen listado&quot;&gt;&lt;\/div&gt;\n\t\t\t&lt;\/div&gt;\n\t\t\t&lt;div class=&quot;modal-right&quot;&gt;\n\t\t\t\t&lt;h2 class=&quot;team-name-modal&quot;&gt;Javier D\u00edaz&lt;\/h2&gt;\n\t\t\t\t&lt;p class=&quot;team-cargo-modal&quot;&gt;Financial Modeller&lt;\/p&gt;\n\t\t\t\t&lt;div class=&quot;team-bio&quot;&gt;&lt;p&gt;Javier \u00e9s Financial Modeller en BNZ, on desenvolupa models financers que recolzen les decisions estrat\u00e8giques de la Companyia, incloent-hi l&amp;#8217;an\u00e0lisi d&amp;#8217;inversions i la valoraci\u00f3 de projectes. El seu treball contribueix a optimitzar el retorn i l&amp;#8217;efici\u00e8ncia de la cartera d&amp;#8217;actius de BNZ.&lt;\/p&gt;\n&lt;p&gt;Abans d&amp;#8217;incorporar-se a BNZ, va treballar com a M&amp;amp;A &amp;amp; Structured Finance Associate en Alfanar Energia, participant en operacions de compravenda d&amp;#8217;actius, finan\u00e7aments de projectes renovables i analitzant inversions a Europa, els EUA i Llatinoam\u00e8rica. Pr\u00e8viament, va formar part de l&amp;#8217;equip de Corporate Finance de EY-*Parthenon, col\u00b7laborant en transaccions internacionals i valoracions d&amp;#8217;actius amb especial focus en infraestructures i energia per a clients industrials i fons d&amp;#8217;inversi\u00f3.&lt;\/p&gt;\n&lt;p&gt;Javier \u00e9s Enginyer Industrial per la Universitat Polit\u00e8cnica de Madrid i ha cursat programes internacionals en la Technische Universit\u00e4t M\u00fcnchen i en \u00c9cole Nationale donis Ponts et Chauss\u00e9es.&lt;\/p&gt;\n&lt;\/div&gt;\n\t\t\t\t&lt;div class=&quot;team-linkedin&quot;&gt;\n\t\t\t\t\t&lt;a href=&quot;https:\/\/www.linkedin.com\/in\/javier-diaz-oyarzabal\/?locale=en_US&quot; target=&quot;_blank&quot; rel=&quot;noopener noreferrer&quot;&gt;\n\t\t\t\t\t\t&lt;img src=&quot;\/wp-content\/uploads\/2024\/12\/akar-icons_linkedin-box-fill.svg&quot; alt=&quot;LinkedIn&quot; class=&quot;linkedin-icon&quot;&gt;\n\t\t\t\t\t&lt;\/a&gt;\n\t\t\t\t&lt;\/div&gt;\n\t\t\t&lt;\/div&gt;\n\t\t&lt;\/div&gt;\n\t\"><div class=\"team-image\" style=\"background-image:url(https:\/\/www.bnz.energy\/wp-content\/uploads\/2025\/12\/JavierDiaz.png);\"><div class=\"team-info\"><h3 class=\"team-name\">Javier D\u00edaz<\/h3><p class=\"team-cargo\">Financial Modeller<\/p><\/div><\/div><\/div><div class=\"team-item col span_4\" style=\"cursor:pointer;\" data-post-id=\"\" data-popup-open=\"3121\" data-content=\"\n\t\t&lt;div class=&quot;modal-content&quot;&gt;\n\t\t\t&lt;div class=&quot;modal-left&quot;&gt;\n\t\t\t\t&lt;div class=&quot;team-image-listado&quot;&gt;&lt;img src=&quot;https:\/\/www.bnz.energy\/wp-content\/uploads\/2026\/01\/Fotografia-CV_RAPOSO-SANCHEZ-Javier-1-1-scaled.png&quot; alt=&quot;Imagen listado&quot;&gt;&lt;\/div&gt;\n\t\t\t&lt;\/div&gt;\n\t\t\t&lt;div class=&quot;modal-right&quot;&gt;\n\t\t\t\t&lt;h2 class=&quot;team-name-modal&quot;&gt;Javier Raposo&lt;\/h2&gt;\n\t\t\t\t&lt;p class=&quot;team-cargo-modal&quot;&gt;Project Manager EPC&lt;\/p&gt;\n\t\t\t\t&lt;div class=&quot;team-bio&quot;&gt;&lt;p&gt;Javier \u00e9s Project Manager al departament d\u2019EPC de BNZ, on participa en la gesti\u00f3 i coordinaci\u00f3 de projectes d\u2019energies renovables al llarg de les seves fases d\u2019enginyeria i construcci\u00f3. En el seu rol, dona suport al desenvolupament t\u00e8cnic de les plantes i al seguiment de les obres per garantir-ne la correcta execuci\u00f3 d\u2019acord amb els est\u00e0ndards del projecte.&lt;\/p&gt;\n&lt;p&gt;Abans d\u2019incorporar-se a BNZ, va treballar com a Project Manager al departament d\u2019Energies Renovables d\u2019Izharia Ingenier\u00eda y Consultor\u00eda, participant en tasques d\u2019enginyeria de detall i d\u2019owner\u2019s engineering per a diverses plantes fotovoltaiques a Espanya, aix\u00ed com en projectes internacionals en col\u00b7laboraci\u00f3 amb desenvolupadors d\u2019energies renovables. Pr\u00e8viament, va ocupar el c\u00e0rrec de Project Engineer a la mateixa companyia i va adquirir experi\u00e8ncia en entorns t\u00e8cnics i industrials.&lt;\/p&gt;\n&lt;p&gt;Javier \u00e9s enginyer industrial per la Universitat Polit\u00e8cnica de Madrid i t\u00e9 un m\u00e0ster en Enginyeria del Disseny per l\u2019Institut National des Sciences Appliqu\u00e9es (INSA) Rouen Normandie. Anteriorment, va obtenir el grau en Enginyeria Industrial a la Universitat Polit\u00e8cnica de Madrid, completant part de la seva formaci\u00f3 acad\u00e8mica a It\u00e0lia i Fran\u00e7a.&lt;\/p&gt;\n&lt;\/div&gt;\n\t\t\t\t&lt;div class=&quot;team-linkedin&quot;&gt;\n\t\t\t\t\t&lt;a href=&quot;https:\/\/www.linkedin.com\/in\/javier-raposo-s%C3%A1nchez-7002231ba\/?originalSubdomain=es&quot; target=&quot;_blank&quot; rel=&quot;noopener noreferrer&quot;&gt;\n\t\t\t\t\t\t&lt;img src=&quot;\/wp-content\/uploads\/2024\/12\/akar-icons_linkedin-box-fill.svg&quot; alt=&quot;LinkedIn&quot; class=&quot;linkedin-icon&quot;&gt;\n\t\t\t\t\t&lt;\/a&gt;\n\t\t\t\t&lt;\/div&gt;\n\t\t\t&lt;\/div&gt;\n\t\t&lt;\/div&gt;\n\t\"><div class=\"team-image\" style=\"background-image:url(https:\/\/www.bnz.energy\/wp-content\/uploads\/2026\/01\/Fotografia-CV_RAPOSO-SANCHEZ-Javier-1-1-scaled.png);\"><div class=\"team-info\"><h3 class=\"team-name\">Javier Raposo<\/h3><p class=\"team-cargo\">Project Manager EPC<\/p><\/div><\/div><\/div><div class=\"team-item col span_4\" style=\"cursor:pointer;\" data-post-id=\"\" data-popup-open=\"3121\" data-content=\"\n\t\t&lt;div class=&quot;modal-content&quot;&gt;\n\t\t\t&lt;div class=&quot;modal-left&quot;&gt;\n\t\t\t\t&lt;div class=&quot;team-image-listado&quot;&gt;&lt;img src=&quot;https:\/\/www.bnz.energy\/wp-content\/uploads\/2024\/11\/IMG_Joaquin-Moreno.png&quot; alt=&quot;Imagen listado&quot;&gt;&lt;\/div&gt;\n\t\t\t&lt;\/div&gt;\n\t\t\t&lt;div class=&quot;modal-right&quot;&gt;\n\t\t\t\t&lt;h2 class=&quot;team-name-modal&quot;&gt;Joaqu\u00edn Moreno&lt;\/h2&gt;\n\t\t\t\t&lt;p class=&quot;team-cargo-modal&quot;&gt;Asset Controller Jr.&lt;\/p&gt;\n\t\t\t\t&lt;div class=&quot;team-bio&quot;&gt;&lt;p&gt;Joaqu\u00edn Moreno \u00e9s &lt;em&gt;Asset Controller Jr.&lt;\/em&gt; a BNZ. Com a part de la seva posici\u00f3, prepara i presenta estats financers, desenvolupa pressupostos i du a terme an\u00e0lisis financeres per identificar tend\u00e8ncies i proporcionar informaci\u00f3 rellevant per a la companyia.&lt;\/p&gt;\n&lt;p&gt;Abans d\u2019integrar-se a l\u2019equip de BNZ, Joaqu\u00edn va treballar com a Assurance Audit Associate a PwC durant dos anys i mig, encarregant-se de garantir que els registres financers d\u2019empreses del sector energ\u00e8tic fossin una representaci\u00f3 justa i precisa de les transaccions i el patrimoni. Compta tamb\u00e9 amb experi\u00e8ncia en Finnovating, on es va encarregar de desenvolupar estrat\u00e8gies per a la programaci\u00f3 de reunions comercials de l\u2019empresa.&lt;\/p&gt;\n&lt;p&gt;Joaqu\u00edn \u00e9s llicenciat en Administraci\u00f3 d\u2019Empreses per la CUNEF a Madrid on, actualment, est\u00e0 cursant un M\u00e0ster en Auditoria de Comptes.&lt;\/p&gt;\n&lt;\/div&gt;\n\t\t\t\t&lt;div class=&quot;team-linkedin&quot;&gt;\n\t\t\t\t\t&lt;a href=&quot;https:\/\/www.linkedin.com\/in\/joaqu%C3%ADn-moreno-manzanares-1365621b7\/?originalSubdomain=es&quot; target=&quot;_blank&quot; rel=&quot;noopener noreferrer&quot;&gt;\n\t\t\t\t\t\t&lt;img src=&quot;\/wp-content\/uploads\/2024\/12\/akar-icons_linkedin-box-fill.svg&quot; alt=&quot;LinkedIn&quot; class=&quot;linkedin-icon&quot;&gt;\n\t\t\t\t\t&lt;\/a&gt;\n\t\t\t\t&lt;\/div&gt;\n\t\t\t&lt;\/div&gt;\n\t\t&lt;\/div&gt;\n\t\"><div class=\"team-image\" style=\"background-image:url(https:\/\/www.bnz.energy\/wp-content\/uploads\/2024\/11\/IMG_Joaquin-Moreno.png);\"><div class=\"team-info\"><h3 class=\"team-name\">Joaqu\u00edn Moreno<\/h3><p class=\"team-cargo\">Asset Controller Jr.<\/p><\/div><\/div><\/div><div class=\"team-item col span_4\" style=\"cursor:pointer;\" data-post-id=\"\" data-popup-open=\"3121\" data-content=\"\n\t\t&lt;div class=&quot;modal-content&quot;&gt;\n\t\t\t&lt;div class=&quot;modal-left&quot;&gt;\n\t\t\t\t&lt;div class=&quot;team-image-listado&quot;&gt;&lt;\/div&gt;\n\t\t\t&lt;\/div&gt;\n\t\t\t&lt;div class=&quot;modal-right&quot;&gt;\n\t\t\t\t&lt;h2 class=&quot;team-name-modal&quot;&gt;Jorge Funes&lt;\/h2&gt;\n\t\t\t\t&lt;p class=&quot;team-cargo-modal&quot;&gt;Trading Manager&lt;\/p&gt;\n\t\t\t\t&lt;div class=&quot;team-bio&quot;&gt;&lt;p&gt;Jorge \u00e9s Trading Manager a BNZ, on s&amp;#8217;encarrega de la gesti\u00f3 d&amp;#8217;estrat\u00e8gies de trading i cobertures que optimitzen la comercialitzaci\u00f3 d&amp;#8217;energia renovable de la companyia. La seva tasca se centra en l\u201fan\u00e0lisi de mercats, la gesti\u00f3 de riscos i la definici\u00f3 d\u201festrat\u00e8gies que contribueixen a maximitzar el valor dels actius de BNZ.&lt;\/p&gt;\n&lt;p&gt;Abans d&amp;#8217;incorporar-se a BNZ, va treballar com a Power and Gas Trader Senior Lead Associate a EDPR North America a Houston, on va desenvolupar estrat\u00e8gies als mercats PJM, ERCOT i Henry Hub, incloent projectes pioners vinculats a data centers amb energia provinent d&amp;#8217;actius e\u00f2lics. Pr\u00e8viament va ser Power Trader Manager a EDP Renewables a Madrid, liderant l&amp;#8217;arrencada de la taula de futurs a Europa, i Power Trader a Energya VM, on va dissenyar models quantitatius per a l&amp;#8217;operativa en mercats europeus. Va iniciar la seva carrera a BBVA CIB a l&amp;#8217;\u00e0rea de derivats de tipus d&amp;#8217;inter\u00e8s i opcions ex\u00f2tiques.&lt;\/p&gt;\n&lt;p&gt;Jorge \u00e9s m\u00e0ster en Finances Quantitatives per AFI i graduat en Enginyeria Aeroespacial per la Universitat Europea de Madrid.&lt;\/p&gt;\n&lt;\/div&gt;\n\t\t\t\t&lt;div class=&quot;team-linkedin&quot;&gt;\n\t\t\t\t\t&lt;a href=&quot;https:\/\/www.linkedin.com\/in\/jorge-funes-huertas-4a604a30\/&quot; target=&quot;_blank&quot; rel=&quot;noopener noreferrer&quot;&gt;\n\t\t\t\t\t\t&lt;img src=&quot;\/wp-content\/uploads\/2024\/12\/akar-icons_linkedin-box-fill.svg&quot; alt=&quot;LinkedIn&quot; class=&quot;linkedin-icon&quot;&gt;\n\t\t\t\t\t&lt;\/a&gt;\n\t\t\t\t&lt;\/div&gt;\n\t\t\t&lt;\/div&gt;\n\t\t&lt;\/div&gt;\n\t\"><div class=\"team-image\" style=\"background-image:url(https:\/\/www.bnz.energy\/wp-content\/uploads\/2025\/11\/Profile-Picture-JFH-copia.png);\"><div class=\"team-info\"><h3 class=\"team-name\">Jorge Funes<\/h3><p class=\"team-cargo\">Trading Manager<\/p><\/div><\/div><\/div><div class=\"team-item col span_4\" style=\"cursor:pointer;\" data-post-id=\"\" data-popup-open=\"3121\" data-content=\"\n\t\t&lt;div class=&quot;modal-content&quot;&gt;\n\t\t\t&lt;div class=&quot;modal-left&quot;&gt;\n\t\t\t\t&lt;div class=&quot;team-image-listado&quot;&gt;&lt;img src=&quot;https:\/\/www.bnz.energy\/wp-content\/uploads\/2025\/12\/foto-JIM-2.png&quot; alt=&quot;Imagen listado&quot;&gt;&lt;\/div&gt;\n\t\t\t&lt;\/div&gt;\n\t\t\t&lt;div class=&quot;modal-right&quot;&gt;\n\t\t\t\t&lt;h2 class=&quot;team-name-modal&quot;&gt;Jos\u00e9 Ignacio Medina&lt;\/h2&gt;\n\t\t\t\t&lt;p class=&quot;team-cargo-modal&quot;&gt;Project Finance Controller&lt;\/p&gt;\n\t\t\t\t&lt;div class=&quot;team-bio&quot;&gt;&lt;p&gt;Jos\u00e9 \u00e9s Project Finance Controller a BNZ, on s&amp;#8217;encarrega de l&amp;#8217;an\u00e0lisi financera, la supervisi\u00f3 del rendiment econ\u00f2mic i el control de les estructures de finan\u00e7ament dels projectes d&amp;#8217;energies renovables del portfoli de la companyia.&lt;\/p&gt;\n&lt;p&gt;Abans d&amp;#8217;incorporar-se a BNZ, Josep va treballar com a Structured Finance Analyst al departament de Corporate &amp;amp; Investment Banking de Banc Sabadell, gestionant un portfoli de m\u00e9s de 35 projectes d&amp;#8217;energia renovable i infraestructura. Els seus inicis professionals inclouen el seu rol com a Business Consultant, treballant en projectes d&amp;#8217;energia, infraestructura, salut i educaci\u00f3. A m\u00e9s, va formar part de l&amp;#8217;\u00e0rea financera de Reckitt Benckiser com a Finance Intern.&lt;\/p&gt;\n&lt;p&gt;Jos\u00e9 \u00e9s m\u00e0ster en Direcci\u00f3 Financera i Comptable per la Universitat Pompeu Fabra (amb especialitzaci\u00f3 en Finances Corporatives) \u2013 Barcelona School of Management. \u00c9s graduat en Administraci\u00f3 d&amp;#8217;Empreses per la Universitat del Nord Sant Tom\u00e0s d&amp;#8217;Aquino (Argentina).&lt;\/p&gt;\n&lt;\/div&gt;\n\t\t\t\t&lt;div class=&quot;team-linkedin&quot;&gt;\n\t\t\t\t\t&lt;a href=&quot;https:\/\/www.linkedin.com\/in\/joseignaciomedina\/&quot; target=&quot;_blank&quot; rel=&quot;noopener noreferrer&quot;&gt;\n\t\t\t\t\t\t&lt;img src=&quot;\/wp-content\/uploads\/2024\/12\/akar-icons_linkedin-box-fill.svg&quot; alt=&quot;LinkedIn&quot; class=&quot;linkedin-icon&quot;&gt;\n\t\t\t\t\t&lt;\/a&gt;\n\t\t\t\t&lt;\/div&gt;\n\t\t\t&lt;\/div&gt;\n\t\t&lt;\/div&gt;\n\t\"><div class=\"team-image\" style=\"background-image:url(https:\/\/www.bnz.energy\/wp-content\/uploads\/2025\/12\/foto-JIM-2.png);\"><div class=\"team-info\"><h3 class=\"team-name\">Jos\u00e9 Ignacio Medina<\/h3><p class=\"team-cargo\">Project Finance Controller<\/p><\/div><\/div><\/div><div class=\"team-item col span_4\" style=\"cursor:pointer;\" data-post-id=\"\" data-popup-open=\"3121\" data-content=\"\n\t\t&lt;div class=&quot;modal-content&quot;&gt;\n\t\t\t&lt;div class=&quot;modal-left&quot;&gt;\n\t\t\t\t&lt;div class=&quot;team-image-listado&quot;&gt;&lt;img src=&quot;https:\/\/www.bnz.energy\/wp-content\/uploads\/2024\/11\/IMG_Jose-Luis-Sanz.png&quot; alt=&quot;Imagen listado&quot;&gt;&lt;\/div&gt;\n\t\t\t&lt;\/div&gt;\n\t\t\t&lt;div class=&quot;modal-right&quot;&gt;\n\t\t\t\t&lt;h2 class=&quot;team-name-modal&quot;&gt;Jos\u00e9 Luis Sanz&lt;\/h2&gt;\n\t\t\t\t&lt;p class=&quot;team-cargo-modal&quot;&gt;Construction Manager&lt;\/p&gt;\n\t\t\t\t&lt;div class=&quot;team-bio&quot;&gt;&lt;p&gt;En Jos\u00e9 Luis \u00e9s &lt;em&gt;Construction Manager&lt;\/em&gt; a BNZ. Compta amb m\u00e9s de quinze anys d\u2019experi\u00e8ncia en el sector de les energies renovables, on tamb\u00e9 ha treballat com a responsable de projectes. Entre les seves tasques destaquen el control integral de l\u2019execuci\u00f3 dels projectes en camp: Organitzaci\u00f3 dels treballs de les subcontractes (Civils, El\u00e8ctriques, Mec\u00e0niques, Scada, CCTV), Interacci\u00f3 amb el client, Suport a l\u2019enginyeria de projecte, Relaci\u00f3 amb prove\u00efdors, Commissioning i posada en marxa de les instal\u00b7lacions.&lt;\/p&gt;\n&lt;p&gt;Abans d\u2019unir-se a BNZ, Jos\u00e9 Luis va ser responsable de la construcci\u00f3 i execuci\u00f3 de diferents projectes fotovoltaics en empreses del sector com METKA, ET Solutions, Gransolar o ABB entre altres. Les seves funcions contemplaven des de la gesti\u00f3, al control dels temps de construcci\u00f3 i garantir la seguretat i qualitat del projecte, aix\u00ed com la supervisi\u00f3 dels documents t\u00e8cnics i materials.&lt;\/p&gt;\n&lt;p&gt;Jos\u00e9 Luis \u00e9s Enginyer T\u00e8cnic Industrial per la Universitat Polit\u00e8cnica de Valladolid i posseeix tamb\u00e9 un m\u00e0ster en direcci\u00f3 d\u2019empreses.&lt;\/p&gt;\n&lt;\/div&gt;\n\t\t\t\t&lt;div class=&quot;team-linkedin&quot;&gt;\n\t\t\t\t\t&lt;a href=&quot;https:\/\/www.linkedin.com\/in\/joseluissanzbaeza\/&quot; target=&quot;_blank&quot; rel=&quot;noopener noreferrer&quot;&gt;\n\t\t\t\t\t\t&lt;img src=&quot;\/wp-content\/uploads\/2024\/12\/akar-icons_linkedin-box-fill.svg&quot; alt=&quot;LinkedIn&quot; class=&quot;linkedin-icon&quot;&gt;\n\t\t\t\t\t&lt;\/a&gt;\n\t\t\t\t&lt;\/div&gt;\n\t\t\t&lt;\/div&gt;\n\t\t&lt;\/div&gt;\n\t\"><div class=\"team-image\" style=\"background-image:url(https:\/\/www.bnz.energy\/wp-content\/uploads\/2024\/11\/IMG_Jose-Luis-Sanz.png);\"><div class=\"team-info\"><h3 class=\"team-name\">Jos\u00e9 Luis Sanz<\/h3><p class=\"team-cargo\">Construction Manager<\/p><\/div><\/div><\/div><div class=\"team-item col span_4\" style=\"cursor:pointer;\" data-post-id=\"\" data-popup-open=\"3121\" data-content=\"\n\t\t&lt;div class=&quot;modal-content&quot;&gt;\n\t\t\t&lt;div class=&quot;modal-left&quot;&gt;\n\t\t\t\t&lt;div class=&quot;team-image-listado&quot;&gt;&lt;img src=&quot;https:\/\/www.bnz.energy\/wp-content\/uploads\/2025\/11\/foto_Magda-1-scaled.png&quot; alt=&quot;Imagen listado&quot;&gt;&lt;\/div&gt;\n\t\t\t&lt;\/div&gt;\n\t\t\t&lt;div class=&quot;modal-right&quot;&gt;\n\t\t\t\t&lt;h2 class=&quot;team-name-modal&quot;&gt;Magda Rodrigues&lt;\/h2&gt;\n\t\t\t\t&lt;p class=&quot;team-cargo-modal&quot;&gt;Head of Asset Management&lt;\/p&gt;\n\t\t\t\t&lt;div class=&quot;team-bio&quot;&gt;&lt;p&gt;Magda \u00e9s Head of Asset Management a BNZ, on lidera la gesti\u00f3 operativa i financera dels actius de la companyia. Supervisa el rendiment dels projectes, garantint la maximitzaci\u00f3 del seu valor i alineaci\u00f3 amb els objectius estrat\u00e8gics i financers, aix\u00ed com el compliment contractual i regulatori.&lt;\/p&gt;\n&lt;p&gt;Abans d&amp;#8217;unir-se a BNZ, va treballar a Aquila Capital, on va ser responsable de l&amp;#8217;\u00e0rea d&amp;#8217;Asset Management per al sud d&amp;#8217;Europa, despr\u00e9s d&amp;#8217;haver exercit diversos c\u00e0rrecs vinculats a la gesti\u00f3 estrat\u00e8gica i operativa de carteres renovables a la pen\u00ednsula ib\u00e8rica. Pr\u00e8viament, va desenvolupar la seva carrera en Voltalia i ENS Comunica\u00e7\u00f5es. Va iniciar la seva traject\u00f2ria professional a Deloitte.&lt;\/p&gt;\n&lt;p&gt;Magda \u00e9s llicenciada en Economia per la FEP (Universitat de Porto) i compta amb formaci\u00f3 complement\u00e0ria en Finances per la Cat\u00f2lica Porto Business School i en Finances Sostenibles per la Nova School of Business and Economics.&lt;\/p&gt;\n&lt;\/div&gt;\n\t\t\t\t&lt;div class=&quot;team-linkedin&quot;&gt;\n\t\t\t\t\t&lt;a href=&quot;https:\/\/www.linkedin.com\/in\/magda-martins\/&quot; target=&quot;_blank&quot; rel=&quot;noopener noreferrer&quot;&gt;\n\t\t\t\t\t\t&lt;img src=&quot;\/wp-content\/uploads\/2024\/12\/akar-icons_linkedin-box-fill.svg&quot; alt=&quot;LinkedIn&quot; class=&quot;linkedin-icon&quot;&gt;\n\t\t\t\t\t&lt;\/a&gt;\n\t\t\t\t&lt;\/div&gt;\n\t\t\t&lt;\/div&gt;\n\t\t&lt;\/div&gt;\n\t\"><div class=\"team-image\" style=\"background-image:url(https:\/\/www.bnz.energy\/wp-content\/uploads\/2025\/11\/foto_Magda-1-scaled.png);\"><div class=\"team-info\"><h3 class=\"team-name\">Magda Rodrigues<\/h3><p class=\"team-cargo\">Head of Asset Management<\/p><\/div><\/div><\/div><div class=\"team-item col span_4\" style=\"cursor:pointer;\" data-post-id=\"\" data-popup-open=\"3121\" data-content=\"\n\t\t&lt;div class=&quot;modal-content&quot;&gt;\n\t\t\t&lt;div class=&quot;modal-left&quot;&gt;\n\t\t\t\t&lt;div class=&quot;team-image-listado&quot;&gt;&lt;img src=&quot;https:\/\/www.bnz.energy\/wp-content\/uploads\/2024\/11\/IMG_Modesto-Diaz.png&quot; alt=&quot;Imagen listado&quot;&gt;&lt;\/div&gt;\n\t\t\t&lt;\/div&gt;\n\t\t\t&lt;div class=&quot;modal-right&quot;&gt;\n\t\t\t\t&lt;h2 class=&quot;team-name-modal&quot;&gt;Modesto D\u00edaz&lt;\/h2&gt;\n\t\t\t\t&lt;p class=&quot;team-cargo-modal&quot;&gt;Project Manager&lt;\/p&gt;\n\t\t\t\t&lt;div class=&quot;team-bio&quot;&gt;&lt;p&gt;En Modesto D\u00edaz \u00e9s &lt;em&gt;Project Manager&lt;\/em&gt; a BNZ. Compta amb gaireb\u00e9 deu anys d\u2019experi\u00e8ncia en el sector de les energies renovables i t\u00e9 una dilatada traject\u00f2ria en la supervisi\u00f3 de la construcci\u00f3, posada en marxa i certificaci\u00f3 de grans projectes fotovoltaics, principalment a Espanya, Portugal i el Regne Unit.&lt;\/p&gt;\n&lt;p&gt;Abans d\u2019unir-se a l\u2019equip de BNZ, en Modest ha desenvolupat la seva carrera professional a DNV com a Assessor T\u00e8cnic S\u00e8nior, desenvolupant Enginyeria Independent (IE) i Due Diligences T\u00e8cniques (TDD) en m\u00e9s de 300 projectes internacionals amb una pot\u00e8ncia acumulada de 15GWp. Anteriorment, en Cinquenes Energy, en Modesto era responsable d\u2019una cartera de 300MWp i s\u2019encarregava de la gesti\u00f3, seguiment i optimitzaci\u00f3 del rendiment dels actius.&lt;\/p&gt;\n&lt;p&gt;En Modesto s\u2019uneix a BNZ per a aportar la seva experi\u00e8ncia en energia solar i gestionar\u00e0 una cartera de 500MWp en construcci\u00f3 situada a Portugal.&lt;\/p&gt;\n&lt;p&gt;\u00c9s Enginyer Mec\u00e0nic per la Universitat de Sevilla i t\u00e9 un M\u00e0ster en Tecnologia de Sistemes d\u2019Energia Solar Fotovoltaica per la Universitat Internacional d\u2019Andalusia.&lt;\/p&gt;\n&lt;\/div&gt;\n\t\t\t\t&lt;div class=&quot;team-linkedin&quot;&gt;\n\t\t\t\t\t&lt;a href=&quot;https:\/\/www.linkedin.com\/in\/juanmodestodiaz\/&quot; target=&quot;_blank&quot; rel=&quot;noopener noreferrer&quot;&gt;\n\t\t\t\t\t\t&lt;img src=&quot;\/wp-content\/uploads\/2024\/12\/akar-icons_linkedin-box-fill.svg&quot; alt=&quot;LinkedIn&quot; class=&quot;linkedin-icon&quot;&gt;\n\t\t\t\t\t&lt;\/a&gt;\n\t\t\t\t&lt;\/div&gt;\n\t\t\t&lt;\/div&gt;\n\t\t&lt;\/div&gt;\n\t\"><div class=\"team-image\" style=\"background-image:url(https:\/\/www.bnz.energy\/wp-content\/uploads\/2024\/11\/IMG_Modesto-Diaz.png);\"><div class=\"team-info\"><h3 class=\"team-name\">Modesto D\u00edaz<\/h3><p class=\"team-cargo\">Project Manager<\/p><\/div><\/div><\/div><div class=\"team-item col span_4\" style=\"cursor:pointer;\" data-post-id=\"\" data-popup-open=\"3121\" data-content=\"\n\t\t&lt;div class=&quot;modal-content&quot;&gt;\n\t\t\t&lt;div class=&quot;modal-left&quot;&gt;\n\t\t\t\t&lt;div class=&quot;team-image-listado&quot;&gt;&lt;img src=&quot;https:\/\/www.bnz.energy\/wp-content\/uploads\/2024\/11\/IMG_Nieves-Munoz.png&quot; alt=&quot;Imagen listado&quot;&gt;&lt;\/div&gt;\n\t\t\t&lt;\/div&gt;\n\t\t\t&lt;div class=&quot;modal-right&quot;&gt;\n\t\t\t\t&lt;h2 class=&quot;team-name-modal&quot;&gt;Nieves Mu\u00f1oz&lt;\/h2&gt;\n\t\t\t\t&lt;p class=&quot;team-cargo-modal&quot;&gt;Business Analyst&lt;\/p&gt;\n\t\t\t\t&lt;div class=&quot;team-bio&quot;&gt;&lt;p&gt;La Nieves Mu\u00f1oz \u00e9s &lt;em&gt;Business Analyst&lt;\/em&gt; a BNZ. Amb una \u00e0mplia traject\u00f2ria professional en el sector de les energies renovables, Nieves \u00e9s experta en la gesti\u00f3 de l\u2019activitat del portfoli d\u2019empreses del sector de l\u2019energ\u00eda solar fotovoltaica i e\u00f2lica.&lt;\/p&gt;\n&lt;p&gt;Abans de formar part de l\u2019equip de BNZ, Nieves ha consolidat la seva experi\u00e8ncia gestionant actius en el sector de les energies renovables en companyies com a Vela Energy, Ra Solar Espanya i Grenergy. Durant la seva carrera professional ha estat responsable de la gesti\u00f3 de m\u00e9s de 500 MW entre els portfolis de les seves anteriors companyies. A m\u00e9s, ha desenvolupat funcions relacionades amb el desenvolupament de projectes solars i e\u00f2lics en Naturgy Renovables i de biomet\u00e0 en Enag\u00e1s GTS.&lt;\/p&gt;\n&lt;p&gt;Nieves est\u00e0 Llicenciada en Enginyeria Qu\u00edmica per la Universitat Aut\u00f2noma de Madrid i tamb\u00e9 \u00e9s m\u00e0ster en Energia Renovable per la Universitat Polit\u00e8cnica de Madrid.&lt;\/p&gt;\n&lt;\/div&gt;\n\t\t\t\t&lt;div class=&quot;team-linkedin&quot;&gt;\n\t\t\t\t\t&lt;a href=&quot;https:\/\/www.linkedin.com\/in\/nieves-mu%C3%B1oz\/&quot; target=&quot;_blank&quot; rel=&quot;noopener noreferrer&quot;&gt;\n\t\t\t\t\t\t&lt;img src=&quot;\/wp-content\/uploads\/2024\/12\/akar-icons_linkedin-box-fill.svg&quot; alt=&quot;LinkedIn&quot; class=&quot;linkedin-icon&quot;&gt;\n\t\t\t\t\t&lt;\/a&gt;\n\t\t\t\t&lt;\/div&gt;\n\t\t\t&lt;\/div&gt;\n\t\t&lt;\/div&gt;\n\t\"><div class=\"team-image\" style=\"background-image:url(https:\/\/www.bnz.energy\/wp-content\/uploads\/2024\/11\/IMG_Nieves-Munoz.png);\"><div class=\"team-info\"><h3 class=\"team-name\">Nieves Mu\u00f1oz<\/h3><p class=\"team-cargo\">Business Analyst<\/p><\/div><\/div><\/div><div class=\"team-item col span_4\" style=\"cursor:pointer;\" data-post-id=\"\" data-popup-open=\"3121\" data-content=\"\n\t\t&lt;div class=&quot;modal-content&quot;&gt;\n\t\t\t&lt;div class=&quot;modal-left&quot;&gt;\n\t\t\t\t&lt;div class=&quot;team-image-listado&quot;&gt;&lt;img src=&quot;https:\/\/www.bnz.energy\/wp-content\/uploads\/2025\/12\/PAEA-Foto-CV-1.png&quot; alt=&quot;Imagen listado&quot;&gt;&lt;\/div&gt;\n\t\t\t&lt;\/div&gt;\n\t\t\t&lt;div class=&quot;modal-right&quot;&gt;\n\t\t\t\t&lt;h2 class=&quot;team-name-modal&quot;&gt;Pedro Espinosa&lt;\/h2&gt;\n\t\t\t\t&lt;p class=&quot;team-cargo-modal&quot;&gt;Senior Asset Manager&lt;\/p&gt;\n\t\t\t\t&lt;div class=&quot;team-bio&quot;&gt;&lt;p&gt;&lt;span data-sheets-root=&quot;1&quot;&gt;Pedro \u00e9s Senior Asset Manager en BNZ, on gestiona el rendiment t\u00e8cnic, financer i contractual dels actius renovables de la companyia. La seva labor se centra en la supervisi\u00f3 d&amp;#8217;operacions, el control de riscos i la coordinaci\u00f3 d&amp;#8217;equips i contractistes per a maximitzar l&amp;#8217;efici\u00e8ncia i el valor de les plantes en operaci\u00f3.&lt;\/p&gt;\n&lt;p&gt;Abans d&amp;#8217;incorporar-se a BNZ, va treballar en Cinquenes Energy, on durant vuit anys va exercir diferents c\u00e0rrecs en la gesti\u00f3 d&amp;#8217;actius fotovoltaics del porfolio del Regne Unit, incloent-hi la coordinaci\u00f3 d&amp;#8217;equips t\u00e8cnics i comercials, la gesti\u00f3 de riscos en operaci\u00f3 i assegurant el compliment de requisits reguladors i contractuals. Amb anterioritat, va desenvolupar la seva carrera en Bureau Veritas i en Grup Ditecsa, adquirint experi\u00e8ncia en licitaci\u00f3, desenvolupo industrial i gesti\u00f3 de projectes en els sectors energ\u00e8tic i industrial, acumulant 13 anys d&amp;#8217;experi\u00e8ncia laboral.&lt;\/p&gt;\n&lt;p&gt;Pedro \u00e9s enginyer t\u00e8cnic industrial, especialitat en Electr\u00f2nica Industrial, per la Universitat de Sevilla, i compta amb formaci\u00f3 complement\u00e0ria en seguretat i salut, qualitat, gesti\u00f3 de riscos, finances i direcci\u00f3 de projectes.&lt;\/span&gt;&lt;\/p&gt;\n&lt;\/div&gt;\n\t\t\t\t&lt;div class=&quot;team-linkedin&quot;&gt;\n\t\t\t\t\t&lt;a href=&quot;https:\/\/www.linkedin.com\/in\/pedro-espinosa-70493a98\/?originalSubdomain=es&quot; target=&quot;_blank&quot; rel=&quot;noopener noreferrer&quot;&gt;\n\t\t\t\t\t\t&lt;img src=&quot;\/wp-content\/uploads\/2024\/12\/akar-icons_linkedin-box-fill.svg&quot; alt=&quot;LinkedIn&quot; class=&quot;linkedin-icon&quot;&gt;\n\t\t\t\t\t&lt;\/a&gt;\n\t\t\t\t&lt;\/div&gt;\n\t\t\t&lt;\/div&gt;\n\t\t&lt;\/div&gt;\n\t\"><div class=\"team-image\" style=\"background-image:url(https:\/\/www.bnz.energy\/wp-content\/uploads\/2025\/12\/PAEA-Foto-CV-1.png);\"><div class=\"team-info\"><h3 class=\"team-name\">Pedro Espinosa<\/h3><p class=\"team-cargo\">Senior Asset Manager<\/p><\/div><\/div><\/div><div class=\"team-item col span_4\" style=\"cursor:pointer;\" data-post-id=\"\" data-popup-open=\"3121\" data-content=\"\n\t\t&lt;div class=&quot;modal-content&quot;&gt;\n\t\t\t&lt;div class=&quot;modal-left&quot;&gt;\n\t\t\t\t&lt;div class=&quot;team-image-listado&quot;&gt;&lt;img src=&quot;https:\/\/www.bnz.energy\/wp-content\/uploads\/2024\/11\/IMG_Rafael-del-Rio.png&quot; alt=&quot;Imagen listado&quot;&gt;&lt;\/div&gt;\n\t\t\t&lt;\/div&gt;\n\t\t\t&lt;div class=&quot;modal-right&quot;&gt;\n\t\t\t\t&lt;h2 class=&quot;team-name-modal&quot;&gt;Rafael del R\u00edo&lt;\/h2&gt;\n\t\t\t\t&lt;p class=&quot;team-cargo-modal&quot;&gt;Project Manager&lt;\/p&gt;\n\t\t\t\t&lt;div class=&quot;team-bio&quot;&gt;&lt;p&gt;En Rafael \u00e9s &lt;em&gt;Project Manager&lt;\/em&gt; a BNZ. Compta amb una traject\u00f2ria de m\u00e9s de 5 anys d\u2019experi\u00e8ncia en el sector de les energies renovables definint estrat\u00e8gies per a millorar la gesti\u00f3 de contractes de EPC, monitorant costos i elaborant pressupostos, aix\u00ed com aportant valor des del proc\u00e9s d\u2019autoritzaci\u00f3 del projecte fins a la supervisi\u00f3 de l\u2019enginyeria.&lt;\/p&gt;\n&lt;p&gt;Abans de formar part de l\u2019equip BNZ, en Rafael ha treballat per a companyies del sector energ\u00e8tic com Plenium Partners, Solarig o Ayesa. A BNZ, actualment \u00e9s responsable de coordinar i controlar totes les activitats relatives a l\u2019execuci\u00f3 del projecte: gesti\u00f3 del EPC, control i suport financer, direcci\u00f3 de les activitats de coordinaci\u00f3 durant la fase de construcci\u00f3, gesti\u00f3 del cronograma i costos del projecte, aix\u00ed com l\u2019evoluci\u00f3 del projecte i compliment amb tots els est\u00e0ndards de qualitat.&lt;\/p&gt;\n&lt;p&gt;Rafael \u00e9s llicenciat en Enginyeria Energ\u00e8tica per la Universitat de Sevilla i t\u00e9 un m\u00e0ster en Gesti\u00f3 Mediambiental i Energ\u00e8tica per la Universitat Internacional de la Rioja (UNIR).&lt;\/p&gt;\n&lt;\/div&gt;\n\t\t\t\t&lt;div class=&quot;team-linkedin&quot;&gt;\n\t\t\t\t\t&lt;a href=&quot;https:\/\/www.linkedin.com\/in\/rafael-del-r%C3%ADo-ferrari-0503b8bb\/&quot; target=&quot;_blank&quot; rel=&quot;noopener noreferrer&quot;&gt;\n\t\t\t\t\t\t&lt;img src=&quot;\/wp-content\/uploads\/2024\/12\/akar-icons_linkedin-box-fill.svg&quot; alt=&quot;LinkedIn&quot; class=&quot;linkedin-icon&quot;&gt;\n\t\t\t\t\t&lt;\/a&gt;\n\t\t\t\t&lt;\/div&gt;\n\t\t\t&lt;\/div&gt;\n\t\t&lt;\/div&gt;\n\t\"><div class=\"team-image\" style=\"background-image:url(https:\/\/www.bnz.energy\/wp-content\/uploads\/2024\/11\/IMG_Rafael-del-Rio.png);\"><div class=\"team-info\"><h3 class=\"team-name\">Rafael del R\u00edo<\/h3><p class=\"team-cargo\">Project Manager<\/p><\/div><\/div><\/div><div class=\"team-item col span_4\" style=\"cursor:pointer;\" data-post-id=\"\" data-popup-open=\"3121\" data-content=\"\n\t\t&lt;div class=&quot;modal-content&quot;&gt;\n\t\t\t&lt;div class=&quot;modal-left&quot;&gt;\n\t\t\t\t&lt;div class=&quot;team-image-listado&quot;&gt;&lt;img src=&quot;https:\/\/www.bnz.energy\/wp-content\/uploads\/2024\/11\/IMG_Simone-Pagano.png&quot; alt=&quot;Imagen listado&quot;&gt;&lt;\/div&gt;\n\t\t\t&lt;\/div&gt;\n\t\t\t&lt;div class=&quot;modal-right&quot;&gt;\n\t\t\t\t&lt;h2 class=&quot;team-name-modal&quot;&gt;Simone Pagano&lt;\/h2&gt;\n\t\t\t\t&lt;p class=&quot;team-cargo-modal&quot;&gt;Asset Manager&lt;\/p&gt;\n\t\t\t\t&lt;div class=&quot;team-bio&quot;&gt;&lt;p&gt;Simone Pagano \u00e9s &lt;em&gt;Asset Manager&lt;\/em&gt; a BNZ. Compta amb una traject\u00f2ria de m\u00e9s de 7 anys d\u2019experi\u00e8ncia en el sector de les energies renovables, gestionant carteres de plantes fotovoltaiques i e\u00f2liques, supervisant les activitats d\u2019O&amp;amp;M, aix\u00ed com gestionant i mitigant riscos del portfoli.&lt;\/p&gt;\n&lt;p&gt;Abans d\u2019incorporar-se a l\u2019equip de BNZ, tamb\u00e9 ha estat gestor d\u2019actius en empreses del sector de les energies renovables com a Quintas Energy, aix\u00ed com en empreses d\u2019inversi\u00f3 i gesti\u00f3 d\u2019actius com Exus Management Partners. A BNZ, actualment supervisa la gesti\u00f3 de projectes en totes les seves facetes t\u00e8cniques, comercials i de compliment normatiu, garantint un seguiment meticul\u00f3s dels actius i aplicant estrat\u00e8gies de gesti\u00f3 i mitigaci\u00f3 de riscos.&lt;\/p&gt;\n&lt;p&gt;Simone va cursar una llicenciatura en Enginyeria Energ\u00e8tica en la Universitat Polit\u00e8cnica de Mil\u00e0 i compta amb un M\u00e0ster of Science en Enginyeria Energ\u00e8tica per la mateixa universitat.&lt;\/p&gt;\n&lt;\/div&gt;\n\t\t\t\t&lt;div class=&quot;team-linkedin&quot;&gt;\n\t\t\t\t\t&lt;a href=&quot;https:\/\/www.linkedin.com\/in\/simone-pagano-3a38b6167\/&quot; target=&quot;_blank&quot; rel=&quot;noopener noreferrer&quot;&gt;\n\t\t\t\t\t\t&lt;img src=&quot;\/wp-content\/uploads\/2024\/12\/akar-icons_linkedin-box-fill.svg&quot; alt=&quot;LinkedIn&quot; class=&quot;linkedin-icon&quot;&gt;\n\t\t\t\t\t&lt;\/a&gt;\n\t\t\t\t&lt;\/div&gt;\n\t\t\t&lt;\/div&gt;\n\t\t&lt;\/div&gt;\n\t\"><div class=\"team-image\" style=\"background-image:url(https:\/\/www.bnz.energy\/wp-content\/uploads\/2024\/11\/IMG_Simone-Pagano.png);\"><div class=\"team-info\"><h3 class=\"team-name\">Simone Pagano<\/h3><p class=\"team-cargo\">Asset Manager<\/p><\/div><\/div><\/div><\/div>\n<p>[\/et_pb_text][\/et_pb_column][\/et_pb_row][\/et_pb_section]<\/p>\n","protected":false},"excerpt":{"rendered":"<p>[et_pb_section fb_built=&#8221;1&#8243; _builder_version=&#8221;4.27.2&#8243; _module_preset=&#8221;default&#8221; custom_padding=&#8221;40px||20px||false|false&#8221; animation_style=&#8221;flip&#8221; locked=&#8221;off&#8221; global_colors_info=&#8221;{}&#8221;][et_pb_row _builder_version=&#8221;4.27.2&#8243; _module_preset=&#8221;default&#8221; custom_margin=&#8221;0px||0px||false|false&#8221; custom_padding=&#8221;0px||0px||false|false&#8221; global_colors_info=&#8221;{}&#8221;][et_pb_column type=&#8221;4_4&#8243; _builder_version=&#8221;4.27.2&#8243; _module_preset=&#8221;default&#8221; global_colors_info=&#8221;{}&#8221;][dsm_breadcrumbs show_home_icon=&#8221;off&#8221; _builder_version=&#8221;4.27.2&#8243; _module_preset=&#8221;default&#8221; items_text_color=&#8221;#81868b&#8221; current_text_color=&#8221;#F88303&#8243; global_colors_info=&#8221;{}&#8221;][\/dsm_breadcrumbs][\/et_pb_column][\/et_pb_row][\/et_pb_section][et_pb_section fb_built=&#8221;1&#8243; _builder_version=&#8221;4.27.2&#8243; _module_preset=&#8221;default&#8221; background_image=&#8221;https:\/\/www.bnz.energy\/wp-content\/uploads\/2025\/01\/about-us.png&#8221; custom_margin=&#8221;0px||0px||false|false&#8221; custom_padding=&#8221;0px||0px||false|false&#8221; locked=&#8221;off&#8221; global_colors_info=&#8221;{}&#8221;][et_pb_row module_class=&#8221;vend&#8221; _builder_version=&#8221;4.27.2&#8243; _module_preset=&#8221;default&#8221; min_height=&#8221;212px&#8221; custom_margin=&#8221;0px||0px||false|false&#8221; custom_padding=&#8221;40px||40px||false|false&#8221; global_colors_info=&#8221;{}&#8221;][et_pb_column type=&#8221;4_4&#8243; _builder_version=&#8221;4.27.2&#8243; _module_preset=&#8221;default&#8221; global_colors_info=&#8221;{}&#8221;][et_pb_heading title=&#8221;@ET-DC@eyJkeW5hbWljIjp0cnVlLCJjb250ZW50IjoicG9zdF90aXRsZSIsInNldHRpbmdzIjp7ImJlZm9yZSI6IiIsImFmdGVyIjoiIn19@&#8221; _builder_version=&#8221;4.27.2&#8243; _dynamic_attributes=&#8221;title&#8221; _module_preset=&#8221;default&#8221; title_font=&#8221;Poppins|500|||||||&#8221; title_text_color=&#8221;#FFFFFF&#8221; title_font_size=&#8221;40px&#8221; animation_direction=&#8221;left&#8221; global_colors_info=&#8221;{}&#8221;][\/et_pb_heading][\/et_pb_column][\/et_pb_row][\/et_pb_section][et_pb_section fb_built=&#8221;1&#8243; _builder_version=&#8221;4.27.2&#8243; _module_preset=&#8221;default&#8221; global_colors_info=&#8221;{}&#8221;][et_pb_row [&hellip;]<\/p>\n","protected":false},"author":1,"featured_media":0,"parent":6191,"menu_order":2,"comment_status":"closed","ping_status":"closed","template":"","meta":{"_acf_changed":false,"_et_pb_use_builder":"on","_et_pb_old_content":"","_et_gb_content_width":"","footnotes":""},"class_list":["post-6183","page","type-page","status-publish","hentry"],"acf":[],"yoast_head":"<!-- This site is optimized with the Yoast SEO plugin v26.6 - https:\/\/yoast.com\/wordpress\/plugins\/seo\/ -->\n<title>Equip - BNZ<\/title>\n<meta name=\"robots\" content=\"index, follow, max-snippet:-1, max-image-preview:large, max-video-preview:-1\" \/>\n<link rel=\"canonical\" href=\"https:\/\/www.bnz.energy\/ca\/qui-som\/equip\/\" \/>\n<meta property=\"og:locale\" content=\"ca_ES\" \/>\n<meta property=\"og:type\" content=\"article\" \/>\n<meta property=\"og:title\" content=\"Equip - BNZ\" \/>\n<meta property=\"og:description\" content=\"[et_pb_section fb_built=&#8221;1&#8243; _builder_version=&#8221;4.27.2&#8243; _module_preset=&#8221;default&#8221; custom_padding=&#8221;40px||20px||false|false&#8221; animation_style=&#8221;flip&#8221; locked=&#8221;off&#8221; global_colors_info=&#8221;{}&#8221;][et_pb_row _builder_version=&#8221;4.27.2&#8243; _module_preset=&#8221;default&#8221; custom_margin=&#8221;0px||0px||false|false&#8221; custom_padding=&#8221;0px||0px||false|false&#8221; global_colors_info=&#8221;{}&#8221;][et_pb_column type=&#8221;4_4&#8243; _builder_version=&#8221;4.27.2&#8243; _module_preset=&#8221;default&#8221; global_colors_info=&#8221;{}&#8221;][dsm_breadcrumbs show_home_icon=&#8221;off&#8221; _builder_version=&#8221;4.27.2&#8243; _module_preset=&#8221;default&#8221; items_text_color=&#8221;#81868b&#8221; current_text_color=&#8221;#F88303&#8243; global_colors_info=&#8221;{}&#8221;][\/dsm_breadcrumbs][\/et_pb_column][\/et_pb_row][\/et_pb_section][et_pb_section fb_built=&#8221;1&#8243; _builder_version=&#8221;4.27.2&#8243; _module_preset=&#8221;default&#8221; background_image=&#8221;https:\/\/www.bnz.energy\/wp-content\/uploads\/2025\/01\/about-us.png&#8221; custom_margin=&#8221;0px||0px||false|false&#8221; custom_padding=&#8221;0px||0px||false|false&#8221; locked=&#8221;off&#8221; global_colors_info=&#8221;{}&#8221;][et_pb_row module_class=&#8221;vend&#8221; _builder_version=&#8221;4.27.2&#8243; _module_preset=&#8221;default&#8221; min_height=&#8221;212px&#8221; custom_margin=&#8221;0px||0px||false|false&#8221; custom_padding=&#8221;40px||40px||false|false&#8221; global_colors_info=&#8221;{}&#8221;][et_pb_column type=&#8221;4_4&#8243; _builder_version=&#8221;4.27.2&#8243; _module_preset=&#8221;default&#8221; global_colors_info=&#8221;{}&#8221;][et_pb_heading title=&#8221;@ET-DC@eyJkeW5hbWljIjp0cnVlLCJjb250ZW50IjoicG9zdF90aXRsZSIsInNldHRpbmdzIjp7ImJlZm9yZSI6IiIsImFmdGVyIjoiIn19@&#8221; _builder_version=&#8221;4.27.2&#8243; _dynamic_attributes=&#8221;title&#8221; _module_preset=&#8221;default&#8221; title_font=&#8221;Poppins|500|||||||&#8221; title_text_color=&#8221;#FFFFFF&#8221; title_font_size=&#8221;40px&#8221; animation_direction=&#8221;left&#8221; global_colors_info=&#8221;{}&#8221;][\/et_pb_heading][\/et_pb_column][\/et_pb_row][\/et_pb_section][et_pb_section fb_built=&#8221;1&#8243; _builder_version=&#8221;4.27.2&#8243; _module_preset=&#8221;default&#8221; global_colors_info=&#8221;{}&#8221;][et_pb_row [&hellip;]\" \/>\n<meta property=\"og:url\" content=\"https:\/\/www.bnz.energy\/ca\/qui-som\/equip\/\" \/>\n<meta property=\"og:site_name\" content=\"BNZ\" \/>\n<meta property=\"article:modified_time\" content=\"2025-11-21T10:51:28+00:00\" \/>\n<meta property=\"og:image\" content=\"https:\/\/www.bnz.energy\/wp-content\/uploads\/2024\/10\/PRESS-ROOM_2024_5_OCT_BNZ-BNZ-signs-its-first-PPA-with-Ardagh-Metal-Packaging-Europe-in-Portugal-2.png\" \/>\n\t<meta property=\"og:image:width\" content=\"1024\" \/>\n\t<meta property=\"og:image:height\" content=\"534\" \/>\n\t<meta property=\"og:image:type\" content=\"image\/png\" \/>\n<meta name=\"twitter:card\" content=\"summary_large_image\" \/>\n<meta name=\"twitter:label1\" content=\"Temps estimat de lectura\" \/>\n\t<meta name=\"twitter:data1\" content=\"1 minut\" \/>\n<script type=\"application\/ld+json\" class=\"yoast-schema-graph\">{\"@context\":\"https:\/\/schema.org\",\"@graph\":[{\"@type\":\"WebPage\",\"@id\":\"https:\/\/www.bnz.energy\/ca\/qui-som\/equip\/\",\"url\":\"https:\/\/www.bnz.energy\/ca\/qui-som\/equip\/\",\"name\":\"Equip - BNZ\",\"isPartOf\":{\"@id\":\"https:\/\/www.bnz.energy\/#website\"},\"datePublished\":\"2024-11-27T17:03:20+00:00\",\"dateModified\":\"2025-11-21T10:51:28+00:00\",\"breadcrumb\":{\"@id\":\"https:\/\/www.bnz.energy\/ca\/qui-som\/equip\/#breadcrumb\"},\"inLanguage\":\"ca\",\"potentialAction\":[{\"@type\":\"ReadAction\",\"target\":[\"https:\/\/www.bnz.energy\/ca\/qui-som\/equip\/\"]}]},{\"@type\":\"BreadcrumbList\",\"@id\":\"https:\/\/www.bnz.energy\/ca\/qui-som\/equip\/#breadcrumb\",\"itemListElement\":[{\"@type\":\"ListItem\",\"position\":1,\"name\":\"Home\",\"item\":\"https:\/\/www.bnz.energy\/ca\/\"},{\"@type\":\"ListItem\",\"position\":2,\"name\":\"Qui som\",\"item\":\"https:\/\/www.bnz.energy\/ca\/qui-som\/\"},{\"@type\":\"ListItem\",\"position\":3,\"name\":\"Equip\"}]},{\"@type\":\"WebSite\",\"@id\":\"https:\/\/www.bnz.energy\/#website\",\"url\":\"https:\/\/www.bnz.energy\/\",\"name\":\"BNZ\",\"description\":\"\",\"publisher\":{\"@id\":\"https:\/\/www.bnz.energy\/#organization\"},\"potentialAction\":[{\"@type\":\"SearchAction\",\"target\":{\"@type\":\"EntryPoint\",\"urlTemplate\":\"https:\/\/www.bnz.energy\/?s={search_term_string}\"},\"query-input\":{\"@type\":\"PropertyValueSpecification\",\"valueRequired\":true,\"valueName\":\"search_term_string\"}}],\"inLanguage\":\"ca\"},{\"@type\":\"Organization\",\"@id\":\"https:\/\/www.bnz.energy\/#organization\",\"name\":\"BNZ\",\"url\":\"https:\/\/www.bnz.energy\/\",\"logo\":{\"@type\":\"ImageObject\",\"inLanguage\":\"ca\",\"@id\":\"https:\/\/www.bnz.energy\/#\/schema\/logo\/image\/\",\"url\":\"https:\/\/www.bnz.energy\/wp-content\/uploads\/2024\/12\/Capa_1.svg\",\"contentUrl\":\"https:\/\/www.bnz.energy\/wp-content\/uploads\/2024\/12\/Capa_1.svg\",\"width\":1,\"height\":1,\"caption\":\"BNZ\"},\"image\":{\"@id\":\"https:\/\/www.bnz.energy\/#\/schema\/logo\/image\/\"},\"sameAs\":[\"https:\/\/www.linkedin.com\/company\/bnetzero\/\"]}]}<\/script>\n<!-- \/ Yoast SEO plugin. -->","yoast_head_json":{"title":"Equip - BNZ","robots":{"index":"index","follow":"follow","max-snippet":"max-snippet:-1","max-image-preview":"max-image-preview:large","max-video-preview":"max-video-preview:-1"},"canonical":"https:\/\/www.bnz.energy\/ca\/qui-som\/equip\/","og_locale":"ca_ES","og_type":"article","og_title":"Equip - BNZ","og_description":"[et_pb_section fb_built=&#8221;1&#8243; _builder_version=&#8221;4.27.2&#8243; _module_preset=&#8221;default&#8221; custom_padding=&#8221;40px||20px||false|false&#8221; animation_style=&#8221;flip&#8221; locked=&#8221;off&#8221; global_colors_info=&#8221;{}&#8221;][et_pb_row _builder_version=&#8221;4.27.2&#8243; _module_preset=&#8221;default&#8221; custom_margin=&#8221;0px||0px||false|false&#8221; custom_padding=&#8221;0px||0px||false|false&#8221; global_colors_info=&#8221;{}&#8221;][et_pb_column type=&#8221;4_4&#8243; _builder_version=&#8221;4.27.2&#8243; _module_preset=&#8221;default&#8221; global_colors_info=&#8221;{}&#8221;][dsm_breadcrumbs show_home_icon=&#8221;off&#8221; _builder_version=&#8221;4.27.2&#8243; _module_preset=&#8221;default&#8221; items_text_color=&#8221;#81868b&#8221; current_text_color=&#8221;#F88303&#8243; global_colors_info=&#8221;{}&#8221;][\/dsm_breadcrumbs][\/et_pb_column][\/et_pb_row][\/et_pb_section][et_pb_section fb_built=&#8221;1&#8243; _builder_version=&#8221;4.27.2&#8243; _module_preset=&#8221;default&#8221; background_image=&#8221;https:\/\/www.bnz.energy\/wp-content\/uploads\/2025\/01\/about-us.png&#8221; custom_margin=&#8221;0px||0px||false|false&#8221; custom_padding=&#8221;0px||0px||false|false&#8221; locked=&#8221;off&#8221; global_colors_info=&#8221;{}&#8221;][et_pb_row module_class=&#8221;vend&#8221; _builder_version=&#8221;4.27.2&#8243; _module_preset=&#8221;default&#8221; min_height=&#8221;212px&#8221; custom_margin=&#8221;0px||0px||false|false&#8221; custom_padding=&#8221;40px||40px||false|false&#8221; global_colors_info=&#8221;{}&#8221;][et_pb_column type=&#8221;4_4&#8243; _builder_version=&#8221;4.27.2&#8243; _module_preset=&#8221;default&#8221; global_colors_info=&#8221;{}&#8221;][et_pb_heading title=&#8221;@ET-DC@eyJkeW5hbWljIjp0cnVlLCJjb250ZW50IjoicG9zdF90aXRsZSIsInNldHRpbmdzIjp7ImJlZm9yZSI6IiIsImFmdGVyIjoiIn19@&#8221; _builder_version=&#8221;4.27.2&#8243; _dynamic_attributes=&#8221;title&#8221; _module_preset=&#8221;default&#8221; title_font=&#8221;Poppins|500|||||||&#8221; title_text_color=&#8221;#FFFFFF&#8221; title_font_size=&#8221;40px&#8221; animation_direction=&#8221;left&#8221; global_colors_info=&#8221;{}&#8221;][\/et_pb_heading][\/et_pb_column][\/et_pb_row][\/et_pb_section][et_pb_section fb_built=&#8221;1&#8243; _builder_version=&#8221;4.27.2&#8243; _module_preset=&#8221;default&#8221; global_colors_info=&#8221;{}&#8221;][et_pb_row [&hellip;]","og_url":"https:\/\/www.bnz.energy\/ca\/qui-som\/equip\/","og_site_name":"BNZ","article_modified_time":"2025-11-21T10:51:28+00:00","og_image":[{"width":1024,"height":534,"url":"https:\/\/www.bnz.energy\/wp-content\/uploads\/2024\/10\/PRESS-ROOM_2024_5_OCT_BNZ-BNZ-signs-its-first-PPA-with-Ardagh-Metal-Packaging-Europe-in-Portugal-2.png","type":"image\/png"}],"twitter_card":"summary_large_image","twitter_misc":{"Temps estimat de lectura":"1 minut"},"schema":{"@context":"https:\/\/schema.org","@graph":[{"@type":"WebPage","@id":"https:\/\/www.bnz.energy\/ca\/qui-som\/equip\/","url":"https:\/\/www.bnz.energy\/ca\/qui-som\/equip\/","name":"Equip - BNZ","isPartOf":{"@id":"https:\/\/www.bnz.energy\/#website"},"datePublished":"2024-11-27T17:03:20+00:00","dateModified":"2025-11-21T10:51:28+00:00","breadcrumb":{"@id":"https:\/\/www.bnz.energy\/ca\/qui-som\/equip\/#breadcrumb"},"inLanguage":"ca","potentialAction":[{"@type":"ReadAction","target":["https:\/\/www.bnz.energy\/ca\/qui-som\/equip\/"]}]},{"@type":"BreadcrumbList","@id":"https:\/\/www.bnz.energy\/ca\/qui-som\/equip\/#breadcrumb","itemListElement":[{"@type":"ListItem","position":1,"name":"Home","item":"https:\/\/www.bnz.energy\/ca\/"},{"@type":"ListItem","position":2,"name":"Qui som","item":"https:\/\/www.bnz.energy\/ca\/qui-som\/"},{"@type":"ListItem","position":3,"name":"Equip"}]},{"@type":"WebSite","@id":"https:\/\/www.bnz.energy\/#website","url":"https:\/\/www.bnz.energy\/","name":"BNZ","description":"","publisher":{"@id":"https:\/\/www.bnz.energy\/#organization"},"potentialAction":[{"@type":"SearchAction","target":{"@type":"EntryPoint","urlTemplate":"https:\/\/www.bnz.energy\/?s={search_term_string}"},"query-input":{"@type":"PropertyValueSpecification","valueRequired":true,"valueName":"search_term_string"}}],"inLanguage":"ca"},{"@type":"Organization","@id":"https:\/\/www.bnz.energy\/#organization","name":"BNZ","url":"https:\/\/www.bnz.energy\/","logo":{"@type":"ImageObject","inLanguage":"ca","@id":"https:\/\/www.bnz.energy\/#\/schema\/logo\/image\/","url":"https:\/\/www.bnz.energy\/wp-content\/uploads\/2024\/12\/Capa_1.svg","contentUrl":"https:\/\/www.bnz.energy\/wp-content\/uploads\/2024\/12\/Capa_1.svg","width":1,"height":1,"caption":"BNZ"},"image":{"@id":"https:\/\/www.bnz.energy\/#\/schema\/logo\/image\/"},"sameAs":["https:\/\/www.linkedin.com\/company\/bnetzero\/"]}]}},"_links":{"self":[{"href":"https:\/\/www.bnz.energy\/ca\/wp-json\/wp\/v2\/pages\/6183","targetHints":{"allow":["GET"]}}],"collection":[{"href":"https:\/\/www.bnz.energy\/ca\/wp-json\/wp\/v2\/pages"}],"about":[{"href":"https:\/\/www.bnz.energy\/ca\/wp-json\/wp\/v2\/types\/page"}],"author":[{"embeddable":true,"href":"https:\/\/www.bnz.energy\/ca\/wp-json\/wp\/v2\/users\/1"}],"replies":[{"embeddable":true,"href":"https:\/\/www.bnz.energy\/ca\/wp-json\/wp\/v2\/comments?post=6183"}],"version-history":[{"count":6,"href":"https:\/\/www.bnz.energy\/ca\/wp-json\/wp\/v2\/pages\/6183\/revisions"}],"predecessor-version":[{"id":11482,"href":"https:\/\/www.bnz.energy\/ca\/wp-json\/wp\/v2\/pages\/6183\/revisions\/11482"}],"up":[{"embeddable":true,"href":"https:\/\/www.bnz.energy\/ca\/wp-json\/wp\/v2\/pages\/6191"}],"wp:attachment":[{"href":"https:\/\/www.bnz.energy\/ca\/wp-json\/wp\/v2\/media?parent=6183"}],"curies":[{"name":"wp","href":"https:\/\/api.w.org\/{rel}","templated":true}]}}